{"id":1812,"date":"2021-04-13T09:41:44","date_gmt":"2021-04-13T09:41:44","guid":{"rendered":"https:\/\/neu.hike.ch\/?page_id=1812"},"modified":"2022-01-21T08:09:30","modified_gmt":"2022-01-21T08:09:30","slug":"hike","status":"publish","type":"page","link":"https:\/\/www.hike.ch\/en\/","title":{"rendered":"hike.ch"},"content":{"rendered":"<div id='full_slider_1' class='avia-fullwidth-slider main_color avia-shadow avia-builder-el-0 el_before_av_layout_row avia-builder-el-first container_wrap fullsize' >\n<style type=\"text\/css\" data-created_by=\"avia_inline_auto\" id=\"style-css-av-14wj86c-b69b8a4e060e11c21cb47a25165475bc\">\n#top #wrap_all .avia-slideshow .av-slideshow-caption.av-14wj86c-b69b8a4e060e11c21cb47a25165475bc__0 .avia-caption-title{\nfont-size:30px;\n}\n#top .avia-slideshow .av-slideshow-caption.av-14wj86c-b69b8a4e060e11c21cb47a25165475bc__0 .avia-caption-content{\nfont-size:15px;\n}\n#top .avia-slideshow .av-slideshow-caption.av-14wj86c-b69b8a4e060e11c21cb47a25165475bc__0 .avia-caption-content p{\nfont-size:15px;\n}\n<\/style>\n<div class='avia-slideshow av-14wj86c-b69b8a4e060e11c21cb47a25165475bc avia-slideshow-no scaling av_slideshow_full avia-fade-slider av-slideshow-ui av-control-minimal av-slideshow-manual av-loop-once av-loop-manual-endless av-default-height-applied avia-slideshow-1' data-slideshow-options=\"{\"animation\":\"fade\",\"autoplay\":false,\"loop_autoplay\":\"once\",\"interval\":5,\"loop_manual\":\"manual-endless\",\"autoplay_stopper\":false,\"noNavigation\":false,\"bg_slider\":false,\"keep_padding\":false,\"hoverpause\":false,\"show_slide_delay\":0}\" ><ul class='avia-slideshow-inner ' style='padding-bottom: 26.258205689278%;'><li class='avia-slideshow-slide av-14wj86c-b69b8a4e060e11c21cb47a25165475bc__0 av-single-slide slide-1 slide-odd'><div data-rel='slideshow-1' class='avia-slide-wrap ' ><div class='av-slideshow-caption av-14wj86c-b69b8a4e060e11c21cb47a25165475bc__0 caption_fullwidth caption_center'><div class=\"container caption_container\"><div class=\"slideshow_caption\"><div class=\"slideshow_inner_caption\"><div class=\"slideshow_align_caption\"><h2 class='avia-caption-title ' >Experience nature with Markus Gl\u00e4ttli - hike.ch<\/h2><div class='avia-caption-content ' ><p>Experience the silence, tranquillity and power of nature<\/p>\n<\/div><a href='https:\/\/www.hike.ch\/en\/tour-program\/' class='avia-slideshow-button avia-button avia-color-light avia-multi-slideshow-button' data-duration='800' data-easing='easeInOutQuad'>All tours<\/a><a href='https:\/\/www.hike.ch\/en\/sign-up-for-newsletter\/' class='avia-slideshow-button avia-button avia-color-light avia-multi-slideshow-button avia-slideshow-button-2' data-duration='800' data-easing='easeInOutQuad'>Sign up for the newsletter<\/a><\/div><\/div><\/div><\/div><\/div><img decoding=\"async\" fetchpriority=\"high\" class=\"wp-image-1642 avia-img-lazy-loading-not-1642\" src=\"https:\/\/www.hike.ch\/wp-content\/uploads\/2021\/03\/hike-gefuehrte-Wanderungen-Schneeschuhtouren-E-Biketouren-Markus-Glaettli-Aletsch-Slider.jpg\" width=\"2285\" height=\"600\" title='hike-gefuehrte-Wanderungen-Schneeschuhtouren-E-Biketouren-Markus-Glaettli-Aletsch-Slider' alt='' srcset=\"https:\/\/www.hike.ch\/wp-content\/uploads\/2021\/03\/hike-gefuehrte-Wanderungen-Schneeschuhtouren-E-Biketouren-Markus-Glaettli-Aletsch-Slider.jpg 2285w, https:\/\/www.hike.ch\/wp-content\/uploads\/2021\/03\/hike-gefuehrte-Wanderungen-Schneeschuhtouren-E-Biketouren-Markus-Glaettli-Aletsch-Slider-300x79.jpg 300w, https:\/\/www.hike.ch\/wp-content\/uploads\/2021\/03\/hike-gefuehrte-Wanderungen-Schneeschuhtouren-E-Biketouren-Markus-Glaettli-Aletsch-Slider-1030x270.jpg 1030w, https:\/\/www.hike.ch\/wp-content\/uploads\/2021\/03\/hike-gefuehrte-Wanderungen-Schneeschuhtouren-E-Biketouren-Markus-Glaettli-Aletsch-Slider-768x202.jpg 768w, https:\/\/www.hike.ch\/wp-content\/uploads\/2021\/03\/hike-gefuehrte-Wanderungen-Schneeschuhtouren-E-Biketouren-Markus-Glaettli-Aletsch-Slider-1536x403.jpg 1536w, https:\/\/www.hike.ch\/wp-content\/uploads\/2021\/03\/hike-gefuehrte-Wanderungen-Schneeschuhtouren-E-Biketouren-Markus-Glaettli-Aletsch-Slider-2048x538.jpg 2048w, https:\/\/www.hike.ch\/wp-content\/uploads\/2021\/03\/hike-gefuehrte-Wanderungen-Schneeschuhtouren-E-Biketouren-Markus-Glaettli-Aletsch-Slider-1500x394.jpg 1500w, https:\/\/www.hike.ch\/wp-content\/uploads\/2021\/03\/hike-gefuehrte-Wanderungen-Schneeschuhtouren-E-Biketouren-Markus-Glaettli-Aletsch-Slider-705x185.jpg 705w\" sizes=\"(max-width: 2285px) 100vw, 2285px\" \/><\/div><\/li><\/ul><\/div><\/div>\n<div id='av-layout-grid-1' class='av-layout-grid-container av-9z3mm-36f02cfedf24377dd54df080e261c06b entry-content-wrapper main_color av-fixed-cells avia-builder-el-1 el_after_av_slideshow_full el_before_av_section grid-row-not-first container_wrap fullsize' >\n\n<style type=\"text\/css\" data-created_by=\"avia_inline_auto\" id=\"style-css-av-kkgoflzw-9bc56522094ff54a2789abd982c77ca9\">\n.flex_cell.av-kkgoflzw-9bc56522094ff54a2789abd982c77ca9{\nvertical-align:top;\nheight:7px;\nmin-height:7px;\nbackground-color:#673b15;\n}\n.responsive #top #wrap_all .flex_cell.av-kkgoflzw-9bc56522094ff54a2789abd982c77ca9{\npadding:0px 0px 0px 0px !important;\n}\n<\/style>\n<div class='flex_cell av-kkgoflzw-9bc56522094ff54a2789abd982c77ca9 av-gridrow-cell av_one_third no_margin avia-builder-el-2 el_before_av_cell_one_third avia-builder-el-first content-align-top av-zero-padding' ><div class='flex_cell_inner'><\/div><\/div>\n<style type=\"text\/css\" data-created_by=\"avia_inline_auto\" id=\"style-css-av-kkgoje5w-bedecad2a10bf7bd588506142702c8e6\">\n.flex_cell.av-kkgoje5w-bedecad2a10bf7bd588506142702c8e6{\nvertical-align:top;\nheight:7px;\nmin-height:7px;\nbackground-color:#8d796a;\n}\n.responsive #top #wrap_all .flex_cell.av-kkgoje5w-bedecad2a10bf7bd588506142702c8e6{\npadding:0px 0px 0px 0px !important;\n}\n<\/style>\n<div class='flex_cell av-kkgoje5w-bedecad2a10bf7bd588506142702c8e6 av-gridrow-cell av_one_third no_margin avia-builder-el-3 el_after_av_cell_one_third el_before_av_cell_one_third content-align-top av-zero-padding' ><div class='flex_cell_inner'><\/div><\/div>\n<style type=\"text\/css\" data-created_by=\"avia_inline_auto\" id=\"style-css-av-kkgog0rv-7f41c7cc959e372af19a449d0fe1d3b8\">\n.flex_cell.av-kkgog0rv-7f41c7cc959e372af19a449d0fe1d3b8{\nvertical-align:top;\nheight:7px;\nmin-height:7px;\nbackground-color:#c5b395;\n}\n.responsive #top #wrap_all .flex_cell.av-kkgog0rv-7f41c7cc959e372af19a449d0fe1d3b8{\npadding:0px 0px 0px 0px !important;\n}\n<\/style>\n<div class='flex_cell av-kkgog0rv-7f41c7cc959e372af19a449d0fe1d3b8 av-gridrow-cell av_one_third no_margin avia-builder-el-4 el_after_av_cell_one_third avia-builder-el-last content-align-top av-zero-padding' ><div class='flex_cell_inner'><\/div><\/div>\n<\/div>\n<div id='av_section_1' class='avia-section av-6rn79y-822c8c9be4c45276c764ec2c7656ea8e main_color avia-section-default avia-no-border-styling avia-builder-el-5 el_after_av_layout_row el_before_av_section avia-bg-style-scroll container_wrap fullsize' ><div class='container av-section-cont-open' ><div class='template-page content av-content-full alpha units'><div class='post-entry post-entry-type-page post-entry-1812'><div class='entry-content-wrapper clearfix'>\n\n<style type=\"text\/css\" data-created_by=\"avia_inline_auto\" id=\"style-css-av-kkgq0pwy-f74a6674b99d370ade5ea3a33b8e912c\">\n#top .av-special-heading.av-kkgq0pwy-f74a6674b99d370ade5ea3a33b8e912c{\npadding-bottom:20px;\n}\nbody .av-special-heading.av-kkgq0pwy-f74a6674b99d370ade5ea3a33b8e912c .av-special-heading-tag .heading-char{\nfont-size:25px;\n}\n.av-special-heading.av-kkgq0pwy-f74a6674b99d370ade5ea3a33b8e912c .av-subheading{\nfont-size:15px;\n}\n<\/style>\n<div id='5cd9cdb69c0805fd87051b018115229f' class='av-special-heading av-kkgq0pwy-f74a6674b99d370ade5ea3a33b8e912c av-special-heading-h1 blockquote classic-quote avia-builder-el-6 el_before_av_hr avia-builder-el-first '><h1 class='av-special-heading-tag ' >Guided hikes, snowshoe and e-bike tours.<\/h1><div class=\"special-heading-border\"><div class=\"special-heading-inner-border\"><\/div><\/div><\/div>\n\n<style type=\"text\/css\" data-created_by=\"avia_inline_auto\" id=\"style-css-av-5xp6mu-bd28fb7452cb9db4023f0f47d335045f\">\n#top .hr.av-5xp6mu-bd28fb7452cb9db4023f0f47d335045f{\nmargin-top:25px;\nmargin-bottom:30px;\n}\n.hr.av-5xp6mu-bd28fb7452cb9db4023f0f47d335045f .hr-inner{\nwidth:150px;\nborder-color:#673b15;\nmax-width:45%;\n}\n.hr.av-5xp6mu-bd28fb7452cb9db4023f0f47d335045f .av-seperator-icon{\ncolor:#673b15;\n}\n.hr.av-5xp6mu-bd28fb7452cb9db4023f0f47d335045f .av-seperator-icon.avia-svg-icon svg:first-child{\nfill:#673b15;\nstroke:#673b15;\n}\n<\/style>\n<div class='hr av-5xp6mu-bd28fb7452cb9db4023f0f47d335045f hr-custom avia-builder-el-7 el_after_av_heading el_before_av_one_full hr-center hr-icon-yes'><span class='hr-inner inner-border-av-border-fat'><span class=\"hr-inner-style\"><\/span><\/span><span class='av-seperator-icon avia-iconfont avia-font-flaticon' data-av_icon='\uf108' data-av_iconfont='flaticon' ><\/span><span class='hr-inner inner-border-av-border-fat'><span class=\"hr-inner-style\"><\/span><\/span><\/div>\n\n<style type=\"text\/css\" data-created_by=\"avia_inline_auto\" id=\"style-css-av-m4r12-f5469df3bd91df91c6c9354c1f51e542\">\n.flex_column.av-m4r12-f5469df3bd91df91c6c9354c1f51e542{\nborder-radius:0px 0px 0px 0px;\npadding:0px 0px 0px 0px;\n}\n<\/style>\n<div class='flex_column av-m4r12-f5469df3bd91df91c6c9354c1f51e542 av_one_full avia-builder-el-8 el_after_av_hr avia-builder-el-last first flex_column_div av-animated-generic bottom-to-top av-zero-column-padding ' ><section class='av_textblock_section av-61mr32-63d7b095fb6203d02817b22f4b3c7ba1 ' ><div class='avia_textblock' ><p>I will take you to unique landscapes in Switzerland, France (Tour du Mont Blanc), Finland (Finnish Lapland), Italy (Cinque Terre), Croatia (Dalmatia), Portugal, Russia (Russian Karelia) and Spain (Mallorca). You will learn stories, legends and exciting information and sometimes you will enjoy local products of the region.<\/p>\n<p>Everything is organized for you, for individual clients, small groups and companies. Have and take time for the beauty and uniqueness of nature. Experience nature.<\/p>\n<p>Only hiking, snowshoeing or e-biking you have to do yourself.<\/p>\n<p>Pour des tours guid\u00e9s en <b>fran\u00e7ais<\/b>, veuillez me <a class=\"internal-link\" title=\"Opens internal link in current window\" href=\"https:\/\/www.hike.ch\/de\/kontakt.html\">contacter<\/a><\/p>\n<p>F\u00fcr gef\u00fchrte Touren in <strong><a href=\"http:\/\/www.hike.ch\">Deutsch<\/a><\/strong>.<\/p>\n<\/div><\/section><\/div>\n\n<\/div><\/div><\/div><!-- close content main div --><\/div><\/div><div id='av_section_2' class='avia-section av-11hc7ok-0580174cd07ee6fdb0804e70ff5d4602 main_color avia-section-default avia-no-border-styling avia-builder-el-10 el_after_av_section el_before_av_button_big avia-bg-style-scroll container_wrap fullsize' ><div class='container av-section-cont-open' ><div class='template-page content av-content-full alpha units'><div class='post-entry post-entry-type-page post-entry-1812'><div class='entry-content-wrapper clearfix'>\n\n<style type=\"text\/css\" data-created_by=\"avia_inline_auto\" id=\"style-css-av-109azs4-294bc04b47269f8c07b7ce7ef0ba6244\">\n#top .av-special-heading.av-109azs4-294bc04b47269f8c07b7ce7ef0ba6244{\npadding-bottom:10px;\n}\nbody .av-special-heading.av-109azs4-294bc04b47269f8c07b7ce7ef0ba6244 .av-special-heading-tag .heading-char{\nfont-size:25px;\n}\n.av-special-heading.av-109azs4-294bc04b47269f8c07b7ce7ef0ba6244 .av-subheading{\nfont-size:15px;\n}\n<\/style>\n<div id='241850e623e9116d5c5e1e9be4fd0217' class='av-special-heading av-109azs4-294bc04b47269f8c07b7ce7ef0ba6244 av-special-heading-h2 blockquote classic-quote avia-builder-el-11 el_before_av_blog2 avia-builder-el-first '><h2 class='av-special-heading-tag ' >Current tours<\/h2><div class=\"special-heading-border\"><div class=\"special-heading-inner-border\"><\/div><\/div><\/div>\n<div class='av-alb-blogposts template-blog av-blog-meta-html-info-disabled ' ><div class=\"custom-raster flex_column av_one_third flex_column_div av-zero-column-padding el_before_av_one_third first avia-builder-el-first\"><article style='cursor:pointer;' onclick=\"window.location='https:\/\/www.hike.ch\/en\/touren\/gefuehrte-schneeschuh-kurzwoche-im-stillen-val-muestair-und-s-charl-beim-nationalpark\/'\" class='post-entry post-entry-type-standard post-entry-2850 post-loop-1 post-parity-odd 111 post with-slider post-2850 touren type-touren status-publish has-post-thumbnail hentry category-schneeschuhtour category-winter' >\n \n <div style='position: relative;'>\n <img decoding=\"async\" width=\"640\" height=\"480\" loading=\"lazy\" style=\"width:100%\" src=\"https:\/\/www.hike.ch\/wp-content\/uploads\/2021\/01\/schneeschuhtour-val-muestair-3.jpg\" class=\"wp-image-2142 avia-img-lazy-loading-2142 attachment-post-thumbnail size-post-thumbnail wp-post-image\" alt=\"Schneeschuhtour Val M\u00fcstair\" srcset=\"https:\/\/www.hike.ch\/wp-content\/uploads\/2021\/01\/schneeschuhtour-val-muestair-3.jpg 640w, https:\/\/www.hike.ch\/wp-content\/uploads\/2021\/01\/schneeschuhtour-val-muestair-3-300x225.jpg 300w\" sizes=\"auto, (max-width: 640px) 100vw, 640px\" \/><small class='avia-copyright'>Markus Gl\u00e4ttli, www.hike.ch, info@hike.ch<\/small>\n <div style='position: absolute;bottom: 8px;left: 0;color: #000000;font-size: 12px;font-size: 0.75rem;line-height: 1.5;border-radius: 0 0.1875rem 0 0;overflow: hidden;display: -moz-flex;display: flex;flex-wrap: wrap;'>\n <div style=\"background-color:white;-moz-flex: 0 0 auto;flex: 0 0 auto;padding: 0.25rem 0.65rem;z-index: 1;\" class=\"grlist-item cat-28\">Schneeschuhtour<\/div><div style=\"background-color:white;border-left:1px solid grey;-moz-flex: 0 0 auto;flex: 0 0 auto;padding: 0.25rem 0.65rem;z-index: 1;\" class=\"grlist-item cat-25\">Winter<\/div>\n <\/div>\n <\/div>\n <div class='grtext' style='padding:0 20px;overflow:hidden;margin-top: 16px;'>\n <div class='publishdate' style='margin-bottom:10px;'>13. December 2022<\/div>\n \n<style type=\"text\/css\" data-created_by=\"avia_inline_auto\" id=\"style-css-av-av_heading-18eb84a5bcfb6578b60d21cca8f23786\">\n#top .av-special-heading.av-av_heading-18eb84a5bcfb6578b60d21cca8f23786{\nmargin:0 0 0 0;\npadding-bottom:10px;\n}\nbody .av-special-heading.av-av_heading-18eb84a5bcfb6578b60d21cca8f23786 .av-special-heading-tag .heading-char{\nfont-size:25px;\n}\n.av-special-heading.av-av_heading-18eb84a5bcfb6578b60d21cca8f23786 .av-subheading{\nfont-size:15px;\n}\n<\/style>\n<div id='519e1dafbe05d73fbe200d3d91340fcf' class='av-special-heading av-av_heading-18eb84a5bcfb6578b60d21cca8f23786 av-special-heading-h2 blockquote modern-quote avia-builder-el-0 el_before_av_one_half avia-builder-el-first '><h2 class='av-special-heading-tag ' >Gef\u00fchrte Schneeschuh-Kurzwoche im stillen Val M\u00fcstair und S-charl beim Nationalpark<\/h2><div class=\"special-heading-border\"><div class=\"special-heading-inner-border\"><\/div><\/div><\/div>\n <br>\n <a style='margin-top: 20px;' class='avia-button avia-icon_select-no avia-size-large avia-position-left avia-color-theme-color' href='https:\/\/www.hike.ch\/en\/touren\/gefuehrte-schneeschuh-kurzwoche-im-stillen-val-muestair-und-s-charl-beim-nationalpark\/'>Weiterlesen<\/a>\n <\/div>\n\n <div style='height:20px;margin-top:5px;'>\n <\/div>\n <\/article><\/div><div class=\"custom-raster flex_column av_one_third flex_column_div av-zero-column-padding el_before_av_one_third el_after_av_one_third\"><article style='cursor:pointer;' onclick=\"window.location='https:\/\/www.hike.ch\/en\/touren\/gefuehrte-ihre-firma-gruppe-abend-schneeschuhtour-mit-fondue-und-schokoladedegustation\/'\" class='post-entry post-entry-type-standard post-entry-2490 post-loop-2 post-parity-even post-entry-last 111 post with-slider post-2490 touren type-touren status-publish has-post-thumbnail hentry category-abendtour category-schneeschuhtour category-winter' >\n \n <div style='position: relative;'>\n <img decoding=\"async\" width=\"800\" height=\"600\" loading=\"lazy\" style=\"width:100%\" src=\"https:\/\/www.hike.ch\/wp-content\/uploads\/2021\/02\/hike-gefuehrte-Wanderungen-Schneeschuhtouren-E-Biketouren-Markus-Glaettli-abendtour-voll-mondschein-schneeschuhtour-8.jpg\" class=\"wp-image-1126 avia-img-lazy-loading-1126 attachment-post-thumbnail size-post-thumbnail wp-post-image\" alt=\"hike.ch - Ihr Spezialist und Profi f\u00fcr gef\u00fchrte Wanderungen, Schneeschuh- und E-Bike-Touren - Abendtour Mondschein Schneeschuhtour-8\" srcset=\"https:\/\/www.hike.ch\/wp-content\/uploads\/2021\/02\/hike-gefuehrte-Wanderungen-Schneeschuhtouren-E-Biketouren-Markus-Glaettli-abendtour-voll-mondschein-schneeschuhtour-8.jpg 800w, https:\/\/www.hike.ch\/wp-content\/uploads\/2021\/02\/hike-gefuehrte-Wanderungen-Schneeschuhtouren-E-Biketouren-Markus-Glaettli-abendtour-voll-mondschein-schneeschuhtour-8-300x225.jpg 300w, https:\/\/www.hike.ch\/wp-content\/uploads\/2021\/02\/hike-gefuehrte-Wanderungen-Schneeschuhtouren-E-Biketouren-Markus-Glaettli-abendtour-voll-mondschein-schneeschuhtour-8-768x576.jpg 768w, https:\/\/www.hike.ch\/wp-content\/uploads\/2021\/02\/hike-gefuehrte-Wanderungen-Schneeschuhtouren-E-Biketouren-Markus-Glaettli-abendtour-voll-mondschein-schneeschuhtour-8-705x529.jpg 705w\" sizes=\"auto, (max-width: 800px) 100vw, 800px\" \/>\n <div style='position: absolute;bottom: 8px;left: 0;color: #000000;font-size: 12px;font-size: 0.75rem;line-height: 1.5;border-radius: 0 0.1875rem 0 0;overflow: hidden;display: -moz-flex;display: flex;flex-wrap: wrap;'>\n <div style=\"background-color:white;-moz-flex: 0 0 auto;flex: 0 0 auto;padding: 0.25rem 0.65rem;z-index: 1;\" class=\"grlist-item cat-31\">Abendtour<\/div><div style=\"background-color:white;border-left:1px solid grey;-moz-flex: 0 0 auto;flex: 0 0 auto;padding: 0.25rem 0.65rem;z-index: 1;\" class=\"grlist-item cat-28\">Schneeschuhtour<\/div><div style=\"background-color:white;border-left:1px solid grey;-moz-flex: 0 0 auto;flex: 0 0 auto;padding: 0.25rem 0.65rem;z-index: 1;\" class=\"grlist-item cat-25\">Winter<\/div>\n <\/div>\n <\/div>\n <div class='grtext' style='padding:0 20px;overflow:hidden;margin-top: 16px;'>\n <div class='publishdate' style='margin-bottom:10px;'>08. February 2022<\/div>\n \n<style type=\"text\/css\" data-created_by=\"avia_inline_auto\" id=\"style-css-av-av_heading-36b9091438de2c66e2c0d9138bb46f84\">\n#top .av-special-heading.av-av_heading-36b9091438de2c66e2c0d9138bb46f84{\nmargin:0 0 0 0;\npadding-bottom:10px;\n}\nbody .av-special-heading.av-av_heading-36b9091438de2c66e2c0d9138bb46f84 .av-special-heading-tag .heading-char{\nfont-size:25px;\n}\n.av-special-heading.av-av_heading-36b9091438de2c66e2c0d9138bb46f84 .av-subheading{\nfont-size:15px;\n}\n<\/style>\n<div id='ba9459a42ae02374268908c8dd14bb24' class='av-special-heading av-av_heading-36b9091438de2c66e2c0d9138bb46f84 av-special-heading-h2 blockquote modern-quote avia-builder-el-0 el_before_av_one_half avia-builder-el-first '><h2 class='av-special-heading-tag ' >Gef\u00fchrte Abend-Schneeschuhtour mit Fondue und Schokoladedegustation<\/h2><div class=\"special-heading-border\"><div class=\"special-heading-inner-border\"><\/div><\/div><\/div>\n Das Tageslicht neigt sich langsam dem Ende, die D\u00e4mmerung bricht herein. Der Schnee knirscht unter unseren Schneeschuhen. Pl\u00f6tzlich stehen wir vor der H\u00fctte. Ein w\u00e4hrschaftes Fondue und .... <span>\n <svg style=\"height:8px\" data-name=\"long-arrow-right\" xmlns=\"http:\/\/www.w3.org\/2000\/svg\" viewBox=\"0 0 418 256\">\n <path d=\"M281,3.52,274,10.59a12,12,0,0,0,0,17L357.89,111H12A12,12,0,0,0,0,123v10a12,12,0,0,0,12,12H357.89L274,228.44a12,12,0,0,0,0,17l7.07,7.07a12,12,0,0,0,17,0l116.48-116a12,12,0,0,0,0-17L298,3.52A12,12,0,0,0,281,3.52Z\"><\/path>\n <\/svg>\n <\/span><br>\n <a style='margin-top: 20px;' class='avia-button avia-icon_select-no avia-size-large avia-position-left avia-color-theme-color' href='https:\/\/www.hike.ch\/en\/touren\/gefuehrte-ihre-firma-gruppe-abend-schneeschuhtour-mit-fondue-und-schokoladedegustation\/'>Weiterlesen<\/a>\n <\/div>\n\n <div style='height:20px;margin-top:5px;'>\n <\/div>\n <\/article><\/div><div class='111'><\/div><\/div>\n<div class='avia-button-wrap avia-button-center '>\n<style type=\"text\/css\" data-created_by=\"avia_inline_auto\" id=\"style-css-av-knfoy9yq-42c4483504f0a9141c9d75b943b9298b\">\n#top #wrap_all .avia-button.av-knfoy9yq-42c4483504f0a9141c9d75b943b9298b:hover{\ncolor:#ffffff;\ntransition:all 0.4s ease-in-out;\n}\n#top #wrap_all .avia-button.av-knfoy9yq-42c4483504f0a9141c9d75b943b9298b:hover .avia-svg-icon svg:first-child{\nfill:#ffffff;\nstroke:#ffffff;\n}\n<\/style>\n<a href='https:\/\/www.hike.ch\/en\/tour-program\/' class='avia-color-theme-color avia-font-color-theme-color avia-button avia-button-fullwidth av-knfoy9yq-42c4483504f0a9141c9d75b943b9298b avia-icon_select-no avia-color-theme-color' aria-label=\"To all tours\"><span class='avia_iconbox_title' >To all tours<\/span><span class='avia_button_background avia-button avia-button-fullwidth avia-color-theme-color-highlight'><\/span><\/a><\/div><\/p>\n<\/div><\/div><\/div><!-- close content main div --><\/div><\/div>\n<style type=\"text\/css\" data-created_by=\"avia_inline_auto\" id=\"style-css-av-vs9o2s-755fc0ed20faf6ea0998fe6241c73c7d\">\n.avia-section.av-vs9o2s-755fc0ed20faf6ea0998fe6241c73c7d{\nbackground-color:#d6d6d6;\nbackground-image:unset;\n}\n<\/style>\n<div id='av_section_3' class='avia-section av-vs9o2s-755fc0ed20faf6ea0998fe6241c73c7d main_color avia-section-small avia-no-border-styling avia-bg-style-scroll container_wrap fullsize' ><div class='container av-section-cont-open' ><div class='template-page content av-content-full alpha units'><div class='post-entry post-entry-type-page post-entry-1812'><div class='entry-content-wrapper clearfix'>\n\n<style type=\"text\/css\" data-created_by=\"avia_inline_auto\" id=\"style-css-av-uaq5n8-556585c878fc156aad4f1da73e162024\">\n.flex_column.av-uaq5n8-556585c878fc156aad4f1da73e162024{\nborder-radius:0px 0px 0px 0px;\npadding:0px 0px 0px 0px;\n}\n<\/style>\n<div class='flex_column av-uaq5n8-556585c878fc156aad4f1da73e162024 av_one_third first flex_column_div av-zero-column-padding ' ><style type=\"text\/css\" data-created_by=\"avia_inline_auto\" id=\"style-css-av-toa450-80a7c3e075fba5e8b23072dabd1f497e\">\n.av_font_icon.av-toa450-80a7c3e075fba5e8b23072dabd1f497e{\ncolor:#673b15;\nborder-color:#673b15;\n}\n.avia-svg-icon.av-toa450-80a7c3e075fba5e8b23072dabd1f497e svg:first-child{\nstroke:#673b15;\nfill:#673b15;\n}\n.av_font_icon.av-toa450-80a7c3e075fba5e8b23072dabd1f497e .av-icon-char{\nfont-size:30px;\nline-height:30px;\nwidth:30px;\n}\n<\/style>\n<span class='av_font_icon av-toa450-80a7c3e075fba5e8b23072dabd1f497e avia_animate_when_visible av-icon-style-border avia-icon-pos-center avia-iconfont avia-font-flaticon avia-icon-animate'><span class='av-icon-char' data-av_icon='\uf107' data-av_iconfont='flaticon' aria-hidden=\"true\" ><\/span><span class='av_icon_caption av-special-font'>Personal tours<\/span><\/span><\/div>\n<style type=\"text\/css\" data-created_by=\"avia_inline_auto\" id=\"style-css-av-rdgagk-61bd4471cac8dbad9fa87076e701e12e\">\n.flex_column.av-rdgagk-61bd4471cac8dbad9fa87076e701e12e{\nborder-radius:0px 0px 0px 0px;\npadding:0px 0px 0px 0px;\n}\n<\/style>\n<div class='flex_column av-rdgagk-61bd4471cac8dbad9fa87076e701e12e av_one_third flex_column_div av-zero-column-padding ' ><style type=\"text\/css\" data-created_by=\"avia_inline_auto\" id=\"style-css-av-psgofo-173ab42e88025c82e7c7d118094b7b01\">\n.av_font_icon.av-psgofo-173ab42e88025c82e7c7d118094b7b01{\ncolor:#673b15;\nborder-color:#673b15;\n}\n.avia-svg-icon.av-psgofo-173ab42e88025c82e7c7d118094b7b01 svg:first-child{\nstroke:#673b15;\nfill:#673b15;\n}\n.av_font_icon.av-psgofo-173ab42e88025c82e7c7d118094b7b01 .av-icon-char{\nfont-size:30px;\nline-height:30px;\nwidth:30px;\n}\n<\/style>\n<span class='av_font_icon av-psgofo-173ab42e88025c82e7c7d118094b7b01 avia_animate_when_visible av-icon-style-border avia-icon-pos-center avia-iconfont avia-font-flaticon avia-icon-animate'><span class='av-icon-char' data-av_icon='\uf105' data-av_iconfont='flaticon' aria-hidden=\"true\" ><\/span><span class='av_icon_caption av-special-font'>Small groups<\/span><\/span><\/div>\n<style type=\"text\/css\" data-created_by=\"avia_inline_auto\" id=\"style-css-av-2h6zj8-0f6ed1509d4d77f977fed819513b58b5\">\n.flex_column.av-2h6zj8-0f6ed1509d4d77f977fed819513b58b5{\nborder-radius:0px 0px 0px 0px;\npadding:0px 0px 0px 0px;\n}\n<\/style>\n<div class='flex_column av-2h6zj8-0f6ed1509d4d77f977fed819513b58b5 av_one_third flex_column_div av-zero-column-padding ' ><style type=\"text\/css\" data-created_by=\"avia_inline_auto\" id=\"style-css-av-mgsz9w-0bd8d431ec5643b4e78fd3751492dcdd\">\n.av_font_icon.av-mgsz9w-0bd8d431ec5643b4e78fd3751492dcdd{\ncolor:#673b15;\nborder-color:#673b15;\n}\n.avia-svg-icon.av-mgsz9w-0bd8d431ec5643b4e78fd3751492dcdd svg:first-child{\nstroke:#673b15;\nfill:#673b15;\n}\n.av_font_icon.av-mgsz9w-0bd8d431ec5643b4e78fd3751492dcdd .av-icon-char{\nfont-size:30px;\nline-height:30px;\nwidth:30px;\n}\n<\/style>\n<span class='av_font_icon av-mgsz9w-0bd8d431ec5643b4e78fd3751492dcdd avia_animate_when_visible av-icon-style-border avia-icon-pos-center avia-iconfont avia-font-flaticon avia-icon-animate'><span class='av-icon-char' data-av_icon='\uf120' data-av_iconfont='flaticon' aria-hidden=\"true\" ><\/span><span class='av_icon_caption av-special-font'> CO2-compensation<\/span><\/span><\/div>\n\n<\/div><\/div><\/div><!-- close content main div --><\/div><\/div><div id='av_section_4' class='avia-section av-284o5i-ffd95aa9a64c02d1c5f0c093b681ef86 main_color avia-section-default avia-no-border-styling avia-bg-style-scroll container_wrap fullsize' ><div class='container av-section-cont-open' ><div class='template-page content av-content-full alpha units'><div class='post-entry post-entry-type-page post-entry-1812'><div class='entry-content-wrapper clearfix'>\n\n<style type=\"text\/css\" data-created_by=\"avia_inline_auto\" id=\"style-css-av-22vpom-a29411e553c8356a03c257681c3d2df6\">\n.flex_column.av-22vpom-a29411e553c8356a03c257681c3d2df6{\nborder-radius:0px 0px 0px 0px;\npadding:0px 0px 0px 0px;\n}\n<\/style>\n<div class='flex_column av-22vpom-a29411e553c8356a03c257681c3d2df6 av_one_half avia-builder-el-1 el_after_av_heading el_before_av_one_half first flex_column_div av-zero-column-padding ' ><p>\n<style type=\"text\/css\" data-created_by=\"avia_inline_auto\" id=\"style-css-av-h0zae-c96ee4cace30eccd9c8159d989938fb8\">\n#top .av-special-heading.av-h0zae-c96ee4cace30eccd9c8159d989938fb8{\npadding-bottom:20px;\n}\nbody .av-special-heading.av-h0zae-c96ee4cace30eccd9c8159d989938fb8 .av-special-heading-tag .heading-char{\nfont-size:25px;\n}\n.av-special-heading.av-h0zae-c96ee4cace30eccd9c8159d989938fb8 .av-subheading{\nfont-size:15px;\n}\n<\/style>\n<div id='6a28b9b16bfcb2690b569c0d922afdad' class='av-special-heading av-h0zae-c96ee4cace30eccd9c8159d989938fb8 av-special-heading-h2 blockquote classic-quote'><h2 class='av-special-heading-tag ' >Do you want also\u2026<\/h2><div class=\"special-heading-border\"><div class=\"special-heading-inner-border\"><\/div><\/div><\/div><br \/>\n\n<style type=\"text\/css\" data-created_by=\"avia_inline_auto\" id=\"style-css-av-knfzja8x-bb55c6b442c6eec0ae2b97f79724654c\">\n#top .hr.hr-invisible.av-knfzja8x-bb55c6b442c6eec0ae2b97f79724654c{\nheight:30px;\n}\n<\/style>\n<div class='hr av-knfzja8x-bb55c6b442c6eec0ae2b97f79724654c hr-invisible'><span class='hr-inner '><span class=\"hr-inner-style\"><\/span><\/span><\/div><br \/>\n<section class='av_textblock_section av-kkgtcdf5-7b1d4a9560da594324aa646137a28f6e ' ><div class='avia_textblock' ><ul>\n<li>bear watching under the midnight sun, and experience the lonely Russian Karelia on a pioneer trip?<\/li>\n<li>Experience the lonely Val M\u00fcstair on snowshoes, sometimes combined with a horse-drawn sleigh ride?<\/li>\n<li>Make tracks in the snow, where on the Simplon rye bread is still made according to a traditional recipe?<\/li>\n<li>To wonder see lakes, waterfalls and raging rivers all in one in the remote nature park of the Doubs?<\/li>\n<li>Hiking through colorful villages, clear seawater and winding alleys in the Cinque Terre?<\/li>\n<li>Hike on old paths along centuries-old Valais with a view of four-thousand-meter?<\/li>\n<li>And much more?<\/li>\n<\/ul>\n<\/div><\/section><\/p><\/div>\n<style type=\"text\/css\" data-created_by=\"avia_inline_auto\" id=\"style-css-av-1z6l8u-5951ae5a07bb4befde26afb8b0af15cc\">\n.flex_column.av-1z6l8u-5951ae5a07bb4befde26afb8b0af15cc{\nborder-radius:0px 0px 0px 0px;\npadding:0px 0px 0px 0px;\n}\n<\/style>\n<div class='flex_column av-1z6l8u-5951ae5a07bb4befde26afb8b0af15cc av_one_half avia-builder-el-3 el_after_av_one_half el_before_av_one_full flex_column_div av-zero-column-padding ' ><p>\n<style type=\"text\/css\" data-created_by=\"avia_inline_auto\" id=\"style-css-av-um0e-e7af746b31e5035b677ecb4fbeade8e7\">\n#top .av-special-heading.av-um0e-e7af746b31e5035b677ecb4fbeade8e7{\npadding-bottom:20px;\n}\nbody .av-special-heading.av-um0e-e7af746b31e5035b677ecb4fbeade8e7 .av-special-heading-tag .heading-char{\nfont-size:25px;\n}\n.av-special-heading.av-um0e-e7af746b31e5035b677ecb4fbeade8e7 .av-subheading{\nfont-size:15px;\n}\n<\/style>\n<div id='a37655617725ea203d256ca34b17df53' class='av-special-heading av-um0e-e7af746b31e5035b677ecb4fbeade8e7 av-special-heading-h2 blockquote classic-quote'><h2 class='av-special-heading-tag ' >Your advantages with hike.ch Markus Gl\u00e4ttli:<\/h2><div class=\"special-heading-border\"><div class=\"special-heading-inner-border\"><\/div><\/div><\/div><br \/>\n\n<style type=\"text\/css\" data-created_by=\"avia_inline_auto\" id=\"style-css-av-kkgtkzg7-4731d0c1478f837a6a1195567e490668\">\n#top .avia-icon-list-container.av-kkgtkzg7-4731d0c1478f837a6a1195567e490668 .iconlist_icon{\ncolor:#673b15;\n}\n#top .avia-icon-list-container.av-kkgtkzg7-4731d0c1478f837a6a1195567e490668 .iconlist_icon svg:first-child{\nstroke:#673b15;\nfill:#673b15;\n}\n<\/style>\n<div class='avia-icon-list-container av-kkgtkzg7-4731d0c1478f837a6a1195567e490668'><ul class='avia-icon-list avia_animate_when_almost_visible avia-icon-list-left av-iconlist-big av-kkgtkzg7-4731d0c1478f837a6a1195567e490668 avia-iconlist-animate'>\n<li><div class='iconlist_icon av-1s1dzi-109fd4e966c480c7bb8f6b9187bc718d avia-font-flaticon avia-iconfont avia-font-flaticon'><span class='av-icon-char' data-av_icon='\uf108' data-av_iconfont='flaticon' aria-hidden=\"true\"><\/span><\/div><article class=\"article-icon-entry \" ><div class=\"iconlist_content_wrap\"><header class=\"entry-content-header\" aria-label=\"Icon: Personal guided tours\"><h4 class='av_iconlist_title iconlist_title ' >Personal guided tours<\/h4><\/header><div class='iconlist_content ' ><p>Personalized tours reconnoitered and guided by the owner<\/p>\n<\/div><\/div><footer class=\"entry-footer\"><\/footer><\/article><div class=\"iconlist-timeline\"><\/div><\/li>\n<li><div class='iconlist_icon av-1ivuk6-d5c195442ac9ff5ad4cb7531a7857643 avia-font-entypo-fontello avia-iconfont avia-font-entypo-fontello'><span class='av-icon-char' data-av_icon='\ue80b' data-av_iconfont='entypo-fontello' aria-hidden=\"true\"><\/span><\/div><article class=\"article-icon-entry \" ><div class=\"iconlist_content_wrap\"><header class=\"entry-content-header\" aria-label=\"Icon: Small groups\"><h4 class='av_iconlist_title iconlist_title ' >Small groups<\/h4><\/header><div class='iconlist_content ' ><p>Execution (max. around 12 persons) also with few persons<\/p>\n<\/div><\/div><footer class=\"entry-footer\"><\/footer><\/article><div class=\"iconlist-timeline\"><\/div><\/li>\n<li><div class='iconlist_icon av-1fgiqu-7ab0b118d861c45b287b3ed016d6f998 avia-font-entypo-fontello avia-iconfont avia-font-entypo-fontello'><span class='av-icon-char' data-av_icon='\ue80c' data-av_iconfont='entypo-fontello' aria-hidden=\"true\"><\/span><\/div><article class=\"article-icon-entry \" ><div class=\"iconlist_content_wrap\"><header class=\"entry-content-header\" aria-label=\"Icon: Multilingual guide\"><h4 class='av_iconlist_title iconlist_title ' >Multilingual guide<\/h4><\/header><div class='iconlist_content ' ><p>German, French and English<\/p>\n<\/div><\/div><footer class=\"entry-footer\"><\/footer><\/article><div class=\"iconlist-timeline\"><\/div><\/li>\n<li><div class='iconlist_icon av-49j5y-b33536137d8f8b5adfceac75fdb7808a avia-font-flaticon avia-iconfont avia-font-flaticon'><span class='av-icon-char' data-av_icon='\uf120' data-av_iconfont='flaticon' aria-hidden=\"true\"><\/span><\/div><article class=\"article-icon-entry \" ><div class=\"iconlist_content_wrap\"><header class=\"entry-content-header\" aria-label=\"Icon: Varied offer\"><h4 class='av_iconlist_title iconlist_title ' >Varied offer<\/h4><\/header><div class='iconlist_content ' ><p>Varied offer at home and abroad<\/p>\n<\/div><\/div><footer class=\"entry-footer\"><\/footer><\/article><div class=\"iconlist-timeline\"><\/div><\/li>\n<li><div class='iconlist_icon av-15o38u-8f774a3d82194c54a2ba9e2109f67f64 avia-font-entypo-fontello avia-iconfont avia-font-entypo-fontello'><span class='av-icon-char' data-av_icon='\ue824' data-av_iconfont='entypo-fontello' aria-hidden=\"true\"><\/span><\/div><article class=\"article-icon-entry \" ><div class=\"iconlist_content_wrap\"><header class=\"entry-content-header\" aria-label=\"Icon: Customer money protection\"><h4 class='av_iconlist_title iconlist_title ' >Customer money protection<\/h4><\/header><div class='iconlist_content ' ><p>With Swiss Travel Security<\/p>\n<\/div><\/div><footer class=\"entry-footer\"><\/footer><\/article><div class=\"iconlist-timeline\"><\/div><\/li>\n<li><div class='iconlist_icon av-w0pue-c35c82e2cee699066e72193bfa38a18e avia-font-entypo-fontello avia-iconfont avia-font-entypo-fontello'><span class='av-icon-char' data-av_icon='\ue8b1' data-av_iconfont='entypo-fontello' aria-hidden=\"true\"><\/span><\/div><article class=\"article-icon-entry \" ><div class=\"iconlist_content_wrap\"><header class=\"entry-content-header\" aria-label=\"Icon: CO2-compensation\"><h4 class='av_iconlist_title iconlist_title ' >CO2-compensation<\/h4><\/header><div class='iconlist_content ' ><p>For air travel CO2 compensation in Swiss projects<\/p>\n<\/div><\/div><footer class=\"entry-footer\"><\/footer><\/article><div class=\"iconlist-timeline\"><\/div><\/li>\n<\/ul><\/div><\/p><\/div>\n\n<\/div><\/div><\/div><!-- close content main div --><\/div><\/div>\n<style type=\"text\/css\" data-created_by=\"avia_inline_auto\" id=\"style-css-av-lgjoj8-4ce165526ced25093f5b6cc2f1a380d5\">\n.avia-section.av-lgjoj8-4ce165526ced25093f5b6cc2f1a380d5{\nbackground-color:#c5b395;\nbackground-image:url(https:\/\/www.hike.ch\/wp-content\/uploads\/2021\/01\/hike-gefuehrte-Wanderungen-Schneeschuhtouren-E-Biketouren-Markus-Glaettli-sliderbild_1.jpg);\nbackground-repeat:no-repeat;\nbackground-position:0% 50%;\nbackground-attachment:scroll;\n}\n.avia-section.av-lgjoj8-4ce165526ced25093f5b6cc2f1a380d5 .av-section-color-overlay{\nopacity:0.5;\nbackground-color:#ba9571;\n}\n<\/style>\n<div id='av_section_5' class='avia-section av-lgjoj8-4ce165526ced25093f5b6cc2f1a380d5 main_color avia-section-default avia-no-border-styling avia-bg-style-scroll av-section-color-overlay-active container_wrap fullsize' data-section-bg-repeat='no-repeat'><div class=\"av-section-color-overlay-wrap\"><div class=\"av-section-color-overlay\"><\/div><div class='container av-section-cont-open' ><div class='template-page content av-content-full alpha units'><div class='post-entry post-entry-type-page post-entry-1812'><div class='entry-content-wrapper clearfix'>\n\n<style type=\"text\/css\" data-created_by=\"avia_inline_auto\" id=\"style-css-av-jp0ikk-22091980a85eea62e5c0c748899972c2\">\n.flex_column.av-jp0ikk-22091980a85eea62e5c0c748899972c2{\nborder-radius:0px 0px 0px 0px;\npadding:0px 0px 0px 0px;\n}\n<\/style>\n<div class='flex_column av-jp0ikk-22091980a85eea62e5c0c748899972c2 av_one_fifth first flex_column_div av-zero-column-padding ' ><\/div>\n<style type=\"text\/css\" data-created_by=\"avia_inline_auto\" id=\"style-css-av-h9esmc-ada240c81eaa33227858b47dafabc850\">\n.flex_column.av-h9esmc-ada240c81eaa33227858b47dafabc850{\nborder-radius:0px 0px 0px 0px;\npadding:0px 0px 0px 0px;\n}\n<\/style>\n<div class='flex_column av-h9esmc-ada240c81eaa33227858b47dafabc850 av_three_fifth flex_column_div av-animated-generic bottom-to-top av-zero-column-padding ' ><p>\n<style type=\"text\/css\" data-created_by=\"avia_inline_auto\" id=\"style-css-av-f8x204-b6313b28b33d506539bcb981711007ec\">\n#top .av-special-heading.av-f8x204-b6313b28b33d506539bcb981711007ec{\npadding-bottom:20px;\ncolor:#ffffff;\nfont-size:25px;\n}\nbody .av-special-heading.av-f8x204-b6313b28b33d506539bcb981711007ec .av-special-heading-tag .heading-char{\nfont-size:25px;\n}\n#top #wrap_all .av-special-heading.av-f8x204-b6313b28b33d506539bcb981711007ec .av-special-heading-tag{\nfont-size:25px;\n}\n.av-special-heading.av-f8x204-b6313b28b33d506539bcb981711007ec .special-heading-inner-border{\nborder-color:#ffffff;\n}\n.av-special-heading.av-f8x204-b6313b28b33d506539bcb981711007ec .av-subheading{\nfont-size:15px;\n}\n\n@media only screen and (min-width: 480px) and (max-width: 767px){ \n#top #wrap_all .av-special-heading.av-f8x204-b6313b28b33d506539bcb981711007ec .av-special-heading-tag{\nfont-size:0.8em;\n}\n}\n\n@media only screen and (max-width: 479px){ \n#top #wrap_all .av-special-heading.av-f8x204-b6313b28b33d506539bcb981711007ec .av-special-heading-tag{\nfont-size:0.8em;\n}\n}\n<\/style>\n<div id='e3e42200ee6d0eed168afa6397a460dd' class='av-special-heading av-f8x204-b6313b28b33d506539bcb981711007ec av-special-heading-h2 custom-color-heading blockquote classic-quote av-inherit-size'><h2 class='av-special-heading-tag ' >Sign up for the newsletter<\/h2><div class=\"special-heading-border\"><div class=\"special-heading-inner-border\"><\/div><\/div><\/div><br \/>\n<section class='av_textblock_section av-koib72u7-536f3a9f333ceb412e4685059eaa7225 ' ><div class='avia_textblock' >\n<\/div><\/section><\/p><\/div>\n<style type=\"text\/css\" data-created_by=\"avia_inline_auto\" id=\"style-css-av-8krnfo-227347c5013d9f77f3d43d9db3930b38\">\n.flex_column.av-8krnfo-227347c5013d9f77f3d43d9db3930b38{\nborder-radius:0px 0px 0px 0px;\npadding:0px 0px 0px 0px;\n}\n<\/style>\n<div class='flex_column av-8krnfo-227347c5013d9f77f3d43d9db3930b38 av_one_fifth flex_column_div av-zero-column-padding ' ><\/div>\n\n<\/div><\/div><\/div><!-- close content main div --><\/div><\/div><\/div>\n<style type=\"text\/css\" data-created_by=\"avia_inline_auto\" id=\"style-css-av-2aqwwe-659e121bfd2bcfdc6c2e1be1c302d982\">\n.avia-section.av-2aqwwe-659e121bfd2bcfdc6c2e1be1c302d982{\nbackground-color:#f7f7f7;\nbackground-image:unset;\n}\n<\/style>\n<div id='av_section_6' class='avia-section av-2aqwwe-659e121bfd2bcfdc6c2e1be1c302d982 main_color avia-section-default avia-no-border-styling avia-bg-style-scroll container_wrap fullsize' ><div class='container av-section-cont-open' ><div class='template-page content av-content-full alpha units'><div class='post-entry post-entry-type-page post-entry-1812'><div class='entry-content-wrapper clearfix'>\n\n<style type=\"text\/css\" data-created_by=\"avia_inline_auto\" id=\"style-css-av-b5046-d075842e3f0eab051fea06548082705a\">\n#top .av-special-heading.av-b5046-d075842e3f0eab051fea06548082705a{\npadding-bottom:10px;\n}\nbody .av-special-heading.av-b5046-d075842e3f0eab051fea06548082705a .av-special-heading-tag .heading-char{\nfont-size:25px;\n}\n.av-special-heading.av-b5046-d075842e3f0eab051fea06548082705a .av-subheading{\nfont-size:15px;\n}\n<\/style>\n<div id='5c90545798bad07f854924fb43ece33a' class='av-special-heading av-b5046-d075842e3f0eab051fea06548082705a av-special-heading-h2 blockquote classic-quote'><h2 class='av-special-heading-tag ' >About me<\/h2><div class=\"special-heading-border\"><div class=\"special-heading-inner-border\"><\/div><\/div><\/div>\n\n<style type=\"text\/css\" data-created_by=\"avia_inline_auto\" id=\"style-css-av-kkgpzqhb-c69b7837f8fae8421267c10e816fdce9\">\n#top .hr.hr-invisible.av-kkgpzqhb-c69b7837f8fae8421267c10e816fdce9{\nheight:30px;\n}\n<\/style>\n<div class='hr av-kkgpzqhb-c69b7837f8fae8421267c10e816fdce9 hr-invisible'><span class='hr-inner '><span class=\"hr-inner-style\"><\/span><\/span><\/div>\n\n<style type=\"text\/css\" data-created_by=\"avia_inline_auto\" id=\"style-css-av-21galq-dba33ca4e507d72d2b7de38edffc0f4b\">\n.flex_column.av-21galq-dba33ca4e507d72d2b7de38edffc0f4b{\nborder-radius:0px 0px 0px 0px;\npadding:0px 0px 0px 0px;\n}\n<\/style>\n<div class='flex_column av-21galq-dba33ca4e507d72d2b7de38edffc0f4b av_two_fifth first flex_column_div av-animated-generic bottom-to-top av-zero-column-padding ' ><p>\n<style type=\"text\/css\" data-created_by=\"avia_inline_auto\" id=\"style-css-av-km4vkpmw-b34cd405eeced5cab7b207dce7e8a9fe\">\n#top .hr.hr-invisible.av-km4vkpmw-b34cd405eeced5cab7b207dce7e8a9fe{\nheight:30px;\n}\n<\/style>\n<div class='hr av-km4vkpmw-b34cd405eeced5cab7b207dce7e8a9fe hr-invisible'><span class='hr-inner '><span class=\"hr-inner-style\"><\/span><\/span><\/div><br \/>\n\n<style type=\"text\/css\" data-created_by=\"avia_inline_auto\" id=\"style-css-av-1ukztq-f522a68380faa856339fbd55f3eac59e\">\n.avia-image-container.av-1ukztq-f522a68380faa856339fbd55f3eac59e img.avia_image{\nbox-shadow:none;\n}\n.avia-image-container.av-1ukztq-f522a68380faa856339fbd55f3eac59e .av-image-caption-overlay-center{\ncolor:#ffffff;\n}\n<\/style>\n<div class='avia-image-container av-1ukztq-f522a68380faa856339fbd55f3eac59e av-styling-no-styling avia-align-center' ><div class=\"avia-image-container-inner\"><div class=\"avia-image-overlay-wrap\"><img decoding=\"async\" fetchpriority=\"high\" class='wp-image-1681 avia-img-lazy-loading-not-1681 avia_image ' src=\"https:\/\/www.hike.ch\/wp-content\/uploads\/2021\/03\/hike-gefuehrte-Wanderungen-Schneeschuhtouren-E-Biketouren-Markus-Glaettli-10.jpg\" alt='hike gefuehrte Wanderungen Schneeschuhtouren E Biketouren Markus Glaettli 10' title='hike-gefuehrte-Wanderungen-Schneeschuhtouren-E-Biketouren-Markus-Glaettli-10' height=\"1024\" width=\"768\" srcset=\"https:\/\/www.hike.ch\/wp-content\/uploads\/2021\/03\/hike-gefuehrte-Wanderungen-Schneeschuhtouren-E-Biketouren-Markus-Glaettli-10.jpg 768w, https:\/\/www.hike.ch\/wp-content\/uploads\/2021\/03\/hike-gefuehrte-Wanderungen-Schneeschuhtouren-E-Biketouren-Markus-Glaettli-10-225x300.jpg 225w, https:\/\/www.hike.ch\/wp-content\/uploads\/2021\/03\/hike-gefuehrte-Wanderungen-Schneeschuhtouren-E-Biketouren-Markus-Glaettli-10-529x705.jpg 529w\" sizes=\"(max-width: 768px) 100vw, 768px\" \/><\/div><\/div><\/div><\/p><\/div>\n<style type=\"text\/css\" data-created_by=\"avia_inline_auto\" id=\"style-css-av-1rqxfy-babcc154ef3fde52906c08296973f1f4\">\n.flex_column.av-1rqxfy-babcc154ef3fde52906c08296973f1f4{\nborder-radius:0px 0px 0px 0px;\npadding:0px 0px 0px 0px;\n}\n<\/style>\n<div class='flex_column av-1rqxfy-babcc154ef3fde52906c08296973f1f4 av_three_fifth flex_column_div av-animated-generic bottom-to-top av-zero-column-padding ' ><p><section class='av_textblock_section av-1fuvpy-6f96a28de545e664e266824d01490967 ' ><div class='avia_textblock' ><p>Markus Gl\u00e4ttli, Hiking Leader with Federal Diploma of Professional Education and Training, Ranger BZW and GeoGuide Sardona.<\/p>\n<p><span lang=\"EN-GB\">Let you whisk away in unique landscapes in Switzerland, the Cinque Terre, the Chamonix region or even Finnish Lapland. Learn stories, legends and interesting information and enjoy local delicious products of the region.<\/span><\/p>\n<p><span lang=\"EN-GB\">Enjoy full service for <b>individual customers<\/b>, <b>small groups<\/b> or <b>companies<\/b>. Take the time and enjoy the beauty and uniqueness of unspoilt nature. Experience nature.<\/span><\/p>\n<p><span lang=\"EN-GB\">I offer tours in English, German and French.<\/span><\/p>\n<\/div><\/section><br \/>\n<div class='avia-button-wrap av-kkfrislr-490a6aa492e8f152bded77d99104b04d-wrap avia-button-center '><a href='https:\/\/www.hike.ch\/en\/blog\/' class='avia-button av-kkfrislr-490a6aa492e8f152bded77d99104b04d av-link-btn avia-icon_select-no avia-size-small avia-position-center avia-color-theme-color' aria-label=\"More about me\"><span class='avia_iconbox_title' >More about me<\/span><\/a><\/div><\/p><\/div>\n\n<\/div><\/div><\/div><!-- close content main div --><\/div><\/div>\n<style type=\"text\/css\" data-created_by=\"avia_inline_auto\" id=\"style-css-av-qn6pw-3e75c1d817bec6a2225c9996cd2636db\">\n.avia-section.av-qn6pw-3e75c1d817bec6a2225c9996cd2636db{\nbackground-color:#fcfcfc;\nbackground-image:unset;\n}\n<\/style>\n<div id='av_section_7' class='avia-section av-qn6pw-3e75c1d817bec6a2225c9996cd2636db main_color avia-section-default avia-no-border-styling avia-bg-style-scroll container_wrap fullsize' ><div class='container av-section-cont-open' ><div class='template-page content av-content-full alpha units'><div class='post-entry post-entry-type-page post-entry-1812'><div class='entry-content-wrapper clearfix'>\n\n<style type=\"text\/css\" data-created_by=\"avia_inline_auto\" id=\"style-css-av-6a844k-4913d0afd6fa1b30c0611b6915e6d545\">\n#top .av-special-heading.av-6a844k-4913d0afd6fa1b30c0611b6915e6d545{\npadding-bottom:10px;\n}\nbody .av-special-heading.av-6a844k-4913d0afd6fa1b30c0611b6915e6d545 .av-special-heading-tag .heading-char{\nfont-size:25px;\n}\n.av-special-heading.av-6a844k-4913d0afd6fa1b30c0611b6915e6d545 .av-subheading{\nfont-size:15px;\n}\n<\/style>\n<div id='8d529fc0f62046f7235e1f8ffc4a31e3' class='av-special-heading av-6a844k-4913d0afd6fa1b30c0611b6915e6d545 av-special-heading-h2 blockquote classic-quote'><h2 class='av-special-heading-tag ' >Satisfied costumers<\/h2><div class=\"special-heading-border\"><div class=\"special-heading-inner-border\"><\/div><\/div><\/div>\n\n<style type=\"text\/css\" data-created_by=\"avia_inline_auto\" id=\"style-css-av-4rpnz8-8ba2a2f5c64d992f21f6abf54292ff54\">\n#top .hr.hr-invisible.av-4rpnz8-8ba2a2f5c64d992f21f6abf54292ff54{\nheight:30px;\n}\n<\/style>\n<div class='hr av-4rpnz8-8ba2a2f5c64d992f21f6abf54292ff54 hr-invisible'><span class='hr-inner '><span class=\"hr-inner-style\"><\/span><\/span><\/div>\n<div class=\"grid\" id=\"gritcont1\"><div class=\"grid-item kundenstim cols3 text\"><b>Tages-Wanderung Safran und Suonen (VS)<\/b><p style=\"padding: 0;font-style: italic;\">Vielen Dank nochmals f\u00fcr die wundersch\u00f6ne Wanderung in Mund und Gledetschtal. Anbei einige Bilder von der kleinen, aber feinen und netten Gruppe.<\/p><small style=\"font-size: 90%;\"><b>Susanne Kindler-Adam, D-Nienburg<\/b>, Wallis, 10.03.2016<\/small><\/div><div class=\"grid-item kundenstim cols3 text\"><b>Privatgruppe-Schneeschuhtour Lauterbrunnental (BE)<\/b><p style=\"padding: 0;font-style: italic;\">Hallo Z\u00e4me. Merci viiiiieeeeelmaaaaal f\u00fcr das Hammer-Geburi-Gsch\u00e4nk.\r\n\r\nGeburtstags-\u201eKind\" der Gruppe Thomas B\u00e4ttig, Schleinikon<\/p><small style=\"font-size: 90%;\"><b>Thomas B\u00e4ttig, Schleinikon<\/b>, Bern, 20.11.2015<\/small><\/div><div class=\"grid-item kundenstim cols3 text\"><b>Neujahrs-Schneeschuhtour Tenna (GR)<\/b><p style=\"padding: 0;font-style: italic;\">Danke f\u00fcr die Bilder, eine Superidee. Es war eine sehr sch\u00f6ne und entspannte Schneeschuhtour, ein perfekter Start ins neue Jahr mit netten Mitwandernden.<\/p><small style=\"font-size: 90%;\"><b>Monika Siginc, Z\u00fcrich<\/b>, Graub\u00fcnden, 06.12.2017<\/small><\/div><div class=\"grid-item kundenstim cols3 text\"><b>Spl\u00fcgen\/San Bernardino<\/b><p style=\"padding: 0;font-style: italic;\">Die Spl\u00fcgenferien waren super. Mit viel Herzblut hat er uns die Gegend gezeigt. Er ist sehr kompetent und ist kein Risiko auf unseren Touren, durch die herrliche Winterlandschaft, eingegangen. Auch konnte er jede Person auf ihrem ganz individuellen Level begleiten. Herzlichen Dank.<\/p><small style=\"font-size: 90%;\"><b>Ursula M\u00f6ckli, M\u00e4nnedorf<\/b>, Graub\u00fcnden, 27.08.2019<\/small><\/div><div class=\"grid-item kundenstim cols3 text\"><b>Abend-Vollmond-Schneeschuhtour mit Fondue<\/b><p style=\"padding: 0;font-style: italic;\">Ich habe gerade von der wundersch\u00f6nen Schneeschuhvollmondtour mit Fondue und Pulverschnee vorgeschw\u00e4rmt - war einfach super mit Markus. Gruss Erika<\/p><small style=\"font-size: 90%;\"><b>Erika Witschi, Stettbach<\/b>, Schwyz, 16.11.2016<\/small><\/div><div class=\"grid-item kundenstim cols3 text\"><b>3-Tages-Wanderung Ritom (TI)<\/b><p style=\"padding: 0;font-style: italic;\">Die Tour war ein unvergessliches Erlebnis. \u2026 Auf der 3-Tages Ritom Tour (TI) die \u201eMero-Mixis\" vom Lago die Cadagno mit dem spannenden Vortrag vom Leiter des \u201eCentro Biologia Alpina\" auf der Alpe Piora.<\/p><small style=\"font-size: 90%;\"><b>Sylvia Nyffeler, Dietlikon<\/b>, Tessin, 20.08.2018<\/small><\/div><div class=\"grid-item kundenstim cols3 text\"><b>4-Tages-Wanderung Tour du Wildhorn (VS\/BE)<\/b><p style=\"padding: 0;font-style: italic;\">Insgesamt nehme ich gute Eindr\u00fccke von der Tour mit. Und ich komme gerne noch einmal mit dir auf eine Tour. Du verstehst es n\u00e4mlich ganz umsichtig zu organisieren und zu leiten. Auch hast du Verst\u00e4ndnis f\u00fcr die besonderen Gegebenheiten der einzelen Pers\u00f6nlichkeiten der doch recht unterschiedlichen Teilnehmer.<\/p><small style=\"font-size: 90%;\"><b>Maria Thesing, Z\u00fcrich<\/b>, Wallis \/ Bern, 01.07.2018<\/small><\/div><div class=\"grid-item kundenstim cols3 text\"><b>Allgemein<\/b><p style=\"padding: 0;font-style: italic;\">Deine Touren sind immer ein ganz besonderes Erlebnis. Du f\u00fchrst uns sicher \u00fcber Stock und Stein und erkl\u00e4rst Blumen und Landschaft. Mit viel Humor erz\u00e4hlst Du Legenden und M\u00e4rchen aus der Gegend und so ist auch die Kultur Teil der Wanderung. Ich werde auch dieses Jahr mit Begeisterung dabei sein.<\/p><small style=\"font-size: 90%;\"><b>Sylvia Nyffeler, Dietlikon<\/b>, Schweiz, 16.11.2016<\/small><\/div><div class=\"grid-item kundenstim cols3 text\"><b>Tages-Wanderung Safran und Suonen (VS)<\/b><p style=\"padding: 0;font-style: italic;\">Unter der professionellen Lei-tung von Markus Gl\u00e4ttli macht das Wandern einfach Spass. Kein Stress in der Vorbereitung, es ist alles bestens organisiert und im Vorfeld versendet er eine sinnvolle Packliste und die Wetterprognosen. W\u00e4hrend der Wanderung konnten wir von seiner ortskundigen Erfahrung profitieren und seinen lokalen Geschichten lauschen. Es war ein toller Tag, ich empfehle Markus Gl\u00e4ttli gerne weiter. F\u00fcr stressfreies Wandern ist www.hike.ch ein muss!<\/p><small style=\"font-size: 90%;\"><b>Markus Holdener (auf Tripadvisor)<\/b>, Wallis, 10.03.2016<\/small><\/div><div class=\"grid-item kundenstim cols3 text\"><b>4-Tages-Wanderung Stockalperweg (VS)<\/b><p style=\"padding: 0;font-style: italic;\">Nochmals vielen Dank f\u00fcr die eindr\u00fcrckliche Stockalpertour\u2026. Auf dem Stockalperweg (VS) das schillernde Leben des Haudegens Stockalper, mit dem grossartigen Stockalper-Palast in Brig und der Uebernachtung im Turm von Gondo.<\/p><small style=\"font-size: 90%;\"><b>Sylvia Nyffeler, Dietlikon<\/b>, Wallis, 08.06.2015<\/small><\/div><\/div>\r\n <script>\r\n jQuery(function() {\r\n var allItems = jQuery('#gritcont1').find('.grid-item div > img');\r\n allItems.each(function(index) {\r\n jQuery(this).css('opacity', '1');\r\n });\r\n\r\n jQuery('#gritcont1').imagesLoaded(function () {\r\n jQuery('#gritcont1').masonry({\r\n itemSelector: '.grid-item',\r\n percentPosition: true\r\n });\r\n });\r\n });\r\n <\/script>\n\n<div id='av-masonry-1' class='av-masonry av-14mytq-f0981b3bdc68b5fa2f4578c06fc9432b noHover av-fixed-size av-large-gap av-hover-overlay-active av-masonry-animation-active av-masonry-col-6 av-caption-always av-caption-style- av-masonry-gallery ' data-post_id=\"2490\"><div class=\"av-masonry-container isotope av-js-disabled\"><div class='av-masonry-entry isotope-item av-masonry-item-no-image '><\/div><a href=\"https:\/\/www.hike.ch\/wp-content\/uploads\/2021\/02\/hike-gefuehrte-Wanderungen-Schneeschuhtouren-E-Biketouren-Markus-Glaettli-schneeschuhtour-stoos-3.jpg\" data-srcset=\"https:\/\/www.hike.ch\/wp-content\/uploads\/2021\/02\/hike-gefuehrte-Wanderungen-Schneeschuhtouren-E-Biketouren-Markus-Glaettli-schneeschuhtour-stoos-3.jpg 800w, https:\/\/www.hike.ch\/wp-content\/uploads\/2021\/02\/hike-gefuehrte-Wanderungen-Schneeschuhtouren-E-Biketouren-Markus-Glaettli-schneeschuhtour-stoos-3-300x225.jpg 300w, https:\/\/www.hike.ch\/wp-content\/uploads\/2021\/02\/hike-gefuehrte-Wanderungen-Schneeschuhtouren-E-Biketouren-Markus-Glaettli-schneeschuhtour-stoos-3-768x576.jpg 768w, https:\/\/www.hike.ch\/wp-content\/uploads\/2021\/02\/hike-gefuehrte-Wanderungen-Schneeschuhtouren-E-Biketouren-Markus-Glaettli-schneeschuhtour-stoos-3-705x529.jpg 705w\" data-sizes=\"(max-width: 800px) 100vw, 800px\" aria-label=\"image hike-gefuehrte-Wanderungen-Schneeschuhtouren-E-Biketouren-Markus-Glaettli-schneeschuhtour-stoos-3\" id='av-masonry-1-item-1244' data-av-masonry-item='1244' class='av-masonry-entry isotope-item post-1244 attachment type-attachment status-inherit hentry av-masonry-item-with-image' title=\"hike-gefuehrte-Wanderungen-Schneeschuhtouren-E-Biketouren-Markus-Glaettli-schneeschuhtour-stoos-3\" alt=\"\" ><div class='av-inner-masonry-sizer'><\/div><figure class='av-inner-masonry main_color'><div class=\"av-masonry-outerimage-container\"><div class='av-masonry-image-container' style=\"background-image: url(https:\/\/www.hike.ch\/wp-content\/uploads\/2021\/02\/hike-gefuehrte-Wanderungen-Schneeschuhtouren-E-Biketouren-Markus-Glaettli-schneeschuhtour-stoos-3-705x529.jpg);\" title=\"hike-gefuehrte-Wanderungen-Schneeschuhtouren-E-Biketouren-Markus-Glaettli-schneeschuhtour-stoos-3\" ><\/div><\/div><\/figure><\/a><!--end av-masonry entry--><a href=\"https:\/\/www.hike.ch\/wp-content\/uploads\/2021\/02\/hike-gefuehrte-Wanderungen-Schneeschuhtouren-E-Biketouren-Markus-Glaettli-wanderung-greina-5.jpg\" data-srcset=\"https:\/\/www.hike.ch\/wp-content\/uploads\/2021\/02\/hike-gefuehrte-Wanderungen-Schneeschuhtouren-E-Biketouren-Markus-Glaettli-wanderung-greina-5.jpg 800w, https:\/\/www.hike.ch\/wp-content\/uploads\/2021\/02\/hike-gefuehrte-Wanderungen-Schneeschuhtouren-E-Biketouren-Markus-Glaettli-wanderung-greina-5-300x225.jpg 300w, https:\/\/www.hike.ch\/wp-content\/uploads\/2021\/02\/hike-gefuehrte-Wanderungen-Schneeschuhtouren-E-Biketouren-Markus-Glaettli-wanderung-greina-5-768x576.jpg 768w, https:\/\/www.hike.ch\/wp-content\/uploads\/2021\/02\/hike-gefuehrte-Wanderungen-Schneeschuhtouren-E-Biketouren-Markus-Glaettli-wanderung-greina-5-705x529.jpg 705w\" data-sizes=\"(max-width: 800px) 100vw, 800px\" aria-label=\"image hike-gefuehrte-Wanderungen-Schneeschuhtouren-E-Biketouren-Markus-Glaettli-wanderung-greina-5\" id='av-masonry-1-item-1100' data-av-masonry-item='1100' class='av-masonry-entry isotope-item post-1100 attachment type-attachment status-inherit hentry av-masonry-item-with-image' title=\"hike-gefuehrte-Wanderungen-Schneeschuhtouren-E-Biketouren-Markus-Glaettli-wanderung-greina-5\" alt=\"\" ><div class='av-inner-masonry-sizer'><\/div><figure class='av-inner-masonry main_color'><div class=\"av-masonry-outerimage-container\"><div class='av-masonry-image-container' style=\"background-image: url(https:\/\/www.hike.ch\/wp-content\/uploads\/2021\/02\/hike-gefuehrte-Wanderungen-Schneeschuhtouren-E-Biketouren-Markus-Glaettli-wanderung-greina-5-705x529.jpg);\" title=\"hike-gefuehrte-Wanderungen-Schneeschuhtouren-E-Biketouren-Markus-Glaettli-wanderung-greina-5\" ><\/div><\/div><\/figure><\/a><!--end av-masonry entry--><a href=\"https:\/\/www.hike.ch\/wp-content\/uploads\/2021\/02\/hike-gefuehrte-Wanderungen-Schneeschuhtouren-E-Biketouren-Markus-Glaettli-wanderungen-val-muestair-muenstertal-2.jpg\" data-srcset=\"https:\/\/www.hike.ch\/wp-content\/uploads\/2021\/02\/hike-gefuehrte-Wanderungen-Schneeschuhtouren-E-Biketouren-Markus-Glaettli-wanderungen-val-muestair-muenstertal-2.jpg 800w, https:\/\/www.hike.ch\/wp-content\/uploads\/2021\/02\/hike-gefuehrte-Wanderungen-Schneeschuhtouren-E-Biketouren-Markus-Glaettli-wanderungen-val-muestair-muenstertal-2-300x225.jpg 300w, https:\/\/www.hike.ch\/wp-content\/uploads\/2021\/02\/hike-gefuehrte-Wanderungen-Schneeschuhtouren-E-Biketouren-Markus-Glaettli-wanderungen-val-muestair-muenstertal-2-768x576.jpg 768w, https:\/\/www.hike.ch\/wp-content\/uploads\/2021\/02\/hike-gefuehrte-Wanderungen-Schneeschuhtouren-E-Biketouren-Markus-Glaettli-wanderungen-val-muestair-muenstertal-2-705x529.jpg 705w\" data-sizes=\"(max-width: 800px) 100vw, 800px\" aria-label=\"image hike-gefuehrte-Wanderungen-Schneeschuhtouren-E-Biketouren-Markus-Glaettli-wanderungen-val-muestair-muenstertal-2\" id='av-masonry-1-item-1072' data-av-masonry-item='1072' class='av-masonry-entry isotope-item post-1072 attachment type-attachment status-inherit hentry av-masonry-item-with-image' title=\"hike-gefuehrte-Wanderungen-Schneeschuhtouren-E-Biketouren-Markus-Glaettli-wanderungen-val-muestair-muenstertal-2\" alt=\"\" ><div class='av-inner-masonry-sizer'><\/div><figure class='av-inner-masonry main_color'><div class=\"av-masonry-outerimage-container\"><div class='av-masonry-image-container' style=\"background-image: url(https:\/\/www.hike.ch\/wp-content\/uploads\/2021\/02\/hike-gefuehrte-Wanderungen-Schneeschuhtouren-E-Biketouren-Markus-Glaettli-wanderungen-val-muestair-muenstertal-2-705x529.jpg);\" title=\"hike-gefuehrte-Wanderungen-Schneeschuhtouren-E-Biketouren-Markus-Glaettli-wanderungen-val-muestair-muenstertal-2\" ><\/div><\/div><\/figure><\/a><!--end av-masonry entry--><a href=\"https:\/\/www.hike.ch\/wp-content\/uploads\/2021\/02\/hike-gefuehrte-Wanderungen-Schneeschuhtouren-E-Biketouren-Markus-Glaettli-wanderung-bettmeralp-aletschgletscher-5-2.jpg\" data-srcset=\"https:\/\/www.hike.ch\/wp-content\/uploads\/2021\/02\/hike-gefuehrte-Wanderungen-Schneeschuhtouren-E-Biketouren-Markus-Glaettli-wanderung-bettmeralp-aletschgletscher-5-2.jpg 800w, https:\/\/www.hike.ch\/wp-content\/uploads\/2021\/02\/hike-gefuehrte-Wanderungen-Schneeschuhtouren-E-Biketouren-Markus-Glaettli-wanderung-bettmeralp-aletschgletscher-5-2-300x225.jpg 300w, https:\/\/www.hike.ch\/wp-content\/uploads\/2021\/02\/hike-gefuehrte-Wanderungen-Schneeschuhtouren-E-Biketouren-Markus-Glaettli-wanderung-bettmeralp-aletschgletscher-5-2-768x576.jpg 768w, https:\/\/www.hike.ch\/wp-content\/uploads\/2021\/02\/hike-gefuehrte-Wanderungen-Schneeschuhtouren-E-Biketouren-Markus-Glaettli-wanderung-bettmeralp-aletschgletscher-5-2-705x529.jpg 705w\" data-sizes=\"(max-width: 800px) 100vw, 800px\" aria-label=\"image hike-gefuehrte-Wanderungen-Schneeschuhtouren-E-Biketouren-Markus-Glaettli-wanderung-bettmeralp-aletschgletscher-5\" id='av-masonry-1-item-1056' data-av-masonry-item='1056' class='av-masonry-entry isotope-item post-1056 attachment type-attachment status-inherit hentry av-masonry-item-with-image' title=\"hike-gefuehrte-Wanderungen-Schneeschuhtouren-E-Biketouren-Markus-Glaettli-wanderung-bettmeralp-aletschgletscher-5\" alt=\"\" ><div class='av-inner-masonry-sizer'><\/div><figure class='av-inner-masonry main_color'><div class=\"av-masonry-outerimage-container\"><div class='av-masonry-image-container' style=\"background-image: url(https:\/\/www.hike.ch\/wp-content\/uploads\/2021\/02\/hike-gefuehrte-Wanderungen-Schneeschuhtouren-E-Biketouren-Markus-Glaettli-wanderung-bettmeralp-aletschgletscher-5-2-705x529.jpg);\" title=\"hike-gefuehrte-Wanderungen-Schneeschuhtouren-E-Biketouren-Markus-Glaettli-wanderung-bettmeralp-aletschgletscher-5\" ><\/div><\/div><\/figure><\/a><!--end av-masonry entry--><a href=\"https:\/\/www.hike.ch\/wp-content\/uploads\/2021\/02\/hike-gefuehrte-Wanderungen-Schneeschuhtouren-E-Biketouren-Markus-Glaettli-abendtour-voll-mondschein-schneeschuhtour-8.jpg\" data-srcset=\"https:\/\/www.hike.ch\/wp-content\/uploads\/2021\/02\/hike-gefuehrte-Wanderungen-Schneeschuhtouren-E-Biketouren-Markus-Glaettli-abendtour-voll-mondschein-schneeschuhtour-8.jpg 800w, https:\/\/www.hike.ch\/wp-content\/uploads\/2021\/02\/hike-gefuehrte-Wanderungen-Schneeschuhtouren-E-Biketouren-Markus-Glaettli-abendtour-voll-mondschein-schneeschuhtour-8-300x225.jpg 300w, https:\/\/www.hike.ch\/wp-content\/uploads\/2021\/02\/hike-gefuehrte-Wanderungen-Schneeschuhtouren-E-Biketouren-Markus-Glaettli-abendtour-voll-mondschein-schneeschuhtour-8-768x576.jpg 768w, https:\/\/www.hike.ch\/wp-content\/uploads\/2021\/02\/hike-gefuehrte-Wanderungen-Schneeschuhtouren-E-Biketouren-Markus-Glaettli-abendtour-voll-mondschein-schneeschuhtour-8-705x529.jpg 705w\" data-sizes=\"(max-width: 800px) 100vw, 800px\" aria-label=\"image hike-gefuehrte-Wanderungen-Schneeschuhtouren-E-Biketouren-Markus-Glaettli-abendtour-voll-mondschein-schneeschuhtour-8\" id='av-masonry-1-item-1127' data-av-masonry-item='1127' class='av-masonry-entry isotope-item post-1127 attachment type-attachment status-inherit hentry av-masonry-item-with-image' title=\"hike-gefuehrte-Wanderungen-Schneeschuhtouren-E-Biketouren-Markus-Glaettli-abendtour-voll-mondschein-schneeschuhtour-8\" alt=\"\" ><div class='av-inner-masonry-sizer'><\/div><figure class='av-inner-masonry main_color'><div class=\"av-masonry-outerimage-container\"><div class='av-masonry-image-container' style=\"background-image: url(https:\/\/www.hike.ch\/wp-content\/uploads\/2021\/02\/hike-gefuehrte-Wanderungen-Schneeschuhtouren-E-Biketouren-Markus-Glaettli-abendtour-voll-mondschein-schneeschuhtour-8-705x529.jpg);\" title=\"hike-gefuehrte-Wanderungen-Schneeschuhtouren-E-Biketouren-Markus-Glaettli-abendtour-voll-mondschein-schneeschuhtour-8\" ><\/div><\/div><\/figure><\/a><!--end av-masonry entry--><a href=\"https:\/\/www.hike.ch\/wp-content\/uploads\/2021\/02\/hike-gefuehrte-Wanderungen-Schneeschuhtouren-E-Biketouren-Markus-Glaettli-abendtour-voll-mondschein-schneeschuhtour-1.jpg\" data-srcset=\"https:\/\/www.hike.ch\/wp-content\/uploads\/2021\/02\/hike-gefuehrte-Wanderungen-Schneeschuhtouren-E-Biketouren-Markus-Glaettli-abendtour-voll-mondschein-schneeschuhtour-1.jpg 800w, https:\/\/www.hike.ch\/wp-content\/uploads\/2021\/02\/hike-gefuehrte-Wanderungen-Schneeschuhtouren-E-Biketouren-Markus-Glaettli-abendtour-voll-mondschein-schneeschuhtour-1-300x225.jpg 300w, https:\/\/www.hike.ch\/wp-content\/uploads\/2021\/02\/hike-gefuehrte-Wanderungen-Schneeschuhtouren-E-Biketouren-Markus-Glaettli-abendtour-voll-mondschein-schneeschuhtour-1-768x576.jpg 768w, https:\/\/www.hike.ch\/wp-content\/uploads\/2021\/02\/hike-gefuehrte-Wanderungen-Schneeschuhtouren-E-Biketouren-Markus-Glaettli-abendtour-voll-mondschein-schneeschuhtour-1-705x529.jpg 705w\" data-sizes=\"(max-width: 800px) 100vw, 800px\" aria-label=\"image hike-gefuehrte-Wanderungen-Schneeschuhtouren-E-Biketouren-Markus-Glaettli-abendtour-voll-mondschein-schneeschuhtour-1\" id='av-masonry-1-item-1113' data-av-masonry-item='1113' class='av-masonry-entry isotope-item post-1113 attachment type-attachment status-inherit hentry av-masonry-item-with-image' title=\"hike-gefuehrte-Wanderungen-Schneeschuhtouren-E-Biketouren-Markus-Glaettli-abendtour-voll-mondschein-schneeschuhtour-1\" alt=\"\" ><div class='av-inner-masonry-sizer'><\/div><figure class='av-inner-masonry main_color'><div class=\"av-masonry-outerimage-container\"><div class='av-masonry-image-container' style=\"background-image: url(https:\/\/www.hike.ch\/wp-content\/uploads\/2021\/02\/hike-gefuehrte-Wanderungen-Schneeschuhtouren-E-Biketouren-Markus-Glaettli-abendtour-voll-mondschein-schneeschuhtour-1-705x529.jpg);\" title=\"hike-gefuehrte-Wanderungen-Schneeschuhtouren-E-Biketouren-Markus-Glaettli-abendtour-voll-mondschein-schneeschuhtour-1\" ><\/div><\/div><\/figure><\/a><!--end av-masonry entry--><\/div><\/div>\n","protected":false},"excerpt":{"rendered":"","protected":false},"author":6,"featured_media":0,"parent":0,"menu_order":0,"comment_status":"closed","ping_status":"closed","template":"","meta":{"_acf_changed":false,"footnotes":""},"class_list":["post-1812","page","type-page","status-publish","hentry"],"acf":[],"yoast_head":"<!-- This site is optimized with the Yoast SEO plugin v27.1.1 - https:\/\/yoast.com\/product\/yoast-seo-wordpress\/ -->\n<title>hike.ch - Hike<\/title>\n<meta name=\"robots\" content=\"index, follow, max-snippet:-1, max-image-preview:large, max-video-preview:-1\" \/>\n<link rel=\"canonical\" href=\"https:\/\/www.hike.ch\/en\/\" \/>\n<meta property=\"og:locale\" content=\"en_US\" \/>\n<meta property=\"og:type\" content=\"article\" \/>\n<meta property=\"og:title\" content=\"hike.ch - Hike\" \/>\n<meta property=\"og:url\" content=\"https:\/\/www.hike.ch\/en\/\" \/>\n<meta property=\"og:site_name\" content=\"Hike\" \/>\n<meta property=\"article:modified_time\" content=\"2022-01-21T08:09:30+00:00\" \/>\n<meta name=\"twitter:card\" content=\"summary_large_image\" \/>\n<meta name=\"twitter:label1\" content=\"Est. reading time\" \/>\n\t<meta name=\"twitter:data1\" content=\"8 minutes\" \/>\n<script type=\"application\/ld+json\" class=\"yoast-schema-graph\">{\"@context\":\"https:\/\/schema.org\",\"@graph\":[{\"@type\":\"WebPage\",\"@id\":\"https:\/\/www.hike.ch\/en\/\",\"url\":\"https:\/\/www.hike.ch\/en\/\",\"name\":\"hike.ch - Hike\",\"isPartOf\":{\"@id\":\"https:\/\/www.hike.ch\/en\/#website\"},\"datePublished\":\"2021-04-13T09:41:44+00:00\",\"dateModified\":\"2022-01-21T08:09:30+00:00\",\"breadcrumb\":{\"@id\":\"https:\/\/www.hike.ch\/en\/#breadcrumb\"},\"inLanguage\":\"en-US\",\"potentialAction\":[{\"@type\":\"ReadAction\",\"target\":[\"https:\/\/www.hike.ch\/en\/\"]}]},{\"@type\":\"BreadcrumbList\",\"@id\":\"https:\/\/www.hike.ch\/en\/#breadcrumb\",\"itemListElement\":[{\"@type\":\"ListItem\",\"position\":1,\"name\":\"Home\",\"item\":\"https:\/\/www.hike.ch\/en\/hike\/\"},{\"@type\":\"ListItem\",\"position\":2,\"name\":\"hike.ch\"}]},{\"@type\":\"WebSite\",\"@id\":\"https:\/\/www.hike.ch\/en\/#website\",\"url\":\"https:\/\/www.hike.ch\/en\/\",\"name\":\"Hike\",\"description\":\"\",\"potentialAction\":[{\"@type\":\"SearchAction\",\"target\":{\"@type\":\"EntryPoint\",\"urlTemplate\":\"https:\/\/www.hike.ch\/en\/?s={search_term_string}\"},\"query-input\":{\"@type\":\"PropertyValueSpecification\",\"valueRequired\":true,\"valueName\":\"search_term_string\"}}],\"inLanguage\":\"en-US\"}]}<\/script>\n<!-- \/ Yoast SEO plugin. -->","yoast_head_json":{"title":"hike.ch - Hike","robots":{"index":"index","follow":"follow","max-snippet":"max-snippet:-1","max-image-preview":"max-image-preview:large","max-video-preview":"max-video-preview:-1"},"canonical":"https:\/\/www.hike.ch\/en\/","og_locale":"en_US","og_type":"article","og_title":"hike.ch - Hike","og_url":"https:\/\/www.hike.ch\/en\/","og_site_name":"Hike","article_modified_time":"2022-01-21T08:09:30+00:00","twitter_card":"summary_large_image","twitter_misc":{"Est. reading time":"8 minutes"},"schema":{"@context":"https:\/\/schema.org","@graph":[{"@type":"WebPage","@id":"https:\/\/www.hike.ch\/en\/","url":"https:\/\/www.hike.ch\/en\/","name":"hike.ch - Hike","isPartOf":{"@id":"https:\/\/www.hike.ch\/en\/#website"},"datePublished":"2021-04-13T09:41:44+00:00","dateModified":"2022-01-21T08:09:30+00:00","breadcrumb":{"@id":"https:\/\/www.hike.ch\/en\/#breadcrumb"},"inLanguage":"en-US","potentialAction":[{"@type":"ReadAction","target":["https:\/\/www.hike.ch\/en\/"]}]},{"@type":"BreadcrumbList","@id":"https:\/\/www.hike.ch\/en\/#breadcrumb","itemListElement":[{"@type":"ListItem","position":1,"name":"Home","item":"https:\/\/www.hike.ch\/en\/hike\/"},{"@type":"ListItem","position":2,"name":"hike.ch"}]},{"@type":"WebSite","@id":"https:\/\/www.hike.ch\/en\/#website","url":"https:\/\/www.hike.ch\/en\/","name":"Hike","description":"","potentialAction":[{"@type":"SearchAction","target":{"@type":"EntryPoint","urlTemplate":"https:\/\/www.hike.ch\/en\/?s={search_term_string}"},"query-input":{"@type":"PropertyValueSpecification","valueRequired":true,"valueName":"search_term_string"}}],"inLanguage":"en-US"}]}},"_links":{"self":[{"href":"https:\/\/www.hike.ch\/en\/wp-json\/wp\/v2\/pages\/1812","targetHints":{"allow":["GET"]}}],"collection":[{"href":"https:\/\/www.hike.ch\/en\/wp-json\/wp\/v2\/pages"}],"about":[{"href":"https:\/\/www.hike.ch\/en\/wp-json\/wp\/v2\/types\/page"}],"author":[{"embeddable":true,"href":"https:\/\/www.hike.ch\/en\/wp-json\/wp\/v2\/users\/6"}],"replies":[{"embeddable":true,"href":"https:\/\/www.hike.ch\/en\/wp-json\/wp\/v2\/comments?post=1812"}],"version-history":[{"count":16,"href":"https:\/\/www.hike.ch\/en\/wp-json\/wp\/v2\/pages\/1812\/revisions"}],"predecessor-version":[{"id":2460,"href":"https:\/\/www.hike.ch\/en\/wp-json\/wp\/v2\/pages\/1812\/revisions\/2460"}],"wp:attachment":[{"href":"https:\/\/www.hike.ch\/en\/wp-json\/wp\/v2\/media?parent=1812"}],"curies":[{"name":"wp","href":"https:\/\/api.w.org\/{rel}","templated":true}]}}