{"id":1780,"date":"2021-04-13T09:26:59","date_gmt":"2021-04-13T09:26:59","guid":{"rendered":"https:\/\/neu.hike.ch\/?page_id=1780"},"modified":"2021-05-07T12:57:21","modified_gmt":"2021-05-07T12:57:21","slug":"links","status":"publish","type":"page","link":"https:\/\/www.hike.ch\/en\/links\/","title":{"rendered":"Links"},"content":{"rendered":"<div id='full_slider_1' class='avia-fullwidth-slider main_color avia-shadow avia-builder-el-0 el_before_av_layout_row avia-builder-el-first container_wrap fullsize' >\n<style type=\"text\/css\" data-created_by=\"avia_inline_auto\" id=\"style-css-av-rl2f9g-96bc6574062878b590f3562217590476\">\n#top #wrap_all .avia-slideshow .av-slideshow-caption.av-rl2f9g-96bc6574062878b590f3562217590476__0 .avia-caption-title{\nfont-size:30px;\n}\n#top .avia-slideshow .av-slideshow-caption.av-rl2f9g-96bc6574062878b590f3562217590476__0 .avia-caption-content{\nfont-size:15px;\n}\n#top .avia-slideshow .av-slideshow-caption.av-rl2f9g-96bc6574062878b590f3562217590476__0 .avia-caption-content p{\nfont-size:15px;\n}\n<\/style>\n<div class='avia-slideshow av-rl2f9g-96bc6574062878b590f3562217590476 avia-slideshow-no scaling av_slideshow_full avia-fade-slider av-slideshow-ui av-control-minimal av-slideshow-manual av-loop-once av-loop-manual-endless av-default-height-applied avia-slideshow-1' data-slideshow-options=\"{\"animation\":\"fade\",\"autoplay\":false,\"loop_autoplay\":\"once\",\"interval\":5,\"loop_manual\":\"manual-endless\",\"autoplay_stopper\":false,\"noNavigation\":false,\"bg_slider\":false,\"keep_padding\":false,\"hoverpause\":false,\"show_slide_delay\":0}\" ><ul class='avia-slideshow-inner ' style='padding-bottom: 26.212319790301%;'><li class='avia-slideshow-slide av-rl2f9g-96bc6574062878b590f3562217590476__0 av-single-slide slide-1 slide-odd'><div data-rel='slideshow-1' class='avia-slide-wrap ' ><div class='av-slideshow-caption av-rl2f9g-96bc6574062878b590f3562217590476__0 caption_fullwidth caption_center'><div class=\"container caption_container\"><div class=\"slideshow_caption\"><div class=\"slideshow_inner_caption\"><div class=\"slideshow_align_caption\"><h2 class='avia-caption-title ' >Experience nature with Markus Gl\u00e4ttli - hike.ch<\/h2><div class='avia-caption-content ' ><p>Experience the silence, tranquillity and power of nature<\/p>\n<\/div><a href='https:\/\/www.hike.ch\/en\/tour-program\/' class='avia-slideshow-button avia-button avia-color-light avia-multi-slideshow-button' data-duration='800' data-easing='easeInOutQuad'>All tours<\/a><a href='https:\/\/www.hike.ch\/en\/sign-up-for-newsletter\/' class='avia-slideshow-button avia-button avia-color-light avia-multi-slideshow-button avia-slideshow-button-2' data-duration='800' data-easing='easeInOutQuad'>Sign up for the newsletter<\/a><\/div><\/div><\/div><\/div><\/div><img decoding=\"async\" fetchpriority=\"high\" class=\"wp-image-1652 avia-img-lazy-loading-not-1652\" src=\"https:\/\/www.hike.ch\/wp-content\/uploads\/2021\/03\/hike-gefuehrte-Wanderungen-Schneeschuhtouren-E-Biketouren-Markus-Glaettli-Narzissen-Slider.jpg\" width=\"2289\" height=\"600\" title='hike-gefuehrte-Wanderungen-Schneeschuhtouren-E-Biketouren-Markus-Glaettli-Narzissen-Slider' alt='' srcset=\"https:\/\/www.hike.ch\/wp-content\/uploads\/2021\/03\/hike-gefuehrte-Wanderungen-Schneeschuhtouren-E-Biketouren-Markus-Glaettli-Narzissen-Slider.jpg 2289w, https:\/\/www.hike.ch\/wp-content\/uploads\/2021\/03\/hike-gefuehrte-Wanderungen-Schneeschuhtouren-E-Biketouren-Markus-Glaettli-Narzissen-Slider-300x79.jpg 300w, https:\/\/www.hike.ch\/wp-content\/uploads\/2021\/03\/hike-gefuehrte-Wanderungen-Schneeschuhtouren-E-Biketouren-Markus-Glaettli-Narzissen-Slider-1030x270.jpg 1030w, https:\/\/www.hike.ch\/wp-content\/uploads\/2021\/03\/hike-gefuehrte-Wanderungen-Schneeschuhtouren-E-Biketouren-Markus-Glaettli-Narzissen-Slider-768x201.jpg 768w, https:\/\/www.hike.ch\/wp-content\/uploads\/2021\/03\/hike-gefuehrte-Wanderungen-Schneeschuhtouren-E-Biketouren-Markus-Glaettli-Narzissen-Slider-1536x403.jpg 1536w, https:\/\/www.hike.ch\/wp-content\/uploads\/2021\/03\/hike-gefuehrte-Wanderungen-Schneeschuhtouren-E-Biketouren-Markus-Glaettli-Narzissen-Slider-2048x537.jpg 2048w, https:\/\/www.hike.ch\/wp-content\/uploads\/2021\/03\/hike-gefuehrte-Wanderungen-Schneeschuhtouren-E-Biketouren-Markus-Glaettli-Narzissen-Slider-1500x393.jpg 1500w, https:\/\/www.hike.ch\/wp-content\/uploads\/2021\/03\/hike-gefuehrte-Wanderungen-Schneeschuhtouren-E-Biketouren-Markus-Glaettli-Narzissen-Slider-705x185.jpg 705w\" sizes=\"(max-width: 2289px) 100vw, 2289px\" \/><\/div><\/li><\/ul><\/div><\/div>\n<div id='av-layout-grid-1' class='av-layout-grid-container av-9z3mm-36f02cfedf24377dd54df080e261c06b entry-content-wrapper main_color av-fixed-cells avia-builder-el-1 el_after_av_slideshow_full el_before_av_section grid-row-not-first container_wrap fullsize' >\n\n<style type=\"text\/css\" data-created_by=\"avia_inline_auto\" id=\"style-css-av-kkgoflzw-9bc56522094ff54a2789abd982c77ca9\">\n.flex_cell.av-kkgoflzw-9bc56522094ff54a2789abd982c77ca9{\nvertical-align:top;\nheight:7px;\nmin-height:7px;\nbackground-color:#673b15;\n}\n.responsive #top #wrap_all .flex_cell.av-kkgoflzw-9bc56522094ff54a2789abd982c77ca9{\npadding:0px 0px 0px 0px !important;\n}\n<\/style>\n<div class='flex_cell av-kkgoflzw-9bc56522094ff54a2789abd982c77ca9 av-gridrow-cell av_one_third no_margin avia-builder-el-2 el_before_av_cell_one_third avia-builder-el-first content-align-top av-zero-padding' ><div class='flex_cell_inner'><\/div><\/div>\n<style type=\"text\/css\" data-created_by=\"avia_inline_auto\" id=\"style-css-av-kkgoje5w-bedecad2a10bf7bd588506142702c8e6\">\n.flex_cell.av-kkgoje5w-bedecad2a10bf7bd588506142702c8e6{\nvertical-align:top;\nheight:7px;\nmin-height:7px;\nbackground-color:#8d796a;\n}\n.responsive #top #wrap_all .flex_cell.av-kkgoje5w-bedecad2a10bf7bd588506142702c8e6{\npadding:0px 0px 0px 0px !important;\n}\n<\/style>\n<div class='flex_cell av-kkgoje5w-bedecad2a10bf7bd588506142702c8e6 av-gridrow-cell av_one_third no_margin avia-builder-el-3 el_after_av_cell_one_third el_before_av_cell_one_third content-align-top av-zero-padding' ><div class='flex_cell_inner'><\/div><\/div>\n<style type=\"text\/css\" data-created_by=\"avia_inline_auto\" id=\"style-css-av-kkgog0rv-7f41c7cc959e372af19a449d0fe1d3b8\">\n.flex_cell.av-kkgog0rv-7f41c7cc959e372af19a449d0fe1d3b8{\nvertical-align:top;\nheight:7px;\nmin-height:7px;\nbackground-color:#c5b395;\n}\n.responsive #top #wrap_all .flex_cell.av-kkgog0rv-7f41c7cc959e372af19a449d0fe1d3b8{\npadding:0px 0px 0px 0px !important;\n}\n<\/style>\n<div class='flex_cell av-kkgog0rv-7f41c7cc959e372af19a449d0fe1d3b8 av-gridrow-cell av_one_third no_margin avia-builder-el-4 el_after_av_cell_one_third avia-builder-el-last content-align-top av-zero-padding' ><div class='flex_cell_inner'><\/div><\/div>\n<\/div>\n\n<style type=\"text\/css\" data-created_by=\"avia_inline_auto\" id=\"style-css-av-o6rk6c-cfc06a1267aa1d4a4cdc4c558a980765\">\n.avia-section.av-o6rk6c-cfc06a1267aa1d4a4cdc4c558a980765{\nbackground-color:#d6d6d6;\nbackground-image:unset;\n}\n<\/style>\n<div id='av_section_1' class='avia-section av-o6rk6c-cfc06a1267aa1d4a4cdc4c558a980765 main_color avia-section-small avia-no-border-styling avia-builder-el-5 el_after_av_layout_row el_before_av_section avia-bg-style-scroll container_wrap fullsize' ><div class='container av-section-cont-open' ><div class='template-page content av-content-full alpha units'><div class='post-entry post-entry-type-page post-entry-1780'><div class='entry-content-wrapper clearfix'>\n\n<style type=\"text\/css\" data-created_by=\"avia_inline_auto\" id=\"style-css-av-m39so4-d529842ad677c4b3cd70d4a26fa2ff16\">\n.flex_column.av-m39so4-d529842ad677c4b3cd70d4a26fa2ff16{\nborder-radius:0px 0px 0px 0px;\npadding:0px 0px 0px 0px;\n}\n<\/style>\n<div class='flex_column av-m39so4-d529842ad677c4b3cd70d4a26fa2ff16 av_one_third avia-builder-el-6 el_before_av_one_third avia-builder-el-first first flex_column_div av-zero-column-padding ' ><style type=\"text\/css\" data-created_by=\"avia_inline_auto\" id=\"style-css-av-l60itg-d3a0de69b06d43c430d798e824ed3882\">\n.av_font_icon.av-l60itg-d3a0de69b06d43c430d798e824ed3882{\ncolor:#673b15;\nborder-color:#673b15;\n}\n.avia-svg-icon.av-l60itg-d3a0de69b06d43c430d798e824ed3882 svg:first-child{\nstroke:#673b15;\nfill:#673b15;\n}\n.av_font_icon.av-l60itg-d3a0de69b06d43c430d798e824ed3882 .av-icon-char{\nfont-size:30px;\nline-height:30px;\nwidth:30px;\n}\n<\/style>\n<span class='av_font_icon av-l60itg-d3a0de69b06d43c430d798e824ed3882 avia_animate_when_visible av-icon-style-border avia-icon-pos-center avia-iconfont avia-font-flaticon avia-icon-animate'><span class='av-icon-char' data-av_icon='\uf107' data-av_iconfont='flaticon' aria-hidden=\"true\" ><\/span><span class='av_icon_caption av-special-font'>Personal tours<\/span><\/span><\/div>\n<style type=\"text\/css\" data-created_by=\"avia_inline_auto\" id=\"style-css-av-jjfwbo-2f7ab2a908b8e1141ff786b67d6916ab\">\n.flex_column.av-jjfwbo-2f7ab2a908b8e1141ff786b67d6916ab{\nborder-radius:0px 0px 0px 0px;\npadding:0px 0px 0px 0px;\n}\n<\/style>\n<div class='flex_column av-jjfwbo-2f7ab2a908b8e1141ff786b67d6916ab av_one_third avia-builder-el-8 el_after_av_one_third el_before_av_one_third flex_column_div av-zero-column-padding ' ><style type=\"text\/css\" data-created_by=\"avia_inline_auto\" id=\"style-css-av-hq0kno-a9ebe2b1d109849117142e4cfccbfa4c\">\n.av_font_icon.av-hq0kno-a9ebe2b1d109849117142e4cfccbfa4c{\ncolor:#673b15;\nborder-color:#673b15;\n}\n.avia-svg-icon.av-hq0kno-a9ebe2b1d109849117142e4cfccbfa4c svg:first-child{\nstroke:#673b15;\nfill:#673b15;\n}\n.av_font_icon.av-hq0kno-a9ebe2b1d109849117142e4cfccbfa4c .av-icon-char{\nfont-size:30px;\nline-height:30px;\nwidth:30px;\n}\n<\/style>\n<span class='av_font_icon av-hq0kno-a9ebe2b1d109849117142e4cfccbfa4c avia_animate_when_visible av-icon-style-border avia-icon-pos-center avia-iconfont avia-font-flaticon avia-icon-animate'><span class='av-icon-char' data-av_icon='\uf105' data-av_iconfont='flaticon' aria-hidden=\"true\" ><\/span><span class='av_icon_caption av-special-font'>Small groups<\/span><\/span><\/div>\n<style type=\"text\/css\" data-created_by=\"avia_inline_auto\" id=\"style-css-av-g6kot0-c72e03a588f07763ef09fbad3b2317ae\">\n.flex_column.av-g6kot0-c72e03a588f07763ef09fbad3b2317ae{\nborder-radius:0px 0px 0px 0px;\npadding:0px 0px 0px 0px;\n}\n<\/style>\n<div class='flex_column av-g6kot0-c72e03a588f07763ef09fbad3b2317ae av_one_third avia-builder-el-10 el_after_av_one_third avia-builder-el-last flex_column_div av-zero-column-padding ' ><style type=\"text\/css\" data-created_by=\"avia_inline_auto\" id=\"style-css-av-eh5tr8-7c5fecf60e33cef619ed5536080e245a\">\n.av_font_icon.av-eh5tr8-7c5fecf60e33cef619ed5536080e245a{\ncolor:#673b15;\nborder-color:#673b15;\n}\n.avia-svg-icon.av-eh5tr8-7c5fecf60e33cef619ed5536080e245a svg:first-child{\nstroke:#673b15;\nfill:#673b15;\n}\n.av_font_icon.av-eh5tr8-7c5fecf60e33cef619ed5536080e245a .av-icon-char{\nfont-size:30px;\nline-height:30px;\nwidth:30px;\n}\n<\/style>\n<span class='av_font_icon av-eh5tr8-7c5fecf60e33cef619ed5536080e245a avia_animate_when_visible av-icon-style-border avia-icon-pos-center avia-iconfont avia-font-flaticon avia-icon-animate'><span class='av-icon-char' data-av_icon='\uf120' data-av_iconfont='flaticon' aria-hidden=\"true\" ><\/span><span class='av_icon_caption av-special-font'> CO2-compensation<\/span><\/span><\/div>\n\n<\/div><\/div><\/div><!-- close content main div --><\/div><\/div><div id='av_section_2' class='avia-section av-6rn79y-822c8c9be4c45276c764ec2c7656ea8e main_color avia-section-default avia-no-border-styling avia-builder-el-12 el_after_av_section el_before_av_section avia-bg-style-scroll container_wrap fullsize' ><div class='container av-section-cont-open' ><div class='template-page content av-content-full alpha units'><div class='post-entry post-entry-type-page post-entry-1780'><div class='entry-content-wrapper clearfix'>\n\n<style type=\"text\/css\" data-created_by=\"avia_inline_auto\" id=\"style-css-av-kkgx9bvp-3585008fc232111bfca03b619518a92b\">\n#top .av-special-heading.av-kkgx9bvp-3585008fc232111bfca03b619518a92b{\npadding-bottom:20px;\n}\nbody .av-special-heading.av-kkgx9bvp-3585008fc232111bfca03b619518a92b .av-special-heading-tag .heading-char{\nfont-size:25px;\n}\n.av-special-heading.av-kkgx9bvp-3585008fc232111bfca03b619518a92b .av-subheading{\nfont-size:15px;\n}\n<\/style>\n<div id='ae5e611632fd850eef966b63d729fefb' class='av-special-heading av-kkgx9bvp-3585008fc232111bfca03b619518a92b av-special-heading-h1 blockquote classic-quote avia-builder-el-13 el_before_av_hr avia-builder-el-first '><h1 class='av-special-heading-tag ' >Links<\/h1><div class=\"special-heading-border\"><div class=\"special-heading-inner-border\"><\/div><\/div><\/div>\n\n<style type=\"text\/css\" data-created_by=\"avia_inline_auto\" id=\"style-css-av-5xp6mu-bd28fb7452cb9db4023f0f47d335045f\">\n#top .hr.av-5xp6mu-bd28fb7452cb9db4023f0f47d335045f{\nmargin-top:25px;\nmargin-bottom:30px;\n}\n.hr.av-5xp6mu-bd28fb7452cb9db4023f0f47d335045f .hr-inner{\nwidth:150px;\nborder-color:#673b15;\nmax-width:45%;\n}\n.hr.av-5xp6mu-bd28fb7452cb9db4023f0f47d335045f .av-seperator-icon{\ncolor:#673b15;\n}\n.hr.av-5xp6mu-bd28fb7452cb9db4023f0f47d335045f .av-seperator-icon.avia-svg-icon svg:first-child{\nfill:#673b15;\nstroke:#673b15;\n}\n<\/style>\n<div class='hr av-5xp6mu-bd28fb7452cb9db4023f0f47d335045f hr-custom avia-builder-el-14 el_after_av_heading el_before_av_textblock hr-center hr-icon-yes'><span class='hr-inner inner-border-av-border-fat'><span class=\"hr-inner-style\"><\/span><\/span><span class='av-seperator-icon avia-iconfont avia-font-flaticon' data-av_icon='\uf108' data-av_iconfont='flaticon' ><\/span><span class='hr-inner inner-border-av-border-fat'><span class=\"hr-inner-style\"><\/span><\/span><\/div>\n<section class='av_textblock_section av-kkgx8a56-29f298d6691dd2c147a8ebcc827fc7c7 ' ><div class='avia_textblock' ><article id=\"c566\" class=\"csc-default\">\n<h3>Fahrpl\u00e4ne<\/h3>\n<\/article>\n<article id=\"c580\" class=\"csc-default\"><b>Finnland: <\/b><a href=\"http:\/\/www.vr.fi\/\" target=\"_blank\" rel=\"noopener\">www.vr.fi<\/a><\/article>\n<article id=\"c582\" class=\"csc-default\"><b>Schweiz: <\/b><a href=\"http:\/\/www.sbb.ch\/\" target=\"_blank\" rel=\"noopener\">www.sbb.ch<\/a><\/article>\n<article id=\"c583\" class=\"csc-default\"><b>Weltweit: <\/b><a href=\"http:\/\/www.fahrplan-online.de\/\" target=\"_blank\" rel=\"noopener\">www.fahrplan-online.de<\/a><\/article>\n<article id=\"c573\" class=\"csc-default\">\n<hr \/>\n<\/article>\n<article id=\"c567\" class=\"csc-default\">\n<h3>Gesundheit<\/h3>\n<\/article>\n<article id=\"c584\" class=\"csc-default\"><b>Kinesiologie<\/b><\/p>\n<ul>\n<li>Margrit Streiff, W\u00e4denswil, <a href=\"http:\/\/www.kinesiologie-streiff.ch\/\" target=\"_blank\" rel=\"noopener\">www.kinesiologie-streiff.ch<\/a><\/li>\n<li>Katharina B. Gattiker-Bertschinger, Z\u00fcrich;<strong> <\/strong><a href=\"http:\/\/www.energeia.ch\/\" target=\"_blank\" rel=\"noopener\">www.energeia.ch<\/a><\/li>\n<\/ul>\n<\/article>\n<article id=\"c574\" class=\"csc-default\">\n<hr \/>\n<\/article>\n<article id=\"c568\" class=\"csc-default\">\n<h3>Lehren und Lernen<\/h3>\n<\/article>\n<article id=\"c585\" class=\"csc-default\"><b>Birkenbihl<\/b><\/p>\n<ul>\n<li>Birkenbihl: Gehirn-gerecht lehren und lernen,<strong> <\/strong><a href=\"http:\/\/www.birkenbihl.com\/\" target=\"_blank\" rel=\"noopener\">www.birkenbihl.com<\/a><\/li>\n<li>Protalk: Plattform f\u00fcr Lernende und Lehrende, <a href=\"http:\/\/www.protalk.ch\/\" target=\"_blank\" rel=\"noopener\">www.protalk.ch<\/a><\/li>\n<\/ul>\n<\/article>\n<article id=\"c575\" class=\"csc-default\">\n<hr \/>\n<\/article>\n<article id=\"c569\" class=\"csc-default\">\n<h3>\u00d6kologie<\/h3>\n<\/article>\n<article id=\"c586\" class=\"csc-default\"><b>\u00d6kostrom:<\/b> <a class=\"external-link-new-window\" title=\"Opens external link in new window\" href=\"http:\/\/www.oekostromschweiz.ch\/\" target=\"_blank\" rel=\"noopener\">www.oekostromschweiz.ch<\/a><b><br \/>\n<\/b>(Bezug deckt den privaten und gesch\u00e4ftlichen Stromverbrauch zuhause von hike.ch, siehe Zertifikat)<b><br \/>\n<\/b><\/article>\n<article id=\"c587\" class=\"csc-default\"><b>Topten: <\/b>Die energieeffizientesten Ger\u00e4te, <a href=\"http:\/\/www.topten.ch\/\" target=\"_blank\" rel=\"noopener\">www.topten.ch<\/a><\/article>\n<article id=\"c576\" class=\"csc-default\">\n<hr \/>\n<\/article>\n<article id=\"c570\" class=\"csc-default\">\n<h3>Wetter<\/h3>\n<\/article>\n<article id=\"c588\" class=\"csc-default\"><b>Finnland:<\/b> <a class=\"external-link-new-window\" title=\"Opens external link in new window\" href=\"http:\/\/www.fmi.fi\/en\/index.html\" target=\"_blank\" rel=\"noopener\">www.fmi.fi\/en\/index.html<\/a><\/article>\n<article id=\"c589\" class=\"csc-default\"><b>Schweiz<\/b><\/p>\n<ul>\n<li>Meteoblue: <a href=\"http:\/\/www.meteoblue.com\/\" target=\"_blank\" rel=\"noopener\">www.meteoblue.com<\/a><\/li>\n<li>MeteoSchweiz: <a class=\"external-link-new-window\" title=\"Opens external link in new window\" href=\"http:\/\/www.meteoschweiz.ch\/\" target=\"_blank\" rel=\"noopener\">www.meteoschweiz.ch<\/a><\/li>\n<\/ul>\n<\/article>\n<article id=\"c577\" class=\"csc-default\">\n<hr \/>\n<\/article>\n<article id=\"c571\" class=\"csc-default\">\n<h3>W\u00f6rterb\u00fccher<\/h3>\n<\/article>\n<article id=\"c590\" class=\"csc-default\">\n<ul>\n<li><strong>Google: <\/strong>fast 100 Sprachen, <a href=\"https:\/\/translate.google.com\/\" target=\"_blank\" rel=\"noopener\">https:\/\/translate.google.com<\/a><\/li>\n<\/ul>\n<\/article>\n<article id=\"c591\" class=\"csc-default\">\n<ul>\n<li><strong>Leo:<\/strong> 9 Sprachen (Deutsch, Chinesisch, Englisch, Franz\u00f6sisch, Italienisch, Polnisch, Portugiesisch, Russisch, Spanisch), <a class=\"external-link-new-window\" title=\"Opens external link in new window\" href=\"http:\/\/www.leo.org\/\" target=\"_blank\" rel=\"noopener\">www.leo.org<\/a><\/li>\n<\/ul>\n<\/article>\n<article id=\"c578\" class=\"csc-default\">\n<hr \/>\n<\/article>\n<article id=\"c572\" class=\"csc-default\">\n<h3>Zeitungen<\/h3>\n<\/article>\n<article id=\"c593\" class=\"csc-default\">\n<ul>\n<li><strong>Verzeichnis Schweiz:<\/strong> <a href=\"http:\/\/www.zeitung.ch\/\" target=\"_blank\" rel=\"noopener\">www.zeitung.ch<\/a><\/li>\n<li><strong>Verzeichnis weltweit: <\/strong><a href=\"http:\/\/de.wikipedia.org\/wiki\/Liste_von_Zeitungen\" target=\"_blank\" rel=\"noopener\">http:\/\/de.wikipedia.org\/wiki\/Liste_von_Zeitungen<\/a><\/li>\n<\/ul>\n<\/article>\n<\/div><\/section>\n\n<\/div><\/div><\/div><!-- close content main div --><\/div><\/div><div id='av_section_3' class='avia-section av-cpmvic-82f5fe75c3572aab8178acee98a43405 main_color avia-section-default avia-no-border-styling avia-builder-el-16 el_after_av_section el_before_av_button_big avia-bg-style-scroll container_wrap fullsize' ><div class='container av-section-cont-open' ><div class='template-page content av-content-full alpha units'><div class='post-entry post-entry-type-page post-entry-1780'><div class='entry-content-wrapper clearfix'>\n\n<style type=\"text\/css\" data-created_by=\"avia_inline_auto\" id=\"style-css-av-biaqdw-98add49586ddba23cb97d2f1f6da70b5\">\n#top .av-special-heading.av-biaqdw-98add49586ddba23cb97d2f1f6da70b5{\npadding-bottom:10px;\n}\nbody .av-special-heading.av-biaqdw-98add49586ddba23cb97d2f1f6da70b5 .av-special-heading-tag .heading-char{\nfont-size:25px;\n}\n.av-special-heading.av-biaqdw-98add49586ddba23cb97d2f1f6da70b5 .av-subheading{\nfont-size:15px;\n}\n<\/style>\n<div id='0261a0f8993eabe801c10d01772691a9' class='av-special-heading av-biaqdw-98add49586ddba23cb97d2f1f6da70b5 av-special-heading-h2 blockquote classic-quote avia-builder-el-17 el_before_av_blog2 avia-builder-el-first '><h2 class='av-special-heading-tag ' >Current tours<\/h2><div class=\"special-heading-border\"><div class=\"special-heading-inner-border\"><\/div><\/div><\/div>\n<div class='av-alb-blogposts template-blog av-blog-meta-html-info-disabled ' ><div class=\"custom-raster flex_column av_one_third flex_column_div av-zero-column-padding el_before_av_one_third first avia-builder-el-first\"><article style='cursor:pointer;' onclick=\"window.location='https:\/\/www.hike.ch\/en\/touren\/gefuehrte-schneeschuh-kurzwoche-im-stillen-val-muestair-und-s-charl-beim-nationalpark\/'\" class='post-entry post-entry-type-standard post-entry-2850 post-loop-1 post-parity-odd 111 post with-slider post-2850 touren type-touren status-publish has-post-thumbnail hentry category-schneeschuhtour category-winter' >\n \n <div style='position: relative;'>\n <img decoding=\"async\" width=\"640\" height=\"480\" loading=\"lazy\" style=\"width:100%\" src=\"https:\/\/www.hike.ch\/wp-content\/uploads\/2021\/01\/schneeschuhtour-val-muestair-3.jpg\" class=\"wp-image-2142 avia-img-lazy-loading-2142 attachment-post-thumbnail size-post-thumbnail wp-post-image\" alt=\"Schneeschuhtour Val M\u00fcstair\" srcset=\"https:\/\/www.hike.ch\/wp-content\/uploads\/2021\/01\/schneeschuhtour-val-muestair-3.jpg 640w, https:\/\/www.hike.ch\/wp-content\/uploads\/2021\/01\/schneeschuhtour-val-muestair-3-300x225.jpg 300w\" sizes=\"auto, (max-width: 640px) 100vw, 640px\" \/><small class='avia-copyright'>Markus Gl\u00e4ttli, www.hike.ch, info@hike.ch<\/small>\n <div style='position: absolute;bottom: 8px;left: 0;color: #000000;font-size: 12px;font-size: 0.75rem;line-height: 1.5;border-radius: 0 0.1875rem 0 0;overflow: hidden;display: -moz-flex;display: flex;flex-wrap: wrap;'>\n <div style=\"background-color:white;-moz-flex: 0 0 auto;flex: 0 0 auto;padding: 0.25rem 0.65rem;z-index: 1;\" class=\"grlist-item cat-28\">Schneeschuhtour<\/div><div style=\"background-color:white;border-left:1px solid grey;-moz-flex: 0 0 auto;flex: 0 0 auto;padding: 0.25rem 0.65rem;z-index: 1;\" class=\"grlist-item cat-25\">Winter<\/div>\n <\/div>\n <\/div>\n <div class='grtext' style='padding:0 20px;overflow:hidden;margin-top: 16px;'>\n <div class='publishdate' style='margin-bottom:10px;'>13. December 2022<\/div>\n \n<style type=\"text\/css\" data-created_by=\"avia_inline_auto\" id=\"style-css-av-av_heading-18eb84a5bcfb6578b60d21cca8f23786\">\n#top .av-special-heading.av-av_heading-18eb84a5bcfb6578b60d21cca8f23786{\nmargin:0 0 0 0;\npadding-bottom:10px;\n}\nbody .av-special-heading.av-av_heading-18eb84a5bcfb6578b60d21cca8f23786 .av-special-heading-tag .heading-char{\nfont-size:25px;\n}\n.av-special-heading.av-av_heading-18eb84a5bcfb6578b60d21cca8f23786 .av-subheading{\nfont-size:15px;\n}\n<\/style>\n<div id='519e1dafbe05d73fbe200d3d91340fcf' class='av-special-heading av-av_heading-18eb84a5bcfb6578b60d21cca8f23786 av-special-heading-h2 blockquote modern-quote avia-builder-el-0 el_before_av_one_half avia-builder-el-first '><h2 class='av-special-heading-tag ' >Gef\u00fchrte Schneeschuh-Kurzwoche im stillen Val M\u00fcstair und S-charl beim Nationalpark<\/h2><div class=\"special-heading-border\"><div class=\"special-heading-inner-border\"><\/div><\/div><\/div>\n <br>\n <a style='margin-top: 20px;' class='avia-button avia-icon_select-no avia-size-large avia-position-left avia-color-theme-color' href='https:\/\/www.hike.ch\/en\/touren\/gefuehrte-schneeschuh-kurzwoche-im-stillen-val-muestair-und-s-charl-beim-nationalpark\/'>Weiterlesen<\/a>\n <\/div>\n\n <div style='height:20px;margin-top:5px;'>\n <\/div>\n <\/article><\/div><div class=\"custom-raster flex_column av_one_third flex_column_div av-zero-column-padding el_before_av_one_third el_after_av_one_third\"><article style='cursor:pointer;' onclick=\"window.location='https:\/\/www.hike.ch\/en\/touren\/gefuehrte-ihre-firma-gruppe-abend-schneeschuhtour-mit-fondue-und-schokoladedegustation\/'\" class='post-entry post-entry-type-standard post-entry-2490 post-loop-2 post-parity-even post-entry-last 111 post with-slider post-2490 touren type-touren status-publish has-post-thumbnail hentry category-abendtour category-schneeschuhtour category-winter' >\n \n <div style='position: relative;'>\n <img decoding=\"async\" width=\"800\" height=\"600\" loading=\"lazy\" style=\"width:100%\" src=\"https:\/\/www.hike.ch\/wp-content\/uploads\/2021\/02\/hike-gefuehrte-Wanderungen-Schneeschuhtouren-E-Biketouren-Markus-Glaettli-abendtour-voll-mondschein-schneeschuhtour-8.jpg\" class=\"wp-image-1126 avia-img-lazy-loading-1126 attachment-post-thumbnail size-post-thumbnail wp-post-image\" alt=\"hike.ch - Ihr Spezialist und Profi f\u00fcr gef\u00fchrte Wanderungen, Schneeschuh- und E-Bike-Touren - Abendtour Mondschein Schneeschuhtour-8\" srcset=\"https:\/\/www.hike.ch\/wp-content\/uploads\/2021\/02\/hike-gefuehrte-Wanderungen-Schneeschuhtouren-E-Biketouren-Markus-Glaettli-abendtour-voll-mondschein-schneeschuhtour-8.jpg 800w, https:\/\/www.hike.ch\/wp-content\/uploads\/2021\/02\/hike-gefuehrte-Wanderungen-Schneeschuhtouren-E-Biketouren-Markus-Glaettli-abendtour-voll-mondschein-schneeschuhtour-8-300x225.jpg 300w, https:\/\/www.hike.ch\/wp-content\/uploads\/2021\/02\/hike-gefuehrte-Wanderungen-Schneeschuhtouren-E-Biketouren-Markus-Glaettli-abendtour-voll-mondschein-schneeschuhtour-8-768x576.jpg 768w, https:\/\/www.hike.ch\/wp-content\/uploads\/2021\/02\/hike-gefuehrte-Wanderungen-Schneeschuhtouren-E-Biketouren-Markus-Glaettli-abendtour-voll-mondschein-schneeschuhtour-8-705x529.jpg 705w\" sizes=\"auto, (max-width: 800px) 100vw, 800px\" \/>\n <div style='position: absolute;bottom: 8px;left: 0;color: #000000;font-size: 12px;font-size: 0.75rem;line-height: 1.5;border-radius: 0 0.1875rem 0 0;overflow: hidden;display: -moz-flex;display: flex;flex-wrap: wrap;'>\n <div style=\"background-color:white;-moz-flex: 0 0 auto;flex: 0 0 auto;padding: 0.25rem 0.65rem;z-index: 1;\" class=\"grlist-item cat-31\">Abendtour<\/div><div style=\"background-color:white;border-left:1px solid grey;-moz-flex: 0 0 auto;flex: 0 0 auto;padding: 0.25rem 0.65rem;z-index: 1;\" class=\"grlist-item cat-28\">Schneeschuhtour<\/div><div style=\"background-color:white;border-left:1px solid grey;-moz-flex: 0 0 auto;flex: 0 0 auto;padding: 0.25rem 0.65rem;z-index: 1;\" class=\"grlist-item cat-25\">Winter<\/div>\n <\/div>\n <\/div>\n <div class='grtext' style='padding:0 20px;overflow:hidden;margin-top: 16px;'>\n <div class='publishdate' style='margin-bottom:10px;'>08. February 2022<\/div>\n \n<style type=\"text\/css\" data-created_by=\"avia_inline_auto\" id=\"style-css-av-av_heading-36b9091438de2c66e2c0d9138bb46f84\">\n#top .av-special-heading.av-av_heading-36b9091438de2c66e2c0d9138bb46f84{\nmargin:0 0 0 0;\npadding-bottom:10px;\n}\nbody .av-special-heading.av-av_heading-36b9091438de2c66e2c0d9138bb46f84 .av-special-heading-tag .heading-char{\nfont-size:25px;\n}\n.av-special-heading.av-av_heading-36b9091438de2c66e2c0d9138bb46f84 .av-subheading{\nfont-size:15px;\n}\n<\/style>\n<div id='ba9459a42ae02374268908c8dd14bb24' class='av-special-heading av-av_heading-36b9091438de2c66e2c0d9138bb46f84 av-special-heading-h2 blockquote modern-quote avia-builder-el-0 el_before_av_one_half avia-builder-el-first '><h2 class='av-special-heading-tag ' >Gef\u00fchrte Abend-Schneeschuhtour mit Fondue und Schokoladedegustation<\/h2><div class=\"special-heading-border\"><div class=\"special-heading-inner-border\"><\/div><\/div><\/div>\n Das Tageslicht neigt sich langsam dem Ende, die D\u00e4mmerung bricht herein. Der Schnee knirscht unter unseren Schneeschuhen. Pl\u00f6tzlich stehen wir vor der H\u00fctte. Ein w\u00e4hrschaftes Fondue und .... <span>\n <svg style=\"height:8px\" data-name=\"long-arrow-right\" xmlns=\"http:\/\/www.w3.org\/2000\/svg\" viewBox=\"0 0 418 256\">\n <path d=\"M281,3.52,274,10.59a12,12,0,0,0,0,17L357.89,111H12A12,12,0,0,0,0,123v10a12,12,0,0,0,12,12H357.89L274,228.44a12,12,0,0,0,0,17l7.07,7.07a12,12,0,0,0,17,0l116.48-116a12,12,0,0,0,0-17L298,3.52A12,12,0,0,0,281,3.52Z\"><\/path>\n <\/svg>\n <\/span><br>\n <a style='margin-top: 20px;' class='avia-button avia-icon_select-no avia-size-large avia-position-left avia-color-theme-color' href='https:\/\/www.hike.ch\/en\/touren\/gefuehrte-ihre-firma-gruppe-abend-schneeschuhtour-mit-fondue-und-schokoladedegustation\/'>Weiterlesen<\/a>\n <\/div>\n\n <div style='height:20px;margin-top:5px;'>\n <\/div>\n <\/article><\/div><div class='111'><\/div><\/div>\n\n<div class='avia-button-wrap avia-button-center '>\n<style type=\"text\/css\" data-created_by=\"avia_inline_auto\" id=\"style-css-av-knhf4j3k-87471f35b609d8d3fece8aa924bb59f1\">\n#top #wrap_all .avia-button.av-knhf4j3k-87471f35b609d8d3fece8aa924bb59f1:hover{\ncolor:#ffffff;\ntransition:all 0.4s ease-in-out;\n}\n#top #wrap_all .avia-button.av-knhf4j3k-87471f35b609d8d3fece8aa924bb59f1:hover .avia-svg-icon svg:first-child{\nfill:#ffffff;\nstroke:#ffffff;\n}\n<\/style>\n<a href='https:\/\/www.hike.ch\/en\/tour-program\/' class='avia-color-theme-color avia-font-color-theme-color avia-button avia-button-fullwidth av-knhf4j3k-87471f35b609d8d3fece8aa924bb59f1 avia-icon_select-no avia-color-theme-color' aria-label=\"To all tours\"><span class='avia_iconbox_title' >To all tours<\/span><span class='avia_button_background avia-button avia-button-fullwidth avia-color-theme-color-highlight'><\/span><\/a><\/div>\n<\/div><\/div><\/div><!-- close content main div --><\/div><\/div>\n<style type=\"text\/css\" data-created_by=\"avia_inline_auto\" id=\"style-css-av-7eylb8-c770b74bf9735c68435bd24c50f0ad5f\">\n.avia-section.av-7eylb8-c770b74bf9735c68435bd24c50f0ad5f{\nbackground-color:#fcfcfc;\nbackground-image:unset;\n}\n<\/style>\n<div id='av_section_4' class='avia-section av-7eylb8-c770b74bf9735c68435bd24c50f0ad5f main_color avia-section-default avia-no-border-styling avia-bg-style-scroll container_wrap fullsize' ><div class='container av-section-cont-open' ><div class='template-page content av-content-full alpha units'><div class='post-entry post-entry-type-page post-entry-1780'><div class='entry-content-wrapper clearfix'>\n\n<style type=\"text\/css\" data-created_by=\"avia_inline_auto\" id=\"style-css-av-6ccmqc-531f6a85aefe609caefcf207faa2083b\">\n#top .av-special-heading.av-6ccmqc-531f6a85aefe609caefcf207faa2083b{\npadding-bottom:10px;\n}\nbody .av-special-heading.av-6ccmqc-531f6a85aefe609caefcf207faa2083b .av-special-heading-tag .heading-char{\nfont-size:25px;\n}\n.av-special-heading.av-6ccmqc-531f6a85aefe609caefcf207faa2083b .av-subheading{\nfont-size:15px;\n}\n<\/style>\n<div id='8d529fc0f62046f7235e1f8ffc4a31e3' class='av-special-heading av-6ccmqc-531f6a85aefe609caefcf207faa2083b av-special-heading-h2 blockquote classic-quote'><h2 class='av-special-heading-tag ' >Satisfied costumers<\/h2><div class=\"special-heading-border\"><div class=\"special-heading-inner-border\"><\/div><\/div><\/div>\n\n<style type=\"text\/css\" data-created_by=\"avia_inline_auto\" id=\"style-css-av-f0l90-6459c52d7a879121d29bf6246bfa5a98\">\n#top .hr.hr-invisible.av-f0l90-6459c52d7a879121d29bf6246bfa5a98{\nheight:30px;\n}\n<\/style>\n<div class='hr av-f0l90-6459c52d7a879121d29bf6246bfa5a98 hr-invisible'><span class='hr-inner '><span class=\"hr-inner-style\"><\/span><\/span><\/div>\n<div class=\"grid\" id=\"gritcont1\"><div class=\"grid-item kundenstim cols3 text\"><b>4-Tages-Wanderung Tour du Wildhorn (VS\/BE)<\/b><p style=\"padding: 0;font-style: italic;\">Herzlichen Dank f\u00fcr Deine Post mit den sch\u00f6nen Bildern. Ja, es war sch\u00f6n und ich werde diese Tour bestimmt in guter Erinnerung behalten. Viele sch\u00f6ne Erlebnisse, eine tolle Gruppe und eine angenehme Tourenleitung, herzlichen Dank f\u00fcr alles. Ich freue mich schon auf die Tour im Tessin.<\/p><small style=\"font-size: 90%;\"><b>Verena Meier, Wettswil<\/b>, Wallis \/ Bern, 01.07.2018<\/small><\/div><div class=\"grid-item kundenstim cols3 text\"><b>3-Tages-Wanderung Greina (GR)<\/b><p style=\"padding: 0;font-style: italic;\">Wieder einmal war unsere Tour perfekt, sei es wetterm\u00e4ssig und organisatorisch. Danke.<\/p><small style=\"font-size: 90%;\"><b>Ulrich Liechti, H\u00f6ri<\/b>, Graub\u00fcnden, 24.08.2015<\/small><\/div><div class=\"grid-item kundenstim cols3 text\"><b>4-Tages-Wanderung Stockalperweg (VS)<\/b><p style=\"padding: 0;font-style: italic;\">Nochmals vielen Dank f\u00fcr die eindr\u00fcrckliche Stockalpertour\u2026. Auf dem Stockalperweg (VS) das schillernde Leben des Haudegens Stockalper, mit dem grossartigen Stockalper-Palast in Brig und der Uebernachtung im Turm von Gondo.<\/p><small style=\"font-size: 90%;\"><b>Sylvia Nyffeler, Dietlikon<\/b>, Wallis, 08.06.2015<\/small><\/div><div class=\"grid-item kundenstim cols3 text\"><b>2-t\u00e4gige Schneeschuhtour Spitzmeilen (SG)<\/b><p style=\"padding: 0;font-style: italic;\">Danke f\u00fcr die wundersch\u00f6ne Tour und die wundersch\u00f6nen Erinnerungsbilder. Es hat grossen Spass gemacht! Gerne sind wir wieder mal dabei.<\/p><small style=\"font-size: 90%;\"><b>Alice Ulrich, Z\u00fcrich<\/b>, St. Gallen, 20.11.2018<\/small><\/div><div class=\"grid-item kundenstim cols3 text\"><b>Wanderreise Finnland-Russisch Karelien<\/b><p style=\"padding: 0;font-style: italic;\">Mehrere Wochen sind seit unserer Karelien Reise vergangen. Mir bleiben nur die sch\u00f6nsten Erinnerungen. Die Sonnenuntergangslandschaften bei den Teichen (lampi), die wunderbare Aussicht aus unseren Chalets, ohne H\u00e4user, einfach Natur pur. Die grossartigen Wanderungen im Oulanka Nationalpark und die B\u00e4renbeobachtung, wo die Zeit stehengeblieben war. H\u00f6hepunkt war nat\u00fcrlich die drei Tage im Paanaj\u00e4rvi-Nationalpark in Russland mit den tollen Abendendessen draussen mit den feinen Suppen. Alles ist super gelungen, dies dank deiner perfekten Vorbereitung dieser Pionierreise sowie des unerm\u00fcdlichen und professionellen Einsatzes von Anne und Eki. Also kann ich diese einmalige Reise an alle w\u00e4rmstens weiterempfehlen, welche Natur pur und Wanderungen gern haben. Und an welche, die einen echten Gegensatz zu ihrem Stressalltag suchen. Vielen vielen Dank Markus f\u00fcr diese tollen Tage in Karelien, es ist eine unvergessliche Reise.<\/p><small style=\"font-size: 90%;\"><b>Fran\u00e7oise Gilg, Z\u00fcrich<\/b>, Finnland \/ Russland, 23.11.2018<\/small><\/div><div class=\"grid-item kundenstim cols3 text\"><b>Wanderreise Finnisch-Lappland (Norwegen\/Finnland)<\/b><p style=\"padding: 0;font-style: italic;\">Herzlichen Dank f\u00fcr die Post. Dein liebevoll gestalteter Flyer hat uns wieder nach Lappland zur\u00fcckversetzt. Es war wirklich eine sch\u00f6ne Wander-Reise mit vielen Eindr\u00fccken, die uns lange in Erinnerung bleiben wird.<\/p><small style=\"font-size: 90%;\"><b>Lydia Kohli, Chur<\/b>, Norwegen \/ Finnland, 16.08.2015<\/small><\/div><div class=\"grid-item kundenstim cols3 text\"><b>Tages-Schneeschuhtour Fronalp (GL)<\/b><p style=\"padding: 0;font-style: italic;\">Die Schneeschuhtour von gestern hat mir sehr gut gefallen. Darum m\u00f6chte ich gerne am n\u00e4chsten Sonntag wieder dabei sein.<\/p><small style=\"font-size: 90%;\"><b>Brigitte Huber, D\u00fcbendorf<\/b>, Glarus, 20.11.2015<\/small><\/div><div class=\"grid-item kundenstim cols3 text\"><b>Winterreise Finnisch-Lappland (FIN)<\/b><p style=\"padding: 0;font-style: italic;\">Vielen Dank f\u00fcr die wundersch\u00f6nen Tage in Finnland. Die Schneeschuhwanderungen haben mir sehr gut getan und nat\u00fcrlich waren die Huskys mein Highlight. Ich komme gerne wieder einmal mit dir auf Reisen und freue mich schon darauf.<\/p><small style=\"font-size: 90%;\"><b>Dominique Bachmann, Z\u00fcrich<\/b>, Finnland, 07.05.2016<\/small><\/div><div class=\"grid-item kundenstim cols3 text\"><b>3-Tages-Wanderung Greina (GR)<\/b><p style=\"padding: 0;font-style: italic;\">F\u00fcr mich waren die drei Tage ein langersehntes, unvergesslich bleibendes Erlebnis in bester \"Gesellschaft\" ! Mit allerbestem Dank f\u00fcr die prompte Organisation und die tollen Wanderungen.<\/p><small style=\"font-size: 90%;\"><b>Hans Schneebeli, Volketswil<\/b>, Graub\u00fcnden, 24.08.2015<\/small><\/div><div class=\"grid-item kundenstim cols3 text\"><b>Abend-Vollmond-Schneeschuhtour mit Fondue<\/b><p style=\"padding: 0;font-style: italic;\">Ich habe gerade von der wundersch\u00f6nen Schneeschuhvollmondtour mit Fondue und Pulverschnee vorgeschw\u00e4rmt - war einfach super mit Markus. Gruss Erika<\/p><small style=\"font-size: 90%;\"><b>Erika Witschi, Stettbach<\/b>, Schwyz, 16.11.2016<\/small><\/div><\/div>\r\n <script>\r\n jQuery(function() {\r\n var allItems = jQuery('#gritcont1').find('.grid-item div > img');\r\n allItems.each(function(index) {\r\n jQuery(this).css('opacity', '1');\r\n });\r\n\r\n jQuery('#gritcont1').imagesLoaded(function () {\r\n jQuery('#gritcont1').masonry({\r\n itemSelector: '.grid-item',\r\n percentPosition: true\r\n });\r\n });\r\n });\r\n <\/script>\n<div id='av-masonry-1' class='av-masonry av-14mytq-68329b1d3ebddb803d9527cafdf05028 noHover av-fixed-size av-large-gap av-hover-overlay-active av-masonry-animation-active av-masonry-col-6 av-caption-always av-caption-style- av-masonry-gallery ' data-post_id=\"2490\"><div class=\"av-masonry-container isotope av-js-disabled\"><div class='av-masonry-entry isotope-item av-masonry-item-no-image '><\/div><a href=\"https:\/\/www.hike.ch\/wp-content\/uploads\/2021\/02\/hike-gefuehrte-Wanderungen-Schneeschuhtouren-E-Biketouren-Markus-Glaettli-abendtour-voll-mondschein-schneeschuhtour-1.jpg\" data-srcset=\"https:\/\/www.hike.ch\/wp-content\/uploads\/2021\/02\/hike-gefuehrte-Wanderungen-Schneeschuhtouren-E-Biketouren-Markus-Glaettli-abendtour-voll-mondschein-schneeschuhtour-1.jpg 800w, https:\/\/www.hike.ch\/wp-content\/uploads\/2021\/02\/hike-gefuehrte-Wanderungen-Schneeschuhtouren-E-Biketouren-Markus-Glaettli-abendtour-voll-mondschein-schneeschuhtour-1-300x225.jpg 300w, https:\/\/www.hike.ch\/wp-content\/uploads\/2021\/02\/hike-gefuehrte-Wanderungen-Schneeschuhtouren-E-Biketouren-Markus-Glaettli-abendtour-voll-mondschein-schneeschuhtour-1-768x576.jpg 768w, https:\/\/www.hike.ch\/wp-content\/uploads\/2021\/02\/hike-gefuehrte-Wanderungen-Schneeschuhtouren-E-Biketouren-Markus-Glaettli-abendtour-voll-mondschein-schneeschuhtour-1-705x529.jpg 705w\" data-sizes=\"(max-width: 800px) 100vw, 800px\" aria-label=\"image hike-gefuehrte-Wanderungen-Schneeschuhtouren-E-Biketouren-Markus-Glaettli-abendtour-voll-mondschein-schneeschuhtour-1\" id='av-masonry-1-item-1113' data-av-masonry-item='1113' class='av-masonry-entry isotope-item post-1113 attachment type-attachment status-inherit hentry av-masonry-item-with-image' title=\"hike-gefuehrte-Wanderungen-Schneeschuhtouren-E-Biketouren-Markus-Glaettli-abendtour-voll-mondschein-schneeschuhtour-1\" alt=\"\" ><div class='av-inner-masonry-sizer'><\/div><figure class='av-inner-masonry main_color'><div class=\"av-masonry-outerimage-container\"><div class='av-masonry-image-container' style=\"background-image: url(https:\/\/www.hike.ch\/wp-content\/uploads\/2021\/02\/hike-gefuehrte-Wanderungen-Schneeschuhtouren-E-Biketouren-Markus-Glaettli-abendtour-voll-mondschein-schneeschuhtour-1-705x529.jpg);\" title=\"hike-gefuehrte-Wanderungen-Schneeschuhtouren-E-Biketouren-Markus-Glaettli-abendtour-voll-mondschein-schneeschuhtour-1\" ><\/div><\/div><\/figure><\/a><!--end av-masonry entry--><a href=\"https:\/\/www.hike.ch\/wp-content\/uploads\/2021\/02\/hike-gefuehrte-Wanderungen-Schneeschuhtouren-E-Biketouren-Markus-Glaettli-wanderung-bettmeralp-aletschgletscher-6-2.jpg\" data-srcset=\"https:\/\/www.hike.ch\/wp-content\/uploads\/2021\/02\/hike-gefuehrte-Wanderungen-Schneeschuhtouren-E-Biketouren-Markus-Glaettli-wanderung-bettmeralp-aletschgletscher-6-2.jpg 800w, https:\/\/www.hike.ch\/wp-content\/uploads\/2021\/02\/hike-gefuehrte-Wanderungen-Schneeschuhtouren-E-Biketouren-Markus-Glaettli-wanderung-bettmeralp-aletschgletscher-6-2-300x225.jpg 300w, https:\/\/www.hike.ch\/wp-content\/uploads\/2021\/02\/hike-gefuehrte-Wanderungen-Schneeschuhtouren-E-Biketouren-Markus-Glaettli-wanderung-bettmeralp-aletschgletscher-6-2-768x576.jpg 768w, https:\/\/www.hike.ch\/wp-content\/uploads\/2021\/02\/hike-gefuehrte-Wanderungen-Schneeschuhtouren-E-Biketouren-Markus-Glaettli-wanderung-bettmeralp-aletschgletscher-6-2-705x529.jpg 705w\" data-sizes=\"(max-width: 800px) 100vw, 800px\" aria-label=\"image hike-gefuehrte-Wanderungen-Schneeschuhtouren-E-Biketouren-Markus-Glaettli-wanderung-bettmeralp-aletschgletscher-6\" id='av-masonry-1-item-1058' data-av-masonry-item='1058' class='av-masonry-entry isotope-item post-1058 attachment type-attachment status-inherit hentry av-masonry-item-with-image' title=\"hike-gefuehrte-Wanderungen-Schneeschuhtouren-E-Biketouren-Markus-Glaettli-wanderung-bettmeralp-aletschgletscher-6\" alt=\"\" ><div class='av-inner-masonry-sizer'><\/div><figure class='av-inner-masonry main_color'><div class=\"av-masonry-outerimage-container\"><div class='av-masonry-image-container' style=\"background-image: url(https:\/\/www.hike.ch\/wp-content\/uploads\/2021\/02\/hike-gefuehrte-Wanderungen-Schneeschuhtouren-E-Biketouren-Markus-Glaettli-wanderung-bettmeralp-aletschgletscher-6-2-705x529.jpg);\" title=\"hike-gefuehrte-Wanderungen-Schneeschuhtouren-E-Biketouren-Markus-Glaettli-wanderung-bettmeralp-aletschgletscher-6\" ><\/div><\/div><\/figure><\/a><!--end av-masonry entry--><a href=\"https:\/\/www.hike.ch\/wp-content\/uploads\/2021\/02\/hike-gefuehrte-Wanderungen-Schneeschuhtouren-E-Biketouren-Markus-Glaettli-schneetour-visperterminen-heida_3.jpg\" data-srcset=\"https:\/\/www.hike.ch\/wp-content\/uploads\/2021\/02\/hike-gefuehrte-Wanderungen-Schneeschuhtouren-E-Biketouren-Markus-Glaettli-schneetour-visperterminen-heida_3.jpg 800w, https:\/\/www.hike.ch\/wp-content\/uploads\/2021\/02\/hike-gefuehrte-Wanderungen-Schneeschuhtouren-E-Biketouren-Markus-Glaettli-schneetour-visperterminen-heida_3-300x225.jpg 300w, https:\/\/www.hike.ch\/wp-content\/uploads\/2021\/02\/hike-gefuehrte-Wanderungen-Schneeschuhtouren-E-Biketouren-Markus-Glaettli-schneetour-visperterminen-heida_3-768x576.jpg 768w, https:\/\/www.hike.ch\/wp-content\/uploads\/2021\/02\/hike-gefuehrte-Wanderungen-Schneeschuhtouren-E-Biketouren-Markus-Glaettli-schneetour-visperterminen-heida_3-705x529.jpg 705w\" data-sizes=\"(max-width: 800px) 100vw, 800px\" aria-label=\"image hike-gefuehrte-Wanderungen-Schneeschuhtouren-E-Biketouren-Markus-Glaettli-schneetour-visperterminen-heida_3\" id='av-masonry-1-item-778' data-av-masonry-item='778' class='av-masonry-entry isotope-item post-778 attachment type-attachment status-inherit hentry av-masonry-item-with-image' title=\"hike-gefuehrte-Wanderungen-Schneeschuhtouren-E-Biketouren-Markus-Glaettli-schneetour-visperterminen-heida_3\" alt=\"\" ><div class='av-inner-masonry-sizer'><\/div><figure class='av-inner-masonry main_color'><div class=\"av-masonry-outerimage-container\"><div class='av-masonry-image-container' style=\"background-image: url(https:\/\/www.hike.ch\/wp-content\/uploads\/2021\/02\/hike-gefuehrte-Wanderungen-Schneeschuhtouren-E-Biketouren-Markus-Glaettli-schneetour-visperterminen-heida_3-705x529.jpg);\" title=\"hike-gefuehrte-Wanderungen-Schneeschuhtouren-E-Biketouren-Markus-Glaettli-schneetour-visperterminen-heida_3\" ><\/div><\/div><\/figure><\/a><!--end av-masonry entry--><a href=\"https:\/\/www.hike.ch\/wp-content\/uploads\/2021\/02\/hike-gefuehrte-Wanderungen-Schneeschuhtouren-E-Biketouren-Markus-Glaettli-wanderungen-val-muestair-muenstertal-2.jpg\" data-srcset=\"https:\/\/www.hike.ch\/wp-content\/uploads\/2021\/02\/hike-gefuehrte-Wanderungen-Schneeschuhtouren-E-Biketouren-Markus-Glaettli-wanderungen-val-muestair-muenstertal-2.jpg 800w, https:\/\/www.hike.ch\/wp-content\/uploads\/2021\/02\/hike-gefuehrte-Wanderungen-Schneeschuhtouren-E-Biketouren-Markus-Glaettli-wanderungen-val-muestair-muenstertal-2-300x225.jpg 300w, https:\/\/www.hike.ch\/wp-content\/uploads\/2021\/02\/hike-gefuehrte-Wanderungen-Schneeschuhtouren-E-Biketouren-Markus-Glaettli-wanderungen-val-muestair-muenstertal-2-768x576.jpg 768w, https:\/\/www.hike.ch\/wp-content\/uploads\/2021\/02\/hike-gefuehrte-Wanderungen-Schneeschuhtouren-E-Biketouren-Markus-Glaettli-wanderungen-val-muestair-muenstertal-2-705x529.jpg 705w\" data-sizes=\"(max-width: 800px) 100vw, 800px\" aria-label=\"image hike-gefuehrte-Wanderungen-Schneeschuhtouren-E-Biketouren-Markus-Glaettli-wanderungen-val-muestair-muenstertal-2\" id='av-masonry-1-item-1072' data-av-masonry-item='1072' class='av-masonry-entry isotope-item post-1072 attachment type-attachment status-inherit hentry av-masonry-item-with-image' title=\"hike-gefuehrte-Wanderungen-Schneeschuhtouren-E-Biketouren-Markus-Glaettli-wanderungen-val-muestair-muenstertal-2\" alt=\"\" ><div class='av-inner-masonry-sizer'><\/div><figure class='av-inner-masonry main_color'><div class=\"av-masonry-outerimage-container\"><div class='av-masonry-image-container' style=\"background-image: url(https:\/\/www.hike.ch\/wp-content\/uploads\/2021\/02\/hike-gefuehrte-Wanderungen-Schneeschuhtouren-E-Biketouren-Markus-Glaettli-wanderungen-val-muestair-muenstertal-2-705x529.jpg);\" title=\"hike-gefuehrte-Wanderungen-Schneeschuhtouren-E-Biketouren-Markus-Glaettli-wanderungen-val-muestair-muenstertal-2\" ><\/div><\/div><\/figure><\/a><!--end av-masonry entry--><a href=\"https:\/\/www.hike.ch\/wp-content\/uploads\/2021\/02\/hike-gefuehrte-Wanderungen-Schneeschuhtouren-E-Biketouren-Markus-Glaettli-wanderung-greina-5.jpg\" data-srcset=\"https:\/\/www.hike.ch\/wp-content\/uploads\/2021\/02\/hike-gefuehrte-Wanderungen-Schneeschuhtouren-E-Biketouren-Markus-Glaettli-wanderung-greina-5.jpg 800w, https:\/\/www.hike.ch\/wp-content\/uploads\/2021\/02\/hike-gefuehrte-Wanderungen-Schneeschuhtouren-E-Biketouren-Markus-Glaettli-wanderung-greina-5-300x225.jpg 300w, https:\/\/www.hike.ch\/wp-content\/uploads\/2021\/02\/hike-gefuehrte-Wanderungen-Schneeschuhtouren-E-Biketouren-Markus-Glaettli-wanderung-greina-5-768x576.jpg 768w, https:\/\/www.hike.ch\/wp-content\/uploads\/2021\/02\/hike-gefuehrte-Wanderungen-Schneeschuhtouren-E-Biketouren-Markus-Glaettli-wanderung-greina-5-705x529.jpg 705w\" data-sizes=\"(max-width: 800px) 100vw, 800px\" aria-label=\"image hike-gefuehrte-Wanderungen-Schneeschuhtouren-E-Biketouren-Markus-Glaettli-wanderung-greina-5\" id='av-masonry-1-item-1100' data-av-masonry-item='1100' class='av-masonry-entry isotope-item post-1100 attachment type-attachment status-inherit hentry av-masonry-item-with-image' title=\"hike-gefuehrte-Wanderungen-Schneeschuhtouren-E-Biketouren-Markus-Glaettli-wanderung-greina-5\" alt=\"\" ><div class='av-inner-masonry-sizer'><\/div><figure class='av-inner-masonry main_color'><div class=\"av-masonry-outerimage-container\"><div class='av-masonry-image-container' style=\"background-image: url(https:\/\/www.hike.ch\/wp-content\/uploads\/2021\/02\/hike-gefuehrte-Wanderungen-Schneeschuhtouren-E-Biketouren-Markus-Glaettli-wanderung-greina-5-705x529.jpg);\" title=\"hike-gefuehrte-Wanderungen-Schneeschuhtouren-E-Biketouren-Markus-Glaettli-wanderung-greina-5\" ><\/div><\/div><\/figure><\/a><!--end av-masonry entry--><a href=\"https:\/\/www.hike.ch\/wp-content\/uploads\/2021\/02\/hike-gefuehrte-Wanderungen-Schneeschuhtouren-E-Biketouren-Markus-Glaettli-schneeschuhtour-schneetour-safiental-4.jpg\" data-srcset=\"https:\/\/www.hike.ch\/wp-content\/uploads\/2021\/02\/hike-gefuehrte-Wanderungen-Schneeschuhtouren-E-Biketouren-Markus-Glaettli-schneeschuhtour-schneetour-safiental-4.jpg 800w, https:\/\/www.hike.ch\/wp-content\/uploads\/2021\/02\/hike-gefuehrte-Wanderungen-Schneeschuhtouren-E-Biketouren-Markus-Glaettli-schneeschuhtour-schneetour-safiental-4-300x225.jpg 300w, https:\/\/www.hike.ch\/wp-content\/uploads\/2021\/02\/hike-gefuehrte-Wanderungen-Schneeschuhtouren-E-Biketouren-Markus-Glaettli-schneeschuhtour-schneetour-safiental-4-768x576.jpg 768w, https:\/\/www.hike.ch\/wp-content\/uploads\/2021\/02\/hike-gefuehrte-Wanderungen-Schneeschuhtouren-E-Biketouren-Markus-Glaettli-schneeschuhtour-schneetour-safiental-4-705x529.jpg 705w\" data-sizes=\"(max-width: 800px) 100vw, 800px\" aria-label=\"image hike-gefuehrte-Wanderungen-Schneeschuhtouren-E-Biketouren-Markus-Glaettli-schneeschuhtour-schneetour-safiental-4\" id='av-masonry-1-item-1341' data-av-masonry-item='1341' class='av-masonry-entry isotope-item post-1341 attachment type-attachment status-inherit hentry av-masonry-item-with-image' title=\"hike-gefuehrte-Wanderungen-Schneeschuhtouren-E-Biketouren-Markus-Glaettli-schneeschuhtour-schneetour-safiental-4\" alt=\"\" ><div class='av-inner-masonry-sizer'><\/div><figure class='av-inner-masonry main_color'><div class=\"av-masonry-outerimage-container\"><div class='av-masonry-image-container' style=\"background-image: url(https:\/\/www.hike.ch\/wp-content\/uploads\/2021\/02\/hike-gefuehrte-Wanderungen-Schneeschuhtouren-E-Biketouren-Markus-Glaettli-schneeschuhtour-schneetour-safiental-4-705x529.jpg);\" title=\"hike-gefuehrte-Wanderungen-Schneeschuhtouren-E-Biketouren-Markus-Glaettli-schneeschuhtour-schneetour-safiental-4\" ><\/div><\/div><\/figure><\/a><!--end av-masonry entry--><\/div><\/div><\/p>\n","protected":false},"excerpt":{"rendered":"","protected":false},"author":6,"featured_media":0,"parent":0,"menu_order":0,"comment_status":"closed","ping_status":"closed","template":"","meta":{"_acf_changed":false,"footnotes":""},"class_list":["post-1780","page","type-page","status-publish","hentry"],"acf":[],"yoast_head":"<!-- This site is optimized with the Yoast SEO plugin v27.1.1 - https:\/\/yoast.com\/product\/yoast-seo-wordpress\/ -->\n<title>Links - Hike<\/title>\n<meta name=\"description\" content=\"Links hike.ch\" \/>\n<meta name=\"robots\" content=\"index, follow, max-snippet:-1, max-image-preview:large, max-video-preview:-1\" \/>\n<link rel=\"canonical\" href=\"https:\/\/www.hike.ch\/en\/links\/\" \/>\n<meta property=\"og:locale\" content=\"en_US\" \/>\n<meta property=\"og:type\" content=\"article\" \/>\n<meta property=\"og:title\" content=\"Links - Hike\" \/>\n<meta property=\"og:description\" content=\"Links hike.ch\" \/>\n<meta property=\"og:url\" content=\"https:\/\/www.hike.ch\/en\/links\/\" \/>\n<meta property=\"og:site_name\" content=\"Hike\" \/>\n<meta property=\"article:modified_time\" content=\"2021-05-07T12:57:21+00:00\" \/>\n<meta name=\"twitter:card\" content=\"summary_large_image\" \/>\n<meta name=\"twitter:label1\" content=\"Est. reading time\" \/>\n\t<meta name=\"twitter:data1\" content=\"4 minutes\" \/>\n<script type=\"application\/ld+json\" class=\"yoast-schema-graph\">{\"@context\":\"https:\/\/schema.org\",\"@graph\":[{\"@type\":\"WebPage\",\"@id\":\"https:\/\/www.hike.ch\/en\/links\/\",\"url\":\"https:\/\/www.hike.ch\/en\/links\/\",\"name\":\"Links - Hike\",\"isPartOf\":{\"@id\":\"https:\/\/www.hike.ch\/en\/#website\"},\"datePublished\":\"2021-04-13T09:26:59+00:00\",\"dateModified\":\"2021-05-07T12:57:21+00:00\",\"description\":\"Links hike.ch\",\"breadcrumb\":{\"@id\":\"https:\/\/www.hike.ch\/en\/links\/#breadcrumb\"},\"inLanguage\":\"en-US\",\"potentialAction\":[{\"@type\":\"ReadAction\",\"target\":[\"https:\/\/www.hike.ch\/en\/links\/\"]}]},{\"@type\":\"BreadcrumbList\",\"@id\":\"https:\/\/www.hike.ch\/en\/links\/#breadcrumb\",\"itemListElement\":[{\"@type\":\"ListItem\",\"position\":1,\"name\":\"Home\",\"item\":\"https:\/\/www.hike.ch\/en\/hike\/\"},{\"@type\":\"ListItem\",\"position\":2,\"name\":\"Links\"}]},{\"@type\":\"WebSite\",\"@id\":\"https:\/\/www.hike.ch\/en\/#website\",\"url\":\"https:\/\/www.hike.ch\/en\/\",\"name\":\"Hike\",\"description\":\"\",\"potentialAction\":[{\"@type\":\"SearchAction\",\"target\":{\"@type\":\"EntryPoint\",\"urlTemplate\":\"https:\/\/www.hike.ch\/en\/?s={search_term_string}\"},\"query-input\":{\"@type\":\"PropertyValueSpecification\",\"valueRequired\":true,\"valueName\":\"search_term_string\"}}],\"inLanguage\":\"en-US\"}]}<\/script>\n<!-- \/ Yoast SEO plugin. -->","yoast_head_json":{"title":"Links - Hike","description":"Links hike.ch","robots":{"index":"index","follow":"follow","max-snippet":"max-snippet:-1","max-image-preview":"max-image-preview:large","max-video-preview":"max-video-preview:-1"},"canonical":"https:\/\/www.hike.ch\/en\/links\/","og_locale":"en_US","og_type":"article","og_title":"Links - Hike","og_description":"Links hike.ch","og_url":"https:\/\/www.hike.ch\/en\/links\/","og_site_name":"Hike","article_modified_time":"2021-05-07T12:57:21+00:00","twitter_card":"summary_large_image","twitter_misc":{"Est. reading time":"4 minutes"},"schema":{"@context":"https:\/\/schema.org","@graph":[{"@type":"WebPage","@id":"https:\/\/www.hike.ch\/en\/links\/","url":"https:\/\/www.hike.ch\/en\/links\/","name":"Links - Hike","isPartOf":{"@id":"https:\/\/www.hike.ch\/en\/#website"},"datePublished":"2021-04-13T09:26:59+00:00","dateModified":"2021-05-07T12:57:21+00:00","description":"Links hike.ch","breadcrumb":{"@id":"https:\/\/www.hike.ch\/en\/links\/#breadcrumb"},"inLanguage":"en-US","potentialAction":[{"@type":"ReadAction","target":["https:\/\/www.hike.ch\/en\/links\/"]}]},{"@type":"BreadcrumbList","@id":"https:\/\/www.hike.ch\/en\/links\/#breadcrumb","itemListElement":[{"@type":"ListItem","position":1,"name":"Home","item":"https:\/\/www.hike.ch\/en\/hike\/"},{"@type":"ListItem","position":2,"name":"Links"}]},{"@type":"WebSite","@id":"https:\/\/www.hike.ch\/en\/#website","url":"https:\/\/www.hike.ch\/en\/","name":"Hike","description":"","potentialAction":[{"@type":"SearchAction","target":{"@type":"EntryPoint","urlTemplate":"https:\/\/www.hike.ch\/en\/?s={search_term_string}"},"query-input":{"@type":"PropertyValueSpecification","valueRequired":true,"valueName":"search_term_string"}}],"inLanguage":"en-US"}]}},"_links":{"self":[{"href":"https:\/\/www.hike.ch\/en\/wp-json\/wp\/v2\/pages\/1780","targetHints":{"allow":["GET"]}}],"collection":[{"href":"https:\/\/www.hike.ch\/en\/wp-json\/wp\/v2\/pages"}],"about":[{"href":"https:\/\/www.hike.ch\/en\/wp-json\/wp\/v2\/types\/page"}],"author":[{"embeddable":true,"href":"https:\/\/www.hike.ch\/en\/wp-json\/wp\/v2\/users\/6"}],"replies":[{"embeddable":true,"href":"https:\/\/www.hike.ch\/en\/wp-json\/wp\/v2\/comments?post=1780"}],"version-history":[{"count":8,"href":"https:\/\/www.hike.ch\/en\/wp-json\/wp\/v2\/pages\/1780\/revisions"}],"predecessor-version":[{"id":2100,"href":"https:\/\/www.hike.ch\/en\/wp-json\/wp\/v2\/pages\/1780\/revisions\/2100"}],"wp:attachment":[{"href":"https:\/\/www.hike.ch\/en\/wp-json\/wp\/v2\/media?parent=1780"}],"curies":[{"name":"wp","href":"https:\/\/api.w.org\/{rel}","templated":true}]}}