{"id":1767,"date":"2021-04-13T09:21:05","date_gmt":"2021-04-13T09:21:05","guid":{"rendered":"https:\/\/neu.hike.ch\/?page_id=1767"},"modified":"2021-05-07T13:00:20","modified_gmt":"2021-05-07T13:00:20","slug":"press","status":"publish","type":"page","link":"https:\/\/www.hike.ch\/en\/press\/","title":{"rendered":"Press"},"content":{"rendered":"<div id='full_slider_1' class='avia-fullwidth-slider main_color avia-shadow avia-builder-el-0 el_before_av_layout_row avia-builder-el-first container_wrap fullsize' >\n<style type=\"text\/css\" data-created_by=\"avia_inline_auto\" id=\"style-css-av-r6qy5j-9239264aa21cdf0b8d92615b30622185\">\n#top #wrap_all .avia-slideshow .av-slideshow-caption.av-r6qy5j-9239264aa21cdf0b8d92615b30622185__0 .avia-caption-title{\nfont-size:30px;\n}\n#top .avia-slideshow .av-slideshow-caption.av-r6qy5j-9239264aa21cdf0b8d92615b30622185__0 .avia-caption-content{\nfont-size:15px;\n}\n#top .avia-slideshow .av-slideshow-caption.av-r6qy5j-9239264aa21cdf0b8d92615b30622185__0 .avia-caption-content p{\nfont-size:15px;\n}\n<\/style>\n<div class='avia-slideshow av-r6qy5j-9239264aa21cdf0b8d92615b30622185 avia-slideshow-no scaling av_slideshow_full avia-fade-slider av-slideshow-ui av-control-minimal av-slideshow-manual av-loop-once av-loop-manual-endless av-default-height-applied avia-slideshow-1' data-slideshow-options=\"{\"animation\":\"fade\",\"autoplay\":false,\"loop_autoplay\":\"once\",\"interval\":5,\"loop_manual\":\"manual-endless\",\"autoplay_stopper\":false,\"noNavigation\":false,\"bg_slider\":false,\"keep_padding\":false,\"hoverpause\":false,\"show_slide_delay\":0}\" ><ul class='avia-slideshow-inner ' style='padding-bottom: 26.235242675995%;'><li class='avia-slideshow-slide av-r6qy5j-9239264aa21cdf0b8d92615b30622185__0 av-single-slide slide-1 slide-odd'><div data-rel='slideshow-1' class='avia-slide-wrap ' ><div class='av-slideshow-caption av-r6qy5j-9239264aa21cdf0b8d92615b30622185__0 caption_fullwidth caption_center'><div class=\"container caption_container\"><div class=\"slideshow_caption\"><div class=\"slideshow_inner_caption\"><div class=\"slideshow_align_caption\"><h2 class='avia-caption-title ' >Experience nature with Markus Gl\u00e4ttli - hike.ch<\/h2><div class='avia-caption-content ' ><p>Experience the silence, tranquillity and power of nature<\/p>\n<\/div><a href='https:\/\/www.hike.ch\/en\/tour-program\/' class='avia-slideshow-button avia-button avia-color-light avia-multi-slideshow-button' data-duration='800' data-easing='easeInOutQuad'>All tours<\/a><a href='https:\/\/www.hike.ch\/en\/sign-up-for-newsletter\/' class='avia-slideshow-button avia-button avia-color-light avia-multi-slideshow-button avia-slideshow-button-2' data-duration='800' data-easing='easeInOutQuad'>Sign up for the newsletter<\/a><\/div><\/div><\/div><\/div><\/div><img decoding=\"async\" fetchpriority=\"high\" class=\"wp-image-482 avia-img-lazy-loading-not-482\" src=\"https:\/\/www.hike.ch\/wp-content\/uploads\/2021\/01\/hike-gefuehrte-Wanderungen-Schneeschuhtouren-E-Biketouren-Markus-Glaettli-sliderbild_1.jpg\" width=\"2287\" height=\"600\" title='hike-gefuehrte-Wanderungen-Schneeschuhtouren-E-Biketouren-Markus-Glaettli-sliderbild_1' alt='hike.ch - Ihr Spezialist und Profi f\u00fcr gef\u00fchrte Wanderungen, Schneeschuh- und E-Bike-Touren - Sliderbild 1' srcset=\"https:\/\/www.hike.ch\/wp-content\/uploads\/2021\/01\/hike-gefuehrte-Wanderungen-Schneeschuhtouren-E-Biketouren-Markus-Glaettli-sliderbild_1.jpg 2287w, https:\/\/www.hike.ch\/wp-content\/uploads\/2021\/01\/hike-gefuehrte-Wanderungen-Schneeschuhtouren-E-Biketouren-Markus-Glaettli-sliderbild_1-300x79.jpg 300w, https:\/\/www.hike.ch\/wp-content\/uploads\/2021\/01\/hike-gefuehrte-Wanderungen-Schneeschuhtouren-E-Biketouren-Markus-Glaettli-sliderbild_1-1030x270.jpg 1030w, https:\/\/www.hike.ch\/wp-content\/uploads\/2021\/01\/hike-gefuehrte-Wanderungen-Schneeschuhtouren-E-Biketouren-Markus-Glaettli-sliderbild_1-768x201.jpg 768w, https:\/\/www.hike.ch\/wp-content\/uploads\/2021\/01\/hike-gefuehrte-Wanderungen-Schneeschuhtouren-E-Biketouren-Markus-Glaettli-sliderbild_1-1536x403.jpg 1536w, https:\/\/www.hike.ch\/wp-content\/uploads\/2021\/01\/hike-gefuehrte-Wanderungen-Schneeschuhtouren-E-Biketouren-Markus-Glaettli-sliderbild_1-2048x537.jpg 2048w, https:\/\/www.hike.ch\/wp-content\/uploads\/2021\/01\/hike-gefuehrte-Wanderungen-Schneeschuhtouren-E-Biketouren-Markus-Glaettli-sliderbild_1-1500x394.jpg 1500w, https:\/\/www.hike.ch\/wp-content\/uploads\/2021\/01\/hike-gefuehrte-Wanderungen-Schneeschuhtouren-E-Biketouren-Markus-Glaettli-sliderbild_1-705x185.jpg 705w\" sizes=\"(max-width: 2287px) 100vw, 2287px\" \/><\/div><\/li><\/ul><\/div><\/div>\n<div id='av-layout-grid-1' class='av-layout-grid-container av-9z3mm-36f02cfedf24377dd54df080e261c06b entry-content-wrapper main_color av-fixed-cells avia-builder-el-1 el_after_av_slideshow_full el_before_av_section grid-row-not-first container_wrap fullsize' >\n\n<style type=\"text\/css\" data-created_by=\"avia_inline_auto\" id=\"style-css-av-kkgoflzw-9bc56522094ff54a2789abd982c77ca9\">\n.flex_cell.av-kkgoflzw-9bc56522094ff54a2789abd982c77ca9{\nvertical-align:top;\nheight:7px;\nmin-height:7px;\nbackground-color:#673b15;\n}\n.responsive #top #wrap_all .flex_cell.av-kkgoflzw-9bc56522094ff54a2789abd982c77ca9{\npadding:0px 0px 0px 0px !important;\n}\n<\/style>\n<div class='flex_cell av-kkgoflzw-9bc56522094ff54a2789abd982c77ca9 av-gridrow-cell av_one_third no_margin avia-builder-el-2 el_before_av_cell_one_third avia-builder-el-first content-align-top av-zero-padding' ><div class='flex_cell_inner'><\/div><\/div>\n<style type=\"text\/css\" data-created_by=\"avia_inline_auto\" id=\"style-css-av-kkgoje5w-bedecad2a10bf7bd588506142702c8e6\">\n.flex_cell.av-kkgoje5w-bedecad2a10bf7bd588506142702c8e6{\nvertical-align:top;\nheight:7px;\nmin-height:7px;\nbackground-color:#8d796a;\n}\n.responsive #top #wrap_all .flex_cell.av-kkgoje5w-bedecad2a10bf7bd588506142702c8e6{\npadding:0px 0px 0px 0px !important;\n}\n<\/style>\n<div class='flex_cell av-kkgoje5w-bedecad2a10bf7bd588506142702c8e6 av-gridrow-cell av_one_third no_margin avia-builder-el-3 el_after_av_cell_one_third el_before_av_cell_one_third content-align-top av-zero-padding' ><div class='flex_cell_inner'><\/div><\/div>\n<style type=\"text\/css\" data-created_by=\"avia_inline_auto\" id=\"style-css-av-kkgog0rv-7f41c7cc959e372af19a449d0fe1d3b8\">\n.flex_cell.av-kkgog0rv-7f41c7cc959e372af19a449d0fe1d3b8{\nvertical-align:top;\nheight:7px;\nmin-height:7px;\nbackground-color:#c5b395;\n}\n.responsive #top #wrap_all .flex_cell.av-kkgog0rv-7f41c7cc959e372af19a449d0fe1d3b8{\npadding:0px 0px 0px 0px !important;\n}\n<\/style>\n<div class='flex_cell av-kkgog0rv-7f41c7cc959e372af19a449d0fe1d3b8 av-gridrow-cell av_one_third no_margin avia-builder-el-4 el_after_av_cell_one_third avia-builder-el-last content-align-top av-zero-padding' ><div class='flex_cell_inner'><\/div><\/div>\n<\/div>\n\n<style type=\"text\/css\" data-created_by=\"avia_inline_auto\" id=\"style-css-av-2cuqhz-2164ee2c11a9fea400d0ad9f5404727f\">\n.avia-section.av-2cuqhz-2164ee2c11a9fea400d0ad9f5404727f{\nbackground-color:#d6d6d6;\nbackground-image:unset;\n}\n<\/style>\n<div id='av_section_1' class='avia-section av-2cuqhz-2164ee2c11a9fea400d0ad9f5404727f main_color avia-section-small avia-no-border-styling avia-builder-el-5 el_after_av_layout_row el_before_av_section avia-bg-style-scroll container_wrap fullsize' ><div class='container av-section-cont-open' ><div class='template-page content av-content-full alpha units'><div class='post-entry post-entry-type-page post-entry-1767'><div class='entry-content-wrapper clearfix'>\n\n<style type=\"text\/css\" data-created_by=\"avia_inline_auto\" id=\"style-css-av-mh3wrb-c90c87ee8832cfd140e35a1cc2004770\">\n.flex_column.av-mh3wrb-c90c87ee8832cfd140e35a1cc2004770{\nborder-radius:0px 0px 0px 0px;\npadding:0px 0px 0px 0px;\n}\n<\/style>\n<div class='flex_column av-mh3wrb-c90c87ee8832cfd140e35a1cc2004770 av_one_third avia-builder-el-6 el_before_av_one_third avia-builder-el-first first flex_column_div av-zero-column-padding ' ><style type=\"text\/css\" data-created_by=\"avia_inline_auto\" id=\"style-css-av-kgptbb-c08235d15b2fc985b86be2904c982b97\">\n.av_font_icon.av-kgptbb-c08235d15b2fc985b86be2904c982b97{\ncolor:#673b15;\nborder-color:#673b15;\n}\n.avia-svg-icon.av-kgptbb-c08235d15b2fc985b86be2904c982b97 svg:first-child{\nstroke:#673b15;\nfill:#673b15;\n}\n.av_font_icon.av-kgptbb-c08235d15b2fc985b86be2904c982b97 .av-icon-char{\nfont-size:30px;\nline-height:30px;\nwidth:30px;\n}\n<\/style>\n<span class='av_font_icon av-kgptbb-c08235d15b2fc985b86be2904c982b97 avia_animate_when_visible av-icon-style-border avia-icon-pos-center avia-iconfont avia-font-flaticon avia-icon-animate'><span class='av-icon-char' data-av_icon='\uf107' data-av_iconfont='flaticon' aria-hidden=\"true\" ><\/span><span class='av_icon_caption av-special-font'>Personal tours<\/span><\/span><\/div>\n<style type=\"text\/css\" data-created_by=\"avia_inline_auto\" id=\"style-css-av-ioq57r-7bd707cfec0d0e5e581502ba923b3e6f\">\n.flex_column.av-ioq57r-7bd707cfec0d0e5e581502ba923b3e6f{\nborder-radius:0px 0px 0px 0px;\npadding:0px 0px 0px 0px;\n}\n<\/style>\n<div class='flex_column av-ioq57r-7bd707cfec0d0e5e581502ba923b3e6f av_one_third avia-builder-el-8 el_after_av_one_third el_before_av_one_third flex_column_div av-zero-column-padding ' ><style type=\"text\/css\" data-created_by=\"avia_inline_auto\" id=\"style-css-av-hl7lsn-9adb521e54f768cce84c3a8f4d51963a\">\n.av_font_icon.av-hl7lsn-9adb521e54f768cce84c3a8f4d51963a{\ncolor:#673b15;\nborder-color:#673b15;\n}\n.avia-svg-icon.av-hl7lsn-9adb521e54f768cce84c3a8f4d51963a svg:first-child{\nstroke:#673b15;\nfill:#673b15;\n}\n.av_font_icon.av-hl7lsn-9adb521e54f768cce84c3a8f4d51963a .av-icon-char{\nfont-size:30px;\nline-height:30px;\nwidth:30px;\n}\n<\/style>\n<span class='av_font_icon av-hl7lsn-9adb521e54f768cce84c3a8f4d51963a avia_animate_when_visible av-icon-style-border avia-icon-pos-center avia-iconfont avia-font-flaticon avia-icon-animate'><span class='av-icon-char' data-av_icon='\uf105' data-av_iconfont='flaticon' aria-hidden=\"true\" ><\/span><span class='av_icon_caption av-special-font'>Small groups<\/span><\/span><\/div>\n<style type=\"text\/css\" data-created_by=\"avia_inline_auto\" id=\"style-css-av-g9jn3r-a8d1ee6ab2c8ea0b2db72db9f66fc86d\">\n.flex_column.av-g9jn3r-a8d1ee6ab2c8ea0b2db72db9f66fc86d{\nborder-radius:0px 0px 0px 0px;\npadding:0px 0px 0px 0px;\n}\n<\/style>\n<div class='flex_column av-g9jn3r-a8d1ee6ab2c8ea0b2db72db9f66fc86d av_one_third avia-builder-el-10 el_after_av_one_third avia-builder-el-last flex_column_div av-zero-column-padding ' ><style type=\"text\/css\" data-created_by=\"avia_inline_auto\" id=\"style-css-av-dvoaiv-1fbbeaf19ddcd4a17f6af4d85fb0133a\">\n.av_font_icon.av-dvoaiv-1fbbeaf19ddcd4a17f6af4d85fb0133a{\ncolor:#673b15;\nborder-color:#673b15;\n}\n.avia-svg-icon.av-dvoaiv-1fbbeaf19ddcd4a17f6af4d85fb0133a svg:first-child{\nstroke:#673b15;\nfill:#673b15;\n}\n.av_font_icon.av-dvoaiv-1fbbeaf19ddcd4a17f6af4d85fb0133a .av-icon-char{\nfont-size:30px;\nline-height:30px;\nwidth:30px;\n}\n<\/style>\n<span class='av_font_icon av-dvoaiv-1fbbeaf19ddcd4a17f6af4d85fb0133a avia_animate_when_visible av-icon-style-border avia-icon-pos-center avia-iconfont avia-font-flaticon avia-icon-animate'><span class='av-icon-char' data-av_icon='\uf120' data-av_iconfont='flaticon' aria-hidden=\"true\" ><\/span><span class='av_icon_caption av-special-font'> CO2-compensation<\/span><\/span><\/div>\n\n<\/div><\/div><\/div><!-- close content main div --><\/div><\/div><div id='av_section_2' class='avia-section av-6rn79y-822c8c9be4c45276c764ec2c7656ea8e main_color avia-section-default avia-no-border-styling avia-builder-el-12 el_after_av_section el_before_av_section avia-bg-style-scroll container_wrap fullsize' ><div class='container av-section-cont-open' ><div class='template-page content av-content-full alpha units'><div class='post-entry post-entry-type-page post-entry-1767'><div class='entry-content-wrapper clearfix'>\n\n<style type=\"text\/css\" data-created_by=\"avia_inline_auto\" id=\"style-css-av-kkgxdcpp-6c81bce77082247a69baa144c0d7d5b9\">\n#top .av-special-heading.av-kkgxdcpp-6c81bce77082247a69baa144c0d7d5b9{\npadding-bottom:20px;\n}\nbody .av-special-heading.av-kkgxdcpp-6c81bce77082247a69baa144c0d7d5b9 .av-special-heading-tag .heading-char{\nfont-size:25px;\n}\n.av-special-heading.av-kkgxdcpp-6c81bce77082247a69baa144c0d7d5b9 .av-subheading{\nfont-size:15px;\n}\n<\/style>\n<div id='b27b01bd7c7953d03c8568f9a83cd745' class='av-special-heading av-kkgxdcpp-6c81bce77082247a69baa144c0d7d5b9 av-special-heading-h1 blockquote classic-quote avia-builder-el-13 el_before_av_hr avia-builder-el-first '><h1 class='av-special-heading-tag ' >Press<\/h1><div class=\"special-heading-border\"><div class=\"special-heading-inner-border\"><\/div><\/div><\/div>\n\n<style type=\"text\/css\" data-created_by=\"avia_inline_auto\" id=\"style-css-av-5xp6mu-bd28fb7452cb9db4023f0f47d335045f\">\n#top .hr.av-5xp6mu-bd28fb7452cb9db4023f0f47d335045f{\nmargin-top:25px;\nmargin-bottom:30px;\n}\n.hr.av-5xp6mu-bd28fb7452cb9db4023f0f47d335045f .hr-inner{\nwidth:150px;\nborder-color:#673b15;\nmax-width:45%;\n}\n.hr.av-5xp6mu-bd28fb7452cb9db4023f0f47d335045f .av-seperator-icon{\ncolor:#673b15;\n}\n.hr.av-5xp6mu-bd28fb7452cb9db4023f0f47d335045f .av-seperator-icon.avia-svg-icon svg:first-child{\nfill:#673b15;\nstroke:#673b15;\n}\n<\/style>\n<div class='hr av-5xp6mu-bd28fb7452cb9db4023f0f47d335045f hr-custom avia-builder-el-14 el_after_av_heading el_before_av_one_full hr-center hr-icon-yes'><span class='hr-inner inner-border-av-border-fat'><span class=\"hr-inner-style\"><\/span><\/span><span class='av-seperator-icon avia-iconfont avia-font-flaticon' data-av_icon='\uf108' data-av_iconfont='flaticon' ><\/span><span class='hr-inner inner-border-av-border-fat'><span class=\"hr-inner-style\"><\/span><\/span><\/div>\n\n<style type=\"text\/css\" data-created_by=\"avia_inline_auto\" id=\"style-css-av-m4r12-f5469df3bd91df91c6c9354c1f51e542\">\n.flex_column.av-m4r12-f5469df3bd91df91c6c9354c1f51e542{\nborder-radius:0px 0px 0px 0px;\npadding:0px 0px 0px 0px;\n}\n<\/style>\n<div class='flex_column av-m4r12-f5469df3bd91df91c6c9354c1f51e542 av_one_full avia-builder-el-15 el_after_av_hr avia-builder-el-last first flex_column_div av-animated-generic bottom-to-top av-zero-column-padding ' ><section class='av_textblock_section av-61mr32-63d7b095fb6203d02817b22f4b3c7ba1 ' ><div class='avia_textblock' ><article id=\"c2704\" class=\"csc-default\">\n<h4>Tele Top<\/h4>\n<p><b>Date:<\/b> 01.01.2021<br \/>\n<b>Subject: <\/b>Boom<b>: <\/b>Schneeschuhwandern liegt voll im Trend<br \/>\n<b>Article:<\/b> <a href=\"https:\/\/www.toponline.ch\/tele-top\/sendungen\/top-news\/news\/top-news-vom-1-januar-2021-00148074\/\" target=\"_blank\" rel=\"noopener\">www.toponline.ch\/tele-top\/sendungen\/top-news\/news\/top-news-vom-1-januar-2021-00148074\/<\/a><br \/>\n<b>Remark:<\/b> Bericht beginnt ab Minute 4:55<\/p>\n<\/article>\n<article id=\"c594\" class=\"csc-default\">\n<h4>Einsiedler Anzeiger<\/h4>\n<p><b>Datum:<\/b> 06.07.2007<br \/>\n<b>Thema: <\/b>2. Schweizer Wandernacht, 30.06.\/01.07.2007<br \/>\n<b>Artikel:<\/b> <a class=\"download\" title=\"Initiates file download\" href=\"https:\/\/www.hike.ch\/wp-content\/uploads\/2021\/05\/hike-gefuehrte-Wanderungen-Schneeschuhtouren-E-Biketouren-Markus-Glaettli_Vollmondnacht.pdf\" target=\"_blank\" rel=\"noopener\">Bei Vollmond mit Kind und Kegel (pdf, 2068 KB)<\/a><br \/>\n<b>Hinweis:<\/b> Verfasser ist Markus Gl\u00e4ttli<\/p>\n<\/article>\n<article id=\"c596\" class=\"csc-default\">\n<hr \/>\n<\/article>\n<article id=\"c597\" class=\"csc-default\">\n<h4>Naturfreund\/Ami de la Nature<\/h4>\n<p><b>Datum:<\/b> 03.2006<br \/>\n<b>Thema: <\/b>Via Stockalper Brig - Gondo<br \/>\n<b>Artikel:<\/b> <a class=\"download\" title=\"Initiates file download\" href=\"https:\/\/www.hike.ch\/wp-content\/uploads\/2021\/05\/hike-gefuehrte-Wanderungen-Schneeschuhtouren-E-Biketouren-Markus-Glaettli-Wandern-Artikel.pdf\" target=\"_blank\" rel=\"noopener\">Via Stockalper - ein Weg der Gegens\u00e4tze (deutsch, pdf, 1274 KB)<\/a><\/p>\n<\/article>\n<article id=\"c598\" class=\"csc-default\">\n<hr \/>\n<\/article>\n<article id=\"c599\" class=\"csc-default\">\n<h4>Teleb\u00e4rn\/Telebasel<\/h4>\n<p><b>Datum:<\/b> 02. -10.05.2009<br \/>\n<b>Thema: <\/b>Via Stockalper Brig - Gondo<br \/>\n<b>Artikel:<\/b> <a class=\"download\" title=\"Initiates file download\" href=\"https:\/\/www.hike.ch\/wp-content\/uploads\/2021\/05\/hike-gefuehrte-Wanderungen-Schneeschuhtouren-E-Biketouren-Markus-Glaettli-Presse.flv\" target=\"_blank\" rel=\"noopener\">berichte\/telebaern, telebasel\/02.-10.05.2009.flv<\/a><\/p>\n<\/article>\n<article id=\"c601\" class=\"csc-default\">*In order to read the articles, you need the Acrobat Reader. You can download the programme from: <a href=\"https:\/\/get.adobe.com\/reader\" target=\"_blank\" rel=\"noopener\">https:\/\/get.adobe.com\/reader<\/a><\/article>\n<article id=\"c600\" class=\"csc-default\"><\/article>\n<\/div><\/section><\/div>\n\n<\/div><\/div><\/div><!-- close content main div --><\/div><\/div><div id='av_section_3' class='avia-section av-16hyiv-83055dd16966289de6f32af9dbe23762 main_color avia-section-default avia-no-border-styling avia-builder-el-17 el_after_av_section el_before_av_button_big avia-bg-style-scroll container_wrap fullsize' ><div class='container av-section-cont-open' ><div class='template-page content av-content-full alpha units'><div class='post-entry post-entry-type-page post-entry-1767'><div class='entry-content-wrapper clearfix'>\n\n<style type=\"text\/css\" data-created_by=\"avia_inline_auto\" id=\"style-css-av-asgqfr-b9eb2f24aa9990ac9a54ff43bb5e1518\">\n#top .av-special-heading.av-asgqfr-b9eb2f24aa9990ac9a54ff43bb5e1518{\npadding-bottom:10px;\n}\nbody .av-special-heading.av-asgqfr-b9eb2f24aa9990ac9a54ff43bb5e1518 .av-special-heading-tag .heading-char{\nfont-size:25px;\n}\n.av-special-heading.av-asgqfr-b9eb2f24aa9990ac9a54ff43bb5e1518 .av-subheading{\nfont-size:15px;\n}\n<\/style>\n<div id='5aed72048d32a2a5d55a4ef84bb0c0cc' class='av-special-heading av-asgqfr-b9eb2f24aa9990ac9a54ff43bb5e1518 av-special-heading-h2 blockquote classic-quote avia-builder-el-18 el_before_av_blog2 avia-builder-el-first '><h2 class='av-special-heading-tag ' >Current tours<\/h2><div class=\"special-heading-border\"><div class=\"special-heading-inner-border\"><\/div><\/div><\/div>\n<div class='av-alb-blogposts template-blog av-blog-meta-html-info-disabled ' ><div class=\"custom-raster flex_column av_one_third flex_column_div av-zero-column-padding el_before_av_one_third first avia-builder-el-first\"><article style='cursor:pointer;' onclick=\"window.location='https:\/\/www.hike.ch\/en\/touren\/gefuehrte-schneeschuh-kurzwoche-im-stillen-val-muestair-und-s-charl-beim-nationalpark\/'\" class='post-entry post-entry-type-standard post-entry-2850 post-loop-1 post-parity-odd 111 post with-slider post-2850 touren type-touren status-publish has-post-thumbnail hentry category-schneeschuhtour category-winter' >\n \n <div style='position: relative;'>\n <img decoding=\"async\" width=\"640\" height=\"480\" loading=\"lazy\" style=\"width:100%\" src=\"https:\/\/www.hike.ch\/wp-content\/uploads\/2021\/01\/schneeschuhtour-val-muestair-3.jpg\" class=\"wp-image-2142 avia-img-lazy-loading-2142 attachment-post-thumbnail size-post-thumbnail wp-post-image\" alt=\"Schneeschuhtour Val M\u00fcstair\" srcset=\"https:\/\/www.hike.ch\/wp-content\/uploads\/2021\/01\/schneeschuhtour-val-muestair-3.jpg 640w, https:\/\/www.hike.ch\/wp-content\/uploads\/2021\/01\/schneeschuhtour-val-muestair-3-300x225.jpg 300w\" sizes=\"auto, (max-width: 640px) 100vw, 640px\" \/><small class='avia-copyright'>Markus Gl\u00e4ttli, www.hike.ch, info@hike.ch<\/small>\n <div style='position: absolute;bottom: 8px;left: 0;color: #000000;font-size: 12px;font-size: 0.75rem;line-height: 1.5;border-radius: 0 0.1875rem 0 0;overflow: hidden;display: -moz-flex;display: flex;flex-wrap: wrap;'>\n <div style=\"background-color:white;-moz-flex: 0 0 auto;flex: 0 0 auto;padding: 0.25rem 0.65rem;z-index: 1;\" class=\"grlist-item cat-28\">Schneeschuhtour<\/div><div style=\"background-color:white;border-left:1px solid grey;-moz-flex: 0 0 auto;flex: 0 0 auto;padding: 0.25rem 0.65rem;z-index: 1;\" class=\"grlist-item cat-25\">Winter<\/div>\n <\/div>\n <\/div>\n <div class='grtext' style='padding:0 20px;overflow:hidden;margin-top: 16px;'>\n <div class='publishdate' style='margin-bottom:10px;'>13. December 2022<\/div>\n \n<style type=\"text\/css\" data-created_by=\"avia_inline_auto\" id=\"style-css-av-av_heading-18eb84a5bcfb6578b60d21cca8f23786\">\n#top .av-special-heading.av-av_heading-18eb84a5bcfb6578b60d21cca8f23786{\nmargin:0 0 0 0;\npadding-bottom:10px;\n}\nbody .av-special-heading.av-av_heading-18eb84a5bcfb6578b60d21cca8f23786 .av-special-heading-tag .heading-char{\nfont-size:25px;\n}\n.av-special-heading.av-av_heading-18eb84a5bcfb6578b60d21cca8f23786 .av-subheading{\nfont-size:15px;\n}\n<\/style>\n<div id='519e1dafbe05d73fbe200d3d91340fcf' class='av-special-heading av-av_heading-18eb84a5bcfb6578b60d21cca8f23786 av-special-heading-h2 blockquote modern-quote avia-builder-el-0 el_before_av_one_half avia-builder-el-first '><h2 class='av-special-heading-tag ' >Gef\u00fchrte Schneeschuh-Kurzwoche im stillen Val M\u00fcstair und S-charl beim Nationalpark<\/h2><div class=\"special-heading-border\"><div class=\"special-heading-inner-border\"><\/div><\/div><\/div>\n <br>\n <a style='margin-top: 20px;' class='avia-button avia-icon_select-no avia-size-large avia-position-left avia-color-theme-color' href='https:\/\/www.hike.ch\/en\/touren\/gefuehrte-schneeschuh-kurzwoche-im-stillen-val-muestair-und-s-charl-beim-nationalpark\/'>Weiterlesen<\/a>\n <\/div>\n\n <div style='height:20px;margin-top:5px;'>\n <\/div>\n <\/article><\/div><div class=\"custom-raster flex_column av_one_third flex_column_div av-zero-column-padding el_before_av_one_third el_after_av_one_third\"><article style='cursor:pointer;' onclick=\"window.location='https:\/\/www.hike.ch\/en\/touren\/gefuehrte-ihre-firma-gruppe-abend-schneeschuhtour-mit-fondue-und-schokoladedegustation\/'\" class='post-entry post-entry-type-standard post-entry-2490 post-loop-2 post-parity-even post-entry-last 111 post with-slider post-2490 touren type-touren status-publish has-post-thumbnail hentry category-abendtour category-schneeschuhtour category-winter' >\n \n <div style='position: relative;'>\n <img decoding=\"async\" width=\"800\" height=\"600\" loading=\"lazy\" style=\"width:100%\" src=\"https:\/\/www.hike.ch\/wp-content\/uploads\/2021\/02\/hike-gefuehrte-Wanderungen-Schneeschuhtouren-E-Biketouren-Markus-Glaettli-abendtour-voll-mondschein-schneeschuhtour-8.jpg\" class=\"wp-image-1126 avia-img-lazy-loading-1126 attachment-post-thumbnail size-post-thumbnail wp-post-image\" alt=\"hike.ch - Ihr Spezialist und Profi f\u00fcr gef\u00fchrte Wanderungen, Schneeschuh- und E-Bike-Touren - Abendtour Mondschein Schneeschuhtour-8\" srcset=\"https:\/\/www.hike.ch\/wp-content\/uploads\/2021\/02\/hike-gefuehrte-Wanderungen-Schneeschuhtouren-E-Biketouren-Markus-Glaettli-abendtour-voll-mondschein-schneeschuhtour-8.jpg 800w, https:\/\/www.hike.ch\/wp-content\/uploads\/2021\/02\/hike-gefuehrte-Wanderungen-Schneeschuhtouren-E-Biketouren-Markus-Glaettli-abendtour-voll-mondschein-schneeschuhtour-8-300x225.jpg 300w, https:\/\/www.hike.ch\/wp-content\/uploads\/2021\/02\/hike-gefuehrte-Wanderungen-Schneeschuhtouren-E-Biketouren-Markus-Glaettli-abendtour-voll-mondschein-schneeschuhtour-8-768x576.jpg 768w, https:\/\/www.hike.ch\/wp-content\/uploads\/2021\/02\/hike-gefuehrte-Wanderungen-Schneeschuhtouren-E-Biketouren-Markus-Glaettli-abendtour-voll-mondschein-schneeschuhtour-8-705x529.jpg 705w\" sizes=\"auto, (max-width: 800px) 100vw, 800px\" \/>\n <div style='position: absolute;bottom: 8px;left: 0;color: #000000;font-size: 12px;font-size: 0.75rem;line-height: 1.5;border-radius: 0 0.1875rem 0 0;overflow: hidden;display: -moz-flex;display: flex;flex-wrap: wrap;'>\n <div style=\"background-color:white;-moz-flex: 0 0 auto;flex: 0 0 auto;padding: 0.25rem 0.65rem;z-index: 1;\" class=\"grlist-item cat-31\">Abendtour<\/div><div style=\"background-color:white;border-left:1px solid grey;-moz-flex: 0 0 auto;flex: 0 0 auto;padding: 0.25rem 0.65rem;z-index: 1;\" class=\"grlist-item cat-28\">Schneeschuhtour<\/div><div style=\"background-color:white;border-left:1px solid grey;-moz-flex: 0 0 auto;flex: 0 0 auto;padding: 0.25rem 0.65rem;z-index: 1;\" class=\"grlist-item cat-25\">Winter<\/div>\n <\/div>\n <\/div>\n <div class='grtext' style='padding:0 20px;overflow:hidden;margin-top: 16px;'>\n <div class='publishdate' style='margin-bottom:10px;'>08. February 2022<\/div>\n \n<style type=\"text\/css\" data-created_by=\"avia_inline_auto\" id=\"style-css-av-av_heading-36b9091438de2c66e2c0d9138bb46f84\">\n#top .av-special-heading.av-av_heading-36b9091438de2c66e2c0d9138bb46f84{\nmargin:0 0 0 0;\npadding-bottom:10px;\n}\nbody .av-special-heading.av-av_heading-36b9091438de2c66e2c0d9138bb46f84 .av-special-heading-tag .heading-char{\nfont-size:25px;\n}\n.av-special-heading.av-av_heading-36b9091438de2c66e2c0d9138bb46f84 .av-subheading{\nfont-size:15px;\n}\n<\/style>\n<div id='ba9459a42ae02374268908c8dd14bb24' class='av-special-heading av-av_heading-36b9091438de2c66e2c0d9138bb46f84 av-special-heading-h2 blockquote modern-quote avia-builder-el-0 el_before_av_one_half avia-builder-el-first '><h2 class='av-special-heading-tag ' >Gef\u00fchrte Abend-Schneeschuhtour mit Fondue und Schokoladedegustation<\/h2><div class=\"special-heading-border\"><div class=\"special-heading-inner-border\"><\/div><\/div><\/div>\n Das Tageslicht neigt sich langsam dem Ende, die D\u00e4mmerung bricht herein. Der Schnee knirscht unter unseren Schneeschuhen. Pl\u00f6tzlich stehen wir vor der H\u00fctte. Ein w\u00e4hrschaftes Fondue und .... <span>\n <svg style=\"height:8px\" data-name=\"long-arrow-right\" xmlns=\"http:\/\/www.w3.org\/2000\/svg\" viewBox=\"0 0 418 256\">\n <path d=\"M281,3.52,274,10.59a12,12,0,0,0,0,17L357.89,111H12A12,12,0,0,0,0,123v10a12,12,0,0,0,12,12H357.89L274,228.44a12,12,0,0,0,0,17l7.07,7.07a12,12,0,0,0,17,0l116.48-116a12,12,0,0,0,0-17L298,3.52A12,12,0,0,0,281,3.52Z\"><\/path>\n <\/svg>\n <\/span><br>\n <a style='margin-top: 20px;' class='avia-button avia-icon_select-no avia-size-large avia-position-left avia-color-theme-color' href='https:\/\/www.hike.ch\/en\/touren\/gefuehrte-ihre-firma-gruppe-abend-schneeschuhtour-mit-fondue-und-schokoladedegustation\/'>Weiterlesen<\/a>\n <\/div>\n\n <div style='height:20px;margin-top:5px;'>\n <\/div>\n <\/article><\/div><div class='111'><\/div><\/div>\n\n<div class='avia-button-wrap avia-button-center '>\n<style type=\"text\/css\" data-created_by=\"avia_inline_auto\" id=\"style-css-av-28yk7b-ea5ff078e7be5e64b280e302496f1c40\">\n#top #wrap_all .avia-button.av-28yk7b-ea5ff078e7be5e64b280e302496f1c40:hover{\ncolor:#ffffff;\ntransition:all 0.4s ease-in-out;\n}\n#top #wrap_all .avia-button.av-28yk7b-ea5ff078e7be5e64b280e302496f1c40:hover .avia-svg-icon svg:first-child{\nfill:#ffffff;\nstroke:#ffffff;\n}\n<\/style>\n<a href='https:\/\/www.hike.ch\/en\/tour-program\/' class='avia-color-theme-color avia-font-color-theme-color avia-button avia-button-fullwidth av-28yk7b-ea5ff078e7be5e64b280e302496f1c40 avia-icon_select-no avia-color-theme-color' aria-label=\"To all tours\"><span class='avia_iconbox_title' >To all tours<\/span><span class='avia_button_background avia-button avia-button-fullwidth avia-color-theme-color-highlight'><\/span><\/a><\/div>\n<\/div><\/div><\/div><!-- close content main div --><\/div><\/div>\n<style type=\"text\/css\" data-created_by=\"avia_inline_auto\" id=\"style-css-av-84wvk7-affd5b7a33ae920b1eca101cfd3ccb8c\">\n.avia-section.av-84wvk7-affd5b7a33ae920b1eca101cfd3ccb8c{\nbackground-color:#fcfcfc;\nbackground-image:unset;\n}\n<\/style>\n<div id='av_section_4' class='avia-section av-84wvk7-affd5b7a33ae920b1eca101cfd3ccb8c main_color avia-section-default avia-no-border-styling avia-bg-style-scroll container_wrap fullsize' ><div class='container av-section-cont-open' ><div class='template-page content av-content-full alpha units'><div class='post-entry post-entry-type-page post-entry-1767'><div class='entry-content-wrapper clearfix'>\n\n<style type=\"text\/css\" data-created_by=\"avia_inline_auto\" id=\"style-css-av-64os5z-e57b6a416a21833290ef381e95f760a4\">\n#top .av-special-heading.av-64os5z-e57b6a416a21833290ef381e95f760a4{\npadding-bottom:10px;\n}\nbody .av-special-heading.av-64os5z-e57b6a416a21833290ef381e95f760a4 .av-special-heading-tag .heading-char{\nfont-size:25px;\n}\n.av-special-heading.av-64os5z-e57b6a416a21833290ef381e95f760a4 .av-subheading{\nfont-size:15px;\n}\n<\/style>\n<div id='8d529fc0f62046f7235e1f8ffc4a31e3' class='av-special-heading av-64os5z-e57b6a416a21833290ef381e95f760a4 av-special-heading-h2 blockquote classic-quote'><h2 class='av-special-heading-tag ' >Satisfied costumers<\/h2><div class=\"special-heading-border\"><div class=\"special-heading-inner-border\"><\/div><\/div><\/div>\n\n<style type=\"text\/css\" data-created_by=\"avia_inline_auto\" id=\"style-css-av-4be693-e75701fa151de1611029651fb42c3e67\">\n#top .hr.hr-invisible.av-4be693-e75701fa151de1611029651fb42c3e67{\nheight:30px;\n}\n<\/style>\n<div class='hr av-4be693-e75701fa151de1611029651fb42c3e67 hr-invisible'><span class='hr-inner '><span class=\"hr-inner-style\"><\/span><\/span><\/div>\n<div class=\"grid\" id=\"gritcont1\"><div class=\"grid-item kundenstim cols3 text\"><b>3-Tages-Wanderung Greina (GR)<\/b><p style=\"padding: 0;font-style: italic;\">Wieder einmal war unsere Tour perfekt, sei es wetterm\u00e4ssig und organisatorisch. Danke.<\/p><small style=\"font-size: 90%;\"><b>Ulrich Liechti, H\u00f6ri<\/b>, Graub\u00fcnden, 24.08.2015<\/small><\/div><div class=\"grid-item kundenstim cols3 text\"><b>Neujahrs-Schneeschuhtour Tenna (GR)<\/b><p style=\"padding: 0;font-style: italic;\">Es war ein sch\u00f6ner und von dir in jeder Hinsicht sehr gut organisierter Tag!<\/p><small style=\"font-size: 90%;\"><b>Martin Biner, Langnau am Albis<\/b>, Graub\u00fcnden, 06.12.2017<\/small><\/div><div class=\"grid-item kundenstim cols3 text\"><b>Wanderreise Mallorca<\/b><p style=\"padding: 0;font-style: italic;\">Die Mallorca Wanderreise hat mir sehr gut gefallen. Ich f\u00fchle mich sehr gut und ausgeruht nach dieser Wanderreise. Deine ruhige Art und dein Lauftempo finde ich super, sehr erholsam in unserem hektischen Alltag.<\/p><small style=\"font-size: 90%;\"><b>Monika Bachmann, Embrach<\/b>, Spanien, 25.09.2016<\/small><\/div><div class=\"grid-item kundenstim cols3 text\"><b>Abend-Schneeschuhtour mit Fondue<\/b><p style=\"padding: 0;font-style: italic;\">Vielen herzlichen Dank noch einmal f\u00fcr die wirklich sch\u00f6ne Schneeschuhtour gestern. Das war ja ein rundum gelungener Nachmittag\/Abend mit lauter tollen Eindr\u00fccken. Dir viel Erfolg bei den n\u00e4chsten Touren und ich werde Dich bestimmt weiterempfehlen und selbst n\u00e4chstes Jahr schauen, was Du f\u00fcr Touren anbietest.<\/p><small style=\"font-size: 90%;\"><b>Regina Kolb, K\u00fcsnacht<\/b>, Schwyz, 16.11.2016<\/small><\/div><div class=\"grid-item kundenstim cols3 text\"><b>Tages-Wanderung Tomasee (GR)<\/b><p style=\"padding: 0;font-style: italic;\">Die Wanderung am Oberalbpass war ein Hit, so hat man einen Tag weniger Hitze gehabt.<\/p><small style=\"font-size: 90%;\"><b>Fran\u00e7oise Gilg, Z\u00fcrich<\/b>, Graub\u00fcnden, 13.12.2017<\/small><\/div><div class=\"grid-item kundenstim cols3 text\"><b>Spl\u00fcgen\/San Bernardino<\/b><p style=\"padding: 0;font-style: italic;\">Markus ist ein professioneller & seri\u00f6ser Wanderleiter. Er geht auf seine Teilnehmenden ein und verw\u00f6hnt sie beim Mittagsrast mit lokalen Spezialit\u00e4ten. Die 5t\u00e4gige Schneeschuh-Tour in und um Spl\u00fcgen GR war sowohl abwechslungs- als auch facettenreich und top organisiert! Wir sind heute tiefen-entspannt nach Hause zur\u00fcck gekehrt und werden uns noch lange an diese 5 sch\u00f6nen Wintertage zur\u00fcck erinnern. Merci, Markus!<\/p><small style=\"font-size: 90%;\"><b>Sarah Grossenbacher, Aarau<\/b>, Graub\u00fcnden, 27.08.2019<\/small><\/div><div class=\"grid-item kundenstim cols3 text\"><b>3-Tages-Wanderung Ritom (TI)<\/b><p style=\"padding: 0;font-style: italic;\">Vielen Dank f\u00fcr die Bilder. Die Wanderung war sehr sch\u00f6n, abwechslungsreich und die Aussichten bei dem sch\u00f6nen Wetter am Sonntag einmalig.<\/p><small style=\"font-size: 90%;\"><b>Beate, Z\u00fcrich<\/b>, Tessin, 20.08.2018<\/small><\/div><div class=\"grid-item kundenstim cols3 text\"><b>Tages-Wanderung Safran und Suonen (VS)<\/b><p style=\"padding: 0;font-style: italic;\">Unter der professionellen Lei-tung von Markus Gl\u00e4ttli macht das Wandern einfach Spass. Kein Stress in der Vorbereitung, es ist alles bestens organisiert und im Vorfeld versendet er eine sinnvolle Packliste und die Wetterprognosen. W\u00e4hrend der Wanderung konnten wir von seiner ortskundigen Erfahrung profitieren und seinen lokalen Geschichten lauschen. Es war ein toller Tag, ich empfehle Markus Gl\u00e4ttli gerne weiter. F\u00fcr stressfreies Wandern ist www.hike.ch ein muss!<\/p><small style=\"font-size: 90%;\"><b>Markus Holdener (auf Tripadvisor)<\/b>, Wallis, 10.03.2016<\/small><\/div><div class=\"grid-item kundenstim cols3 text\"><b>4-Tages-Europawegwanderung (VS)<\/b><p style=\"padding: 0;font-style: italic;\">Ich m\u00f6chte dir im Nachhinein ganz herzlich danken f\u00fcr die tolle Wanderung auf dem Europaweg. Die Zusammensetzung der Gruppe hat unter deiner Leitung gut harmoniert und der Wettergott hat es auch gut mit uns gemeint.<\/p><small style=\"font-size: 90%;\"><b>Annemarie Suter, Wallisellen<\/b>, Wallis, 11.04.2016<\/small><\/div><div class=\"grid-item kundenstim cols3 text\"><b>4-Tages-Schneeschuhtour Val M\u00fcstair (GR)<\/b><p style=\"padding: 0;font-style: italic;\">Herzlichen Dank f\u00fcr deine Val M\u00fcstair karte. Es war wirklich traumhaft. Gute touren - Gute Unterkunft - Gute Crew - viel Heiterkeit und ein super Captain. Merci.<\/p><small style=\"font-size: 90%;\"><b>Ulrich Liechti, H\u00f6ri<\/b>, Graub\u00fcnden, 03.03.2016<\/small><\/div><\/div>\r\n <script>\r\n jQuery(function() {\r\n var allItems = jQuery('#gritcont1').find('.grid-item div > img');\r\n allItems.each(function(index) {\r\n jQuery(this).css('opacity', '1');\r\n });\r\n\r\n jQuery('#gritcont1').imagesLoaded(function () {\r\n jQuery('#gritcont1').masonry({\r\n itemSelector: '.grid-item',\r\n percentPosition: true\r\n });\r\n });\r\n });\r\n <\/script>\n<div id='av-masonry-1' class='av-masonry av-14mytq-60814cfcc02624b472ba9ded9f8302a1 noHover av-fixed-size av-large-gap av-hover-overlay-active av-masonry-animation-active av-masonry-col-6 av-caption-always av-caption-style- av-masonry-gallery ' data-post_id=\"2490\"><div class=\"av-masonry-container isotope av-js-disabled\"><div class='av-masonry-entry isotope-item av-masonry-item-no-image '><\/div><a href=\"https:\/\/www.hike.ch\/wp-content\/uploads\/2021\/02\/hike-gefuehrte-Wanderungen-Schneeschuhtouren-E-Biketouren-Markus-Glaettli-Schoenberg_FL_schneeschuhtour-toggenburg-gampluet-5.jpg\" data-srcset=\"https:\/\/www.hike.ch\/wp-content\/uploads\/2021\/02\/hike-gefuehrte-Wanderungen-Schneeschuhtouren-E-Biketouren-Markus-Glaettli-Schoenberg_FL_schneeschuhtour-toggenburg-gampluet-5.jpg 800w, https:\/\/www.hike.ch\/wp-content\/uploads\/2021\/02\/hike-gefuehrte-Wanderungen-Schneeschuhtouren-E-Biketouren-Markus-Glaettli-Schoenberg_FL_schneeschuhtour-toggenburg-gampluet-5-300x225.jpg 300w, https:\/\/www.hike.ch\/wp-content\/uploads\/2021\/02\/hike-gefuehrte-Wanderungen-Schneeschuhtouren-E-Biketouren-Markus-Glaettli-Schoenberg_FL_schneeschuhtour-toggenburg-gampluet-5-768x576.jpg 768w, https:\/\/www.hike.ch\/wp-content\/uploads\/2021\/02\/hike-gefuehrte-Wanderungen-Schneeschuhtouren-E-Biketouren-Markus-Glaettli-Schoenberg_FL_schneeschuhtour-toggenburg-gampluet-5-705x529.jpg 705w\" data-sizes=\"(max-width: 800px) 100vw, 800px\" aria-label=\"image hike-gefuehrte-Wanderungen-Schneeschuhtouren-E-Biketouren-Markus-Glaettli-Sch\u00f6nberg_FL_schneeschuhtour-toggenburg-gampluet-5\" id='av-masonry-1-item-1370' data-av-masonry-item='1370' class='av-masonry-entry isotope-item post-1370 attachment type-attachment status-inherit hentry av-masonry-item-with-image' title=\"hike-gefuehrte-Wanderungen-Schneeschuhtouren-E-Biketouren-Markus-Glaettli-Sch\u00f6nberg_FL_schneeschuhtour-toggenburg-gampluet-5\" alt=\"\" ><div class='av-inner-masonry-sizer'><\/div><figure class='av-inner-masonry main_color'><div class=\"av-masonry-outerimage-container\"><div class='av-masonry-image-container' style=\"background-image: url(https:\/\/www.hike.ch\/wp-content\/uploads\/2021\/02\/hike-gefuehrte-Wanderungen-Schneeschuhtouren-E-Biketouren-Markus-Glaettli-Schoenberg_FL_schneeschuhtour-toggenburg-gampluet-5-705x529.jpg);\" title=\"hike-gefuehrte-Wanderungen-Schneeschuhtouren-E-Biketouren-Markus-Glaettli-Sch\u00f6nberg_FL_schneeschuhtour-toggenburg-gampluet-5\" ><\/div><\/div><\/figure><\/a><!--end av-masonry entry--><a href=\"https:\/\/www.hike.ch\/wp-content\/uploads\/2021\/02\/hike-gefuehrte-Wanderungen-Schneeschuhtouren-E-Biketouren-Markus-Glaettli-schneeschuhtour-arosa-maran-1.jpg\" data-srcset=\"https:\/\/www.hike.ch\/wp-content\/uploads\/2021\/02\/hike-gefuehrte-Wanderungen-Schneeschuhtouren-E-Biketouren-Markus-Glaettli-schneeschuhtour-arosa-maran-1.jpg 800w, https:\/\/www.hike.ch\/wp-content\/uploads\/2021\/02\/hike-gefuehrte-Wanderungen-Schneeschuhtouren-E-Biketouren-Markus-Glaettli-schneeschuhtour-arosa-maran-1-300x225.jpg 300w, https:\/\/www.hike.ch\/wp-content\/uploads\/2021\/02\/hike-gefuehrte-Wanderungen-Schneeschuhtouren-E-Biketouren-Markus-Glaettli-schneeschuhtour-arosa-maran-1-768x576.jpg 768w, https:\/\/www.hike.ch\/wp-content\/uploads\/2021\/02\/hike-gefuehrte-Wanderungen-Schneeschuhtouren-E-Biketouren-Markus-Glaettli-schneeschuhtour-arosa-maran-1-705x529.jpg 705w\" data-sizes=\"(max-width: 800px) 100vw, 800px\" aria-label=\"image hike-gefuehrte-Wanderungen-Schneeschuhtouren-E-Biketouren-Markus-Glaettli-schneeschuhtour-arosa-maran-1\" id='av-masonry-1-item-1323' data-av-masonry-item='1323' class='av-masonry-entry isotope-item post-1323 attachment type-attachment status-inherit hentry av-masonry-item-with-image' title=\"hike-gefuehrte-Wanderungen-Schneeschuhtouren-E-Biketouren-Markus-Glaettli-schneeschuhtour-arosa-maran-1\" alt=\"hike.ch - Ihr Spezialist und Profi f\u00fcr gef\u00fchrte Wanderungen, Schneeschuh- und E-Bike-Touren - Schneeschuhtour Schneeschuhtour im Alptal\" ><div class='av-inner-masonry-sizer'><\/div><figure class='av-inner-masonry main_color'><div class=\"av-masonry-outerimage-container\"><div class='av-masonry-image-container' style=\"background-image: url(https:\/\/www.hike.ch\/wp-content\/uploads\/2021\/02\/hike-gefuehrte-Wanderungen-Schneeschuhtouren-E-Biketouren-Markus-Glaettli-schneeschuhtour-arosa-maran-1-705x529.jpg);\" title=\"hike-gefuehrte-Wanderungen-Schneeschuhtouren-E-Biketouren-Markus-Glaettli-schneeschuhtour-arosa-maran-1\" ><\/div><\/div><\/figure><\/a><!--end av-masonry entry--><a href=\"https:\/\/www.hike.ch\/wp-content\/uploads\/2021\/02\/hike-gefuehrte-Wanderungen-Schneeschuhtouren-E-Biketouren-Markus-Glaettli-wanderungen-val-muestair-muenstertal-8.jpg\" data-srcset=\"https:\/\/www.hike.ch\/wp-content\/uploads\/2021\/02\/hike-gefuehrte-Wanderungen-Schneeschuhtouren-E-Biketouren-Markus-Glaettli-wanderungen-val-muestair-muenstertal-8.jpg 800w, https:\/\/www.hike.ch\/wp-content\/uploads\/2021\/02\/hike-gefuehrte-Wanderungen-Schneeschuhtouren-E-Biketouren-Markus-Glaettli-wanderungen-val-muestair-muenstertal-8-300x225.jpg 300w, https:\/\/www.hike.ch\/wp-content\/uploads\/2021\/02\/hike-gefuehrte-Wanderungen-Schneeschuhtouren-E-Biketouren-Markus-Glaettli-wanderungen-val-muestair-muenstertal-8-768x576.jpg 768w, https:\/\/www.hike.ch\/wp-content\/uploads\/2021\/02\/hike-gefuehrte-Wanderungen-Schneeschuhtouren-E-Biketouren-Markus-Glaettli-wanderungen-val-muestair-muenstertal-8-705x529.jpg 705w\" data-sizes=\"(max-width: 800px) 100vw, 800px\" aria-label=\"image hike-gefuehrte-Wanderungen-Schneeschuhtouren-E-Biketouren-Markus-Glaettli-wanderungen-val-muestair-muenstertal-8\" id='av-masonry-1-item-1084' data-av-masonry-item='1084' class='av-masonry-entry isotope-item post-1084 attachment type-attachment status-inherit hentry av-masonry-item-with-image' title=\"hike-gefuehrte-Wanderungen-Schneeschuhtouren-E-Biketouren-Markus-Glaettli-wanderungen-val-muestair-muenstertal-8\" alt=\"\" ><div class='av-inner-masonry-sizer'><\/div><figure class='av-inner-masonry main_color'><div class=\"av-masonry-outerimage-container\"><div class='av-masonry-image-container' style=\"background-image: url(https:\/\/www.hike.ch\/wp-content\/uploads\/2021\/02\/hike-gefuehrte-Wanderungen-Schneeschuhtouren-E-Biketouren-Markus-Glaettli-wanderungen-val-muestair-muenstertal-8-705x529.jpg);\" title=\"hike-gefuehrte-Wanderungen-Schneeschuhtouren-E-Biketouren-Markus-Glaettli-wanderungen-val-muestair-muenstertal-8\" ><\/div><\/div><\/figure><\/a><!--end av-masonry entry--><a href=\"https:\/\/www.hike.ch\/wp-content\/uploads\/2021\/02\/hike-gefuehrte-Wanderungen-Schneeschuhtouren-E-Biketouren-Markus-Glaettli-wanderung-greina-5.jpg\" data-srcset=\"https:\/\/www.hike.ch\/wp-content\/uploads\/2021\/02\/hike-gefuehrte-Wanderungen-Schneeschuhtouren-E-Biketouren-Markus-Glaettli-wanderung-greina-5.jpg 800w, https:\/\/www.hike.ch\/wp-content\/uploads\/2021\/02\/hike-gefuehrte-Wanderungen-Schneeschuhtouren-E-Biketouren-Markus-Glaettli-wanderung-greina-5-300x225.jpg 300w, https:\/\/www.hike.ch\/wp-content\/uploads\/2021\/02\/hike-gefuehrte-Wanderungen-Schneeschuhtouren-E-Biketouren-Markus-Glaettli-wanderung-greina-5-768x576.jpg 768w, https:\/\/www.hike.ch\/wp-content\/uploads\/2021\/02\/hike-gefuehrte-Wanderungen-Schneeschuhtouren-E-Biketouren-Markus-Glaettli-wanderung-greina-5-705x529.jpg 705w\" data-sizes=\"(max-width: 800px) 100vw, 800px\" aria-label=\"image hike-gefuehrte-Wanderungen-Schneeschuhtouren-E-Biketouren-Markus-Glaettli-wanderung-greina-5\" id='av-masonry-1-item-1100' data-av-masonry-item='1100' class='av-masonry-entry isotope-item post-1100 attachment type-attachment status-inherit hentry av-masonry-item-with-image' title=\"hike-gefuehrte-Wanderungen-Schneeschuhtouren-E-Biketouren-Markus-Glaettli-wanderung-greina-5\" alt=\"\" ><div class='av-inner-masonry-sizer'><\/div><figure class='av-inner-masonry main_color'><div class=\"av-masonry-outerimage-container\"><div class='av-masonry-image-container' style=\"background-image: url(https:\/\/www.hike.ch\/wp-content\/uploads\/2021\/02\/hike-gefuehrte-Wanderungen-Schneeschuhtouren-E-Biketouren-Markus-Glaettli-wanderung-greina-5-705x529.jpg);\" title=\"hike-gefuehrte-Wanderungen-Schneeschuhtouren-E-Biketouren-Markus-Glaettli-wanderung-greina-5\" ><\/div><\/div><\/figure><\/a><!--end av-masonry entry--><a href=\"https:\/\/www.hike.ch\/wp-content\/uploads\/2021\/02\/hike-gefuehrte-Wanderungen-Schneeschuhtouren-E-Biketouren-Markus-Glaettli-abendwanderung-3.jpg\" data-srcset=\"https:\/\/www.hike.ch\/wp-content\/uploads\/2021\/02\/hike-gefuehrte-Wanderungen-Schneeschuhtouren-E-Biketouren-Markus-Glaettli-abendwanderung-3.jpg 800w, https:\/\/www.hike.ch\/wp-content\/uploads\/2021\/02\/hike-gefuehrte-Wanderungen-Schneeschuhtouren-E-Biketouren-Markus-Glaettli-abendwanderung-3-300x225.jpg 300w, https:\/\/www.hike.ch\/wp-content\/uploads\/2021\/02\/hike-gefuehrte-Wanderungen-Schneeschuhtouren-E-Biketouren-Markus-Glaettli-abendwanderung-3-768x576.jpg 768w, https:\/\/www.hike.ch\/wp-content\/uploads\/2021\/02\/hike-gefuehrte-Wanderungen-Schneeschuhtouren-E-Biketouren-Markus-Glaettli-abendwanderung-3-705x529.jpg 705w\" data-sizes=\"(max-width: 800px) 100vw, 800px\" aria-label=\"image hike-gefuehrte-Wanderungen-Schneeschuhtouren-E-Biketouren-Markus-Glaettli-abendwanderung-3\" id='av-masonry-1-item-1134' data-av-masonry-item='1134' class='av-masonry-entry isotope-item post-1134 attachment type-attachment status-inherit hentry av-masonry-item-with-image' title=\"hike-gefuehrte-Wanderungen-Schneeschuhtouren-E-Biketouren-Markus-Glaettli-abendwanderung-3\" alt=\"\" ><div class='av-inner-masonry-sizer'><\/div><figure class='av-inner-masonry main_color'><div class=\"av-masonry-outerimage-container\"><div class='av-masonry-image-container' style=\"background-image: url(https:\/\/www.hike.ch\/wp-content\/uploads\/2021\/02\/hike-gefuehrte-Wanderungen-Schneeschuhtouren-E-Biketouren-Markus-Glaettli-abendwanderung-3-705x529.jpg);\" title=\"hike-gefuehrte-Wanderungen-Schneeschuhtouren-E-Biketouren-Markus-Glaettli-abendwanderung-3\" ><\/div><\/div><\/figure><\/a><!--end av-masonry entry--><a href=\"https:\/\/www.hike.ch\/wp-content\/uploads\/2021\/02\/hike-gefuehrte-Wanderungen-Schneeschuhtouren-E-Biketouren-Markus-Glaettli-schneeschuhtour-stoos-10.jpg\" data-srcset=\"https:\/\/www.hike.ch\/wp-content\/uploads\/2021\/02\/hike-gefuehrte-Wanderungen-Schneeschuhtouren-E-Biketouren-Markus-Glaettli-schneeschuhtour-stoos-10.jpg 800w, https:\/\/www.hike.ch\/wp-content\/uploads\/2021\/02\/hike-gefuehrte-Wanderungen-Schneeschuhtouren-E-Biketouren-Markus-Glaettli-schneeschuhtour-stoos-10-300x225.jpg 300w, https:\/\/www.hike.ch\/wp-content\/uploads\/2021\/02\/hike-gefuehrte-Wanderungen-Schneeschuhtouren-E-Biketouren-Markus-Glaettli-schneeschuhtour-stoos-10-768x576.jpg 768w, https:\/\/www.hike.ch\/wp-content\/uploads\/2021\/02\/hike-gefuehrte-Wanderungen-Schneeschuhtouren-E-Biketouren-Markus-Glaettli-schneeschuhtour-stoos-10-705x529.jpg 705w\" data-sizes=\"(max-width: 800px) 100vw, 800px\" aria-label=\"image hike-gefuehrte-Wanderungen-Schneeschuhtouren-E-Biketouren-Markus-Glaettli-schneeschuhtour-stoos-10\" id='av-masonry-1-item-1258' data-av-masonry-item='1258' class='av-masonry-entry isotope-item post-1258 attachment type-attachment status-inherit hentry av-masonry-item-with-image' title=\"hike-gefuehrte-Wanderungen-Schneeschuhtouren-E-Biketouren-Markus-Glaettli-schneeschuhtour-stoos-10\" alt=\"\" ><div class='av-inner-masonry-sizer'><\/div><figure class='av-inner-masonry main_color'><div class=\"av-masonry-outerimage-container\"><div class='av-masonry-image-container' style=\"background-image: url(https:\/\/www.hike.ch\/wp-content\/uploads\/2021\/02\/hike-gefuehrte-Wanderungen-Schneeschuhtouren-E-Biketouren-Markus-Glaettli-schneeschuhtour-stoos-10-705x529.jpg);\" title=\"hike-gefuehrte-Wanderungen-Schneeschuhtouren-E-Biketouren-Markus-Glaettli-schneeschuhtour-stoos-10\" ><\/div><\/div><\/figure><\/a><!--end av-masonry entry--><\/div><\/div><\/p>\n","protected":false},"excerpt":{"rendered":"","protected":false},"author":6,"featured_media":0,"parent":0,"menu_order":0,"comment_status":"closed","ping_status":"closed","template":"","meta":{"_acf_changed":false,"footnotes":""},"class_list":["post-1767","page","type-page","status-publish","hentry"],"acf":[],"yoast_head":"<!-- This site is optimized with the Yoast SEO plugin v27.1.1 - https:\/\/yoast.com\/product\/yoast-seo-wordpress\/ -->\n<title>Press - Hike<\/title>\n<meta name=\"description\" content=\"What the media reports about hike.ch\" \/>\n<meta name=\"robots\" content=\"index, follow, max-snippet:-1, max-image-preview:large, max-video-preview:-1\" \/>\n<link rel=\"canonical\" href=\"https:\/\/www.hike.ch\/en\/press\/\" \/>\n<meta property=\"og:locale\" content=\"en_US\" \/>\n<meta property=\"og:type\" content=\"article\" \/>\n<meta property=\"og:title\" content=\"Press - Hike\" \/>\n<meta property=\"og:description\" content=\"What the media reports about hike.ch\" \/>\n<meta property=\"og:url\" content=\"https:\/\/www.hike.ch\/en\/press\/\" \/>\n<meta property=\"og:site_name\" content=\"Hike\" \/>\n<meta property=\"article:modified_time\" content=\"2021-05-07T13:00:20+00:00\" \/>\n<meta name=\"twitter:card\" content=\"summary_large_image\" \/>\n<meta name=\"twitter:label1\" content=\"Est. reading time\" \/>\n\t<meta name=\"twitter:data1\" content=\"4 minutes\" \/>\n<script type=\"application\/ld+json\" class=\"yoast-schema-graph\">{\"@context\":\"https:\/\/schema.org\",\"@graph\":[{\"@type\":\"WebPage\",\"@id\":\"https:\/\/www.hike.ch\/en\/press\/\",\"url\":\"https:\/\/www.hike.ch\/en\/press\/\",\"name\":\"Press - Hike\",\"isPartOf\":{\"@id\":\"https:\/\/www.hike.ch\/en\/#website\"},\"datePublished\":\"2021-04-13T09:21:05+00:00\",\"dateModified\":\"2021-05-07T13:00:20+00:00\",\"description\":\"What the media reports about hike.ch\",\"breadcrumb\":{\"@id\":\"https:\/\/www.hike.ch\/en\/press\/#breadcrumb\"},\"inLanguage\":\"en-US\",\"potentialAction\":[{\"@type\":\"ReadAction\",\"target\":[\"https:\/\/www.hike.ch\/en\/press\/\"]}]},{\"@type\":\"BreadcrumbList\",\"@id\":\"https:\/\/www.hike.ch\/en\/press\/#breadcrumb\",\"itemListElement\":[{\"@type\":\"ListItem\",\"position\":1,\"name\":\"Home\",\"item\":\"https:\/\/www.hike.ch\/en\/hike\/\"},{\"@type\":\"ListItem\",\"position\":2,\"name\":\"Press\"}]},{\"@type\":\"WebSite\",\"@id\":\"https:\/\/www.hike.ch\/en\/#website\",\"url\":\"https:\/\/www.hike.ch\/en\/\",\"name\":\"Hike\",\"description\":\"\",\"potentialAction\":[{\"@type\":\"SearchAction\",\"target\":{\"@type\":\"EntryPoint\",\"urlTemplate\":\"https:\/\/www.hike.ch\/en\/?s={search_term_string}\"},\"query-input\":{\"@type\":\"PropertyValueSpecification\",\"valueRequired\":true,\"valueName\":\"search_term_string\"}}],\"inLanguage\":\"en-US\"}]}<\/script>\n<!-- \/ Yoast SEO plugin. -->","yoast_head_json":{"title":"Press - Hike","description":"What the media reports about hike.ch","robots":{"index":"index","follow":"follow","max-snippet":"max-snippet:-1","max-image-preview":"max-image-preview:large","max-video-preview":"max-video-preview:-1"},"canonical":"https:\/\/www.hike.ch\/en\/press\/","og_locale":"en_US","og_type":"article","og_title":"Press - Hike","og_description":"What the media reports about hike.ch","og_url":"https:\/\/www.hike.ch\/en\/press\/","og_site_name":"Hike","article_modified_time":"2021-05-07T13:00:20+00:00","twitter_card":"summary_large_image","twitter_misc":{"Est. reading time":"4 minutes"},"schema":{"@context":"https:\/\/schema.org","@graph":[{"@type":"WebPage","@id":"https:\/\/www.hike.ch\/en\/press\/","url":"https:\/\/www.hike.ch\/en\/press\/","name":"Press - Hike","isPartOf":{"@id":"https:\/\/www.hike.ch\/en\/#website"},"datePublished":"2021-04-13T09:21:05+00:00","dateModified":"2021-05-07T13:00:20+00:00","description":"What the media reports about hike.ch","breadcrumb":{"@id":"https:\/\/www.hike.ch\/en\/press\/#breadcrumb"},"inLanguage":"en-US","potentialAction":[{"@type":"ReadAction","target":["https:\/\/www.hike.ch\/en\/press\/"]}]},{"@type":"BreadcrumbList","@id":"https:\/\/www.hike.ch\/en\/press\/#breadcrumb","itemListElement":[{"@type":"ListItem","position":1,"name":"Home","item":"https:\/\/www.hike.ch\/en\/hike\/"},{"@type":"ListItem","position":2,"name":"Press"}]},{"@type":"WebSite","@id":"https:\/\/www.hike.ch\/en\/#website","url":"https:\/\/www.hike.ch\/en\/","name":"Hike","description":"","potentialAction":[{"@type":"SearchAction","target":{"@type":"EntryPoint","urlTemplate":"https:\/\/www.hike.ch\/en\/?s={search_term_string}"},"query-input":{"@type":"PropertyValueSpecification","valueRequired":true,"valueName":"search_term_string"}}],"inLanguage":"en-US"}]}},"_links":{"self":[{"href":"https:\/\/www.hike.ch\/en\/wp-json\/wp\/v2\/pages\/1767","targetHints":{"allow":["GET"]}}],"collection":[{"href":"https:\/\/www.hike.ch\/en\/wp-json\/wp\/v2\/pages"}],"about":[{"href":"https:\/\/www.hike.ch\/en\/wp-json\/wp\/v2\/types\/page"}],"author":[{"embeddable":true,"href":"https:\/\/www.hike.ch\/en\/wp-json\/wp\/v2\/users\/6"}],"replies":[{"embeddable":true,"href":"https:\/\/www.hike.ch\/en\/wp-json\/wp\/v2\/comments?post=1767"}],"version-history":[{"count":11,"href":"https:\/\/www.hike.ch\/en\/wp-json\/wp\/v2\/pages\/1767\/revisions"}],"predecessor-version":[{"id":2109,"href":"https:\/\/www.hike.ch\/en\/wp-json\/wp\/v2\/pages\/1767\/revisions\/2109"}],"wp:attachment":[{"href":"https:\/\/www.hike.ch\/en\/wp-json\/wp\/v2\/media?parent=1767"}],"curies":[{"name":"wp","href":"https:\/\/api.w.org\/{rel}","templated":true}]}}